{"id":22829,"date":"2024-08-31T19:47:53","date_gmt":"2024-08-31T22:47:53","guid":{"rendered":"https:\/\/www.sannicolasdemyra.cl\/web\/?page_id=22829"},"modified":"2025-02-27T13:52:33","modified_gmt":"2025-02-27T16:52:33","slug":"deportes-y-talleres","status":"publish","type":"page","link":"https:\/\/www.sannicolasdemyra.cl\/web\/nuestro-colegio\/deportes\/deportes-y-talleres\/","title":{"rendered":"DEPORTES Y TALLERES"},"content":{"rendered":"\t<div id=\"gap-315176286\" class=\"gap-element clearfix\" style=\"display:block; height:auto;\">\n\t\t\n<style>\n#gap-315176286 {\n  padding-top: 7px;\n}\n<\/style>\n\t<\/div>\n\t\n<div class=\"row\"  id=\"row-370449866\">\n\n\t<div id=\"col-912008211\" class=\"col medium-8 small-12 large-8\"  >\n\t\t\t\t<div class=\"col-inner text-left\"  >\n\t\t\t\n\t<div class=\"is-border\"\n\t\tstyle=\"border-width:0px 0px 0px 0px;\">\n\t<\/div>\n\t\t\t\n\t<div id=\"text-3789654647\" class=\"text\">\n\t\t\n<h1 class=\"uppercase\" style=\"margin-bottom: 0px; text-align: left;\"><span style=\"font-size: 150%;\">deportes y talleres<\/span><\/h1>\n<h2><span style=\"font-size: 75%;\">El deporte es sin\u00f3nimo de aprendizaje, alegr\u00eda y bienestar. Creemos que un alumno activo no solo mejora su rendimiento acad\u00e9mico, sino que tambi\u00e9n desarrolla habilidades esenciales para la vida.<\/span><\/h2>\n\t\t\n<style>\n#text-3789654647 {\n  text-align: left;\n}\n<\/style>\n\t<\/div>\n\t\n\t<div class=\"img has-hover x md-x lg-x y md-y lg-y\" id=\"image_1949378659\">\n\t\t\t\t\t\t\t\t<div class=\"img-inner dark\" >\n\t\t\t<img loading=\"lazy\" decoding=\"async\" width=\"1200\" height=\"810\" src=\"https:\/\/www.sannicolasdemyra.cl\/web\/wp-content\/uploads\/futbol-femenino.jpg\" class=\"attachment-original size-original\" alt=\"futbol femenino\" srcset=\"https:\/\/www.sannicolasdemyra.cl\/web\/wp-content\/uploads\/futbol-femenino.jpg 1200w, https:\/\/www.sannicolasdemyra.cl\/web\/wp-content\/uploads\/futbol-femenino-300x203.jpg 300w, https:\/\/www.sannicolasdemyra.cl\/web\/wp-content\/uploads\/futbol-femenino-1024x691.jpg 1024w, https:\/\/www.sannicolasdemyra.cl\/web\/wp-content\/uploads\/futbol-femenino-768x518.jpg 768w\" sizes=\"auto, (max-width: 1200px) 100vw, 1200px\" \/>\t\t\t\t\t\t\n\t\t\t\t\t<\/div>\n\t\t\t\t\t\t\t\t\n<style>\n#image_1949378659 {\n  width: 100%;\n}\n<\/style>\n\t<\/div>\n\t\n\t<div id=\"text-1918287782\" class=\"text\">\n\t\t\n<p>Por eso, nuestros <em>Sports &amp; Academies<\/em> juegan un papel fundamental en nuestra propuesta educativa, ofreciendo una amplia gama de actividades para todos los niveles. Desde Prek\u00ednder, los estudiantes disfrutan de deportes como gimnasia art\u00edstica, f\u00fatbol, v\u00f3leibol, tenis, b\u00e1squetbol, atletismo y yoga, entre otros. Comenzamos con un enfoque participativo en los cursos menores, para que todos disfruten del deporte, y aumentamos la intensidad y la competitividad en los niveles superiores.<\/p>\n<p>Las competencias amistosas y el esfuerzo conjunto permiten a nuestros alumnos superar desaf\u00edos, construir amistades y celebrar logros colectivos.<\/p>\n<p>Adem\u00e1s, contamos con actividades especiales que se integran a la rutina escolar: en 4\u00ba b\u00e1sico, los estudiantes practican nataci\u00f3n durante todo el a\u00f1o en la piscina del Club Deportivo Universidad Cat\u00f3lica (CDUC), mientras que los de 2\u00b0 b\u00e1sico realizan atletismo y los de 3\u00b0 b\u00e1sico asisten a clases de tenis. Los alumnos m\u00e1s peque\u00f1os, en 1\u00ba y 2\u00ba b\u00e1sico, se preparan para el D\u00eda de Rodados con sus bicicletas, culminando en una cicletada en 3\u00ba b\u00e1sico.<\/p>\n\t\t\n<style>\n#text-1918287782 {\n  text-align: left;\n}\n<\/style>\n\t<\/div>\n\t\n\n  \n    <div class=\"row  lightbox-multi-gallery large-columns-2 medium-columns- small-columns- slider row-slider slider-nav-simple slider-nav-light slider-nav-push\"  data-flickity-options='{&quot;imagesLoaded&quot;: true, &quot;groupCells&quot;: &quot;100%&quot;, &quot;dragThreshold&quot; : 5, &quot;cellAlign&quot;: &quot;left&quot;,&quot;wrapAround&quot;: true,&quot;prevNextButtons&quot;: true,&quot;percentPosition&quot;: true,&quot;pageDots&quot;: false, &quot;rightToLeft&quot;: false, &quot;autoPlay&quot; : 3000}' >\n\n  <div class=\"gallery-col col\" >\n          <div class=\"col-inner\">\n            <a class=\"\" href=\"https:\/\/www.sannicolasdemyra.cl\/web\/wp-content\/uploads\/Deportes-y-Talleres-Karate-1-1024x576.jpg\" title=\"Taller de Karate\">            <div class=\"box has-hover gallery-box box-normal\">\n              <div class=\"box-image\" >\n                <img loading=\"lazy\" decoding=\"async\" width=\"300\" height=\"169\" src=\"https:\/\/www.sannicolasdemyra.cl\/web\/wp-content\/uploads\/Deportes-y-Talleres-Karate-1-300x169.jpg\" class=\"attachment-medium size-medium\" alt=\"\" ids=\"22871,22872,22873,22874,22875,22876,22877,22878,22879,22880,22881\" style=\"normal\" type=\"slider\" columns=\"2\" slider_nav_style=\"simple\" slider_nav_color=\"light\" auto_slide=\"3000\" text_size=\"small\" srcset=\"https:\/\/www.sannicolasdemyra.cl\/web\/wp-content\/uploads\/Deportes-y-Talleres-Karate-1-300x169.jpg 300w, https:\/\/www.sannicolasdemyra.cl\/web\/wp-content\/uploads\/Deportes-y-Talleres-Karate-1-1024x576.jpg 1024w, https:\/\/www.sannicolasdemyra.cl\/web\/wp-content\/uploads\/Deportes-y-Talleres-Karate-1-768x432.jpg 768w, https:\/\/www.sannicolasdemyra.cl\/web\/wp-content\/uploads\/Deportes-y-Talleres-Karate-1-1536x864.jpg 1536w, https:\/\/www.sannicolasdemyra.cl\/web\/wp-content\/uploads\/Deportes-y-Talleres-Karate-1.jpg 1600w\" sizes=\"auto, (max-width: 300px) 100vw, 300px\" \/>                                                              <\/div>\n              <div class=\"box-text text-left is-small\" >\n                 <p>Taller de Karate<\/p>\n              <\/div>\n            <\/div>\n            <\/a>          <\/div>\n         <\/div><div class=\"gallery-col col\" >\n          <div class=\"col-inner\">\n            <a class=\"\" href=\"https:\/\/www.sannicolasdemyra.cl\/web\/wp-content\/uploads\/Deportes-y-Talleres-Ski-1-1024x576.jpg\" title=\"Rama Ski\">            <div class=\"box has-hover gallery-box box-normal\">\n              <div class=\"box-image\" >\n                <img loading=\"lazy\" decoding=\"async\" width=\"300\" height=\"169\" src=\"https:\/\/www.sannicolasdemyra.cl\/web\/wp-content\/uploads\/Deportes-y-Talleres-Ski-1-300x169.jpg\" class=\"attachment-medium size-medium\" alt=\"\" ids=\"22871,22872,22873,22874,22875,22876,22877,22878,22879,22880,22881\" style=\"normal\" type=\"slider\" columns=\"2\" slider_nav_style=\"simple\" slider_nav_color=\"light\" auto_slide=\"3000\" text_size=\"small\" srcset=\"https:\/\/www.sannicolasdemyra.cl\/web\/wp-content\/uploads\/Deportes-y-Talleres-Ski-1-300x169.jpg 300w, https:\/\/www.sannicolasdemyra.cl\/web\/wp-content\/uploads\/Deportes-y-Talleres-Ski-1-1024x576.jpg 1024w, https:\/\/www.sannicolasdemyra.cl\/web\/wp-content\/uploads\/Deportes-y-Talleres-Ski-1-768x432.jpg 768w, https:\/\/www.sannicolasdemyra.cl\/web\/wp-content\/uploads\/Deportes-y-Talleres-Ski-1-1536x864.jpg 1536w, https:\/\/www.sannicolasdemyra.cl\/web\/wp-content\/uploads\/Deportes-y-Talleres-Ski-1.jpg 1600w\" sizes=\"auto, (max-width: 300px) 100vw, 300px\" \/>                                                              <\/div>\n              <div class=\"box-text text-left is-small\" >\n                 <p>Rama Ski<\/p>\n              <\/div>\n            <\/div>\n            <\/a>          <\/div>\n         <\/div><div class=\"gallery-col col\" >\n          <div class=\"col-inner\">\n            <a class=\"\" href=\"https:\/\/www.sannicolasdemyra.cl\/web\/wp-content\/uploads\/Deportes-y-Talleres-Gimnasia-Artistica-1-1024x576.jpg\" title=\"Gimnasia Art\u00edstica\">            <div class=\"box has-hover gallery-box box-normal\">\n              <div class=\"box-image\" >\n                <img loading=\"lazy\" decoding=\"async\" width=\"300\" height=\"169\" src=\"https:\/\/www.sannicolasdemyra.cl\/web\/wp-content\/uploads\/Deportes-y-Talleres-Gimnasia-Artistica-1-300x169.jpg\" class=\"attachment-medium size-medium\" alt=\"\" ids=\"22871,22872,22873,22874,22875,22876,22877,22878,22879,22880,22881\" style=\"normal\" type=\"slider\" columns=\"2\" slider_nav_style=\"simple\" slider_nav_color=\"light\" auto_slide=\"3000\" text_size=\"small\" srcset=\"https:\/\/www.sannicolasdemyra.cl\/web\/wp-content\/uploads\/Deportes-y-Talleres-Gimnasia-Artistica-1-300x169.jpg 300w, https:\/\/www.sannicolasdemyra.cl\/web\/wp-content\/uploads\/Deportes-y-Talleres-Gimnasia-Artistica-1-1024x576.jpg 1024w, https:\/\/www.sannicolasdemyra.cl\/web\/wp-content\/uploads\/Deportes-y-Talleres-Gimnasia-Artistica-1-768x432.jpg 768w, https:\/\/www.sannicolasdemyra.cl\/web\/wp-content\/uploads\/Deportes-y-Talleres-Gimnasia-Artistica-1-1536x864.jpg 1536w, https:\/\/www.sannicolasdemyra.cl\/web\/wp-content\/uploads\/Deportes-y-Talleres-Gimnasia-Artistica-1.jpg 1600w\" sizes=\"auto, (max-width: 300px) 100vw, 300px\" \/>                                                              <\/div>\n              <div class=\"box-text text-left is-small\" >\n                 <p>Gimnasia Art\u00edstica<\/p>\n              <\/div>\n            <\/div>\n            <\/a>          <\/div>\n         <\/div><div class=\"gallery-col col\" >\n          <div class=\"col-inner\">\n            <a class=\"\" href=\"https:\/\/www.sannicolasdemyra.cl\/web\/wp-content\/uploads\/Deportes-y-Talleres-Rugby-1-1024x576.jpg\" title=\"Rama Rugby\">            <div class=\"box has-hover gallery-box box-normal\">\n              <div class=\"box-image\" >\n                <img loading=\"lazy\" decoding=\"async\" width=\"300\" height=\"169\" src=\"https:\/\/www.sannicolasdemyra.cl\/web\/wp-content\/uploads\/Deportes-y-Talleres-Rugby-1-300x169.jpg\" class=\"attachment-medium size-medium\" alt=\"\" ids=\"22871,22872,22873,22874,22875,22876,22877,22878,22879,22880,22881\" style=\"normal\" type=\"slider\" columns=\"2\" slider_nav_style=\"simple\" slider_nav_color=\"light\" auto_slide=\"3000\" text_size=\"small\" srcset=\"https:\/\/www.sannicolasdemyra.cl\/web\/wp-content\/uploads\/Deportes-y-Talleres-Rugby-1-300x169.jpg 300w, https:\/\/www.sannicolasdemyra.cl\/web\/wp-content\/uploads\/Deportes-y-Talleres-Rugby-1-1024x576.jpg 1024w, https:\/\/www.sannicolasdemyra.cl\/web\/wp-content\/uploads\/Deportes-y-Talleres-Rugby-1-768x432.jpg 768w, https:\/\/www.sannicolasdemyra.cl\/web\/wp-content\/uploads\/Deportes-y-Talleres-Rugby-1-1536x864.jpg 1536w, https:\/\/www.sannicolasdemyra.cl\/web\/wp-content\/uploads\/Deportes-y-Talleres-Rugby-1.jpg 1600w\" sizes=\"auto, (max-width: 300px) 100vw, 300px\" \/>                                                              <\/div>\n              <div class=\"box-text text-left is-small\" >\n                 <p>Rama Rugby<\/p>\n              <\/div>\n            <\/div>\n            <\/a>          <\/div>\n         <\/div><div class=\"gallery-col col\" >\n          <div class=\"col-inner\">\n            <a class=\"\" href=\"https:\/\/www.sannicolasdemyra.cl\/web\/wp-content\/uploads\/Deportes-y-Talleres-Volley-1-1024x576.jpg\" title=\"Volley\">            <div class=\"box has-hover gallery-box box-normal\">\n              <div class=\"box-image\" >\n                <img loading=\"lazy\" decoding=\"async\" width=\"300\" height=\"169\" src=\"https:\/\/www.sannicolasdemyra.cl\/web\/wp-content\/uploads\/Deportes-y-Talleres-Volley-1-300x169.jpg\" class=\"attachment-medium size-medium\" alt=\"\" ids=\"22871,22872,22873,22874,22875,22876,22877,22878,22879,22880,22881\" style=\"normal\" type=\"slider\" columns=\"2\" slider_nav_style=\"simple\" slider_nav_color=\"light\" auto_slide=\"3000\" text_size=\"small\" srcset=\"https:\/\/www.sannicolasdemyra.cl\/web\/wp-content\/uploads\/Deportes-y-Talleres-Volley-1-300x169.jpg 300w, https:\/\/www.sannicolasdemyra.cl\/web\/wp-content\/uploads\/Deportes-y-Talleres-Volley-1-1024x576.jpg 1024w, https:\/\/www.sannicolasdemyra.cl\/web\/wp-content\/uploads\/Deportes-y-Talleres-Volley-1-768x432.jpg 768w, https:\/\/www.sannicolasdemyra.cl\/web\/wp-content\/uploads\/Deportes-y-Talleres-Volley-1-1536x864.jpg 1536w, https:\/\/www.sannicolasdemyra.cl\/web\/wp-content\/uploads\/Deportes-y-Talleres-Volley-1.jpg 1600w\" sizes=\"auto, (max-width: 300px) 100vw, 300px\" \/>                                                              <\/div>\n              <div class=\"box-text text-left is-small\" >\n                 <p>Volley<\/p>\n              <\/div>\n            <\/div>\n            <\/a>          <\/div>\n         <\/div><div class=\"gallery-col col\" >\n          <div class=\"col-inner\">\n            <a class=\"\" href=\"https:\/\/www.sannicolasdemyra.cl\/web\/wp-content\/uploads\/Deportes-y-Talleres-2-1-1024x576.jpg\" title=\"F\u00fatbol Masculino\">            <div class=\"box has-hover gallery-box box-normal\">\n              <div class=\"box-image\" >\n                <img loading=\"lazy\" decoding=\"async\" width=\"300\" height=\"169\" src=\"https:\/\/www.sannicolasdemyra.cl\/web\/wp-content\/uploads\/Deportes-y-Talleres-2-1-300x169.jpg\" class=\"attachment-medium size-medium\" alt=\"\" ids=\"22871,22872,22873,22874,22875,22876,22877,22878,22879,22880,22881\" style=\"normal\" type=\"slider\" columns=\"2\" slider_nav_style=\"simple\" slider_nav_color=\"light\" auto_slide=\"3000\" text_size=\"small\" srcset=\"https:\/\/www.sannicolasdemyra.cl\/web\/wp-content\/uploads\/Deportes-y-Talleres-2-1-300x169.jpg 300w, https:\/\/www.sannicolasdemyra.cl\/web\/wp-content\/uploads\/Deportes-y-Talleres-2-1-1024x576.jpg 1024w, https:\/\/www.sannicolasdemyra.cl\/web\/wp-content\/uploads\/Deportes-y-Talleres-2-1-768x432.jpg 768w, https:\/\/www.sannicolasdemyra.cl\/web\/wp-content\/uploads\/Deportes-y-Talleres-2-1-1536x864.jpg 1536w, https:\/\/www.sannicolasdemyra.cl\/web\/wp-content\/uploads\/Deportes-y-Talleres-2-1.jpg 1600w\" sizes=\"auto, (max-width: 300px) 100vw, 300px\" \/>                                                              <\/div>\n              <div class=\"box-text text-left is-small\" >\n                 <p>F\u00fatbol Masculino<\/p>\n              <\/div>\n            <\/div>\n            <\/a>          <\/div>\n         <\/div><div class=\"gallery-col col\" >\n          <div class=\"col-inner\">\n            <a class=\"\" href=\"https:\/\/www.sannicolasdemyra.cl\/web\/wp-content\/uploads\/Deportes-y-Talleres-3-1-1024x576.jpg\" title=\"Sports Day\">            <div class=\"box has-hover gallery-box box-normal\">\n              <div class=\"box-image\" >\n                <img loading=\"lazy\" decoding=\"async\" width=\"300\" height=\"169\" src=\"https:\/\/www.sannicolasdemyra.cl\/web\/wp-content\/uploads\/Deportes-y-Talleres-3-1-300x169.jpg\" class=\"attachment-medium size-medium\" alt=\"\" ids=\"22871,22872,22873,22874,22875,22876,22877,22878,22879,22880,22881\" style=\"normal\" type=\"slider\" columns=\"2\" slider_nav_style=\"simple\" slider_nav_color=\"light\" auto_slide=\"3000\" text_size=\"small\" srcset=\"https:\/\/www.sannicolasdemyra.cl\/web\/wp-content\/uploads\/Deportes-y-Talleres-3-1-300x169.jpg 300w, https:\/\/www.sannicolasdemyra.cl\/web\/wp-content\/uploads\/Deportes-y-Talleres-3-1-1024x576.jpg 1024w, https:\/\/www.sannicolasdemyra.cl\/web\/wp-content\/uploads\/Deportes-y-Talleres-3-1-768x432.jpg 768w, https:\/\/www.sannicolasdemyra.cl\/web\/wp-content\/uploads\/Deportes-y-Talleres-3-1-1536x864.jpg 1536w, https:\/\/www.sannicolasdemyra.cl\/web\/wp-content\/uploads\/Deportes-y-Talleres-3-1.jpg 1600w\" sizes=\"auto, (max-width: 300px) 100vw, 300px\" \/>                                                              <\/div>\n              <div class=\"box-text text-left is-small\" >\n                 <p>Sports Day<\/p>\n              <\/div>\n            <\/div>\n            <\/a>          <\/div>\n         <\/div><div class=\"gallery-col col\" >\n          <div class=\"col-inner\">\n            <a class=\"\" href=\"https:\/\/www.sannicolasdemyra.cl\/web\/wp-content\/uploads\/Deportes-y-Talleres-4-1-1024x576.jpg\" title=\"B\u00e1squetbol\">            <div class=\"box has-hover gallery-box box-normal\">\n              <div class=\"box-image\" >\n                <img loading=\"lazy\" decoding=\"async\" width=\"300\" height=\"169\" src=\"https:\/\/www.sannicolasdemyra.cl\/web\/wp-content\/uploads\/Deportes-y-Talleres-4-1-300x169.jpg\" class=\"attachment-medium size-medium\" alt=\"\" ids=\"22871,22872,22873,22874,22875,22876,22877,22878,22879,22880,22881\" style=\"normal\" type=\"slider\" columns=\"2\" slider_nav_style=\"simple\" slider_nav_color=\"light\" auto_slide=\"3000\" text_size=\"small\" srcset=\"https:\/\/www.sannicolasdemyra.cl\/web\/wp-content\/uploads\/Deportes-y-Talleres-4-1-300x169.jpg 300w, https:\/\/www.sannicolasdemyra.cl\/web\/wp-content\/uploads\/Deportes-y-Talleres-4-1-1024x576.jpg 1024w, https:\/\/www.sannicolasdemyra.cl\/web\/wp-content\/uploads\/Deportes-y-Talleres-4-1-768x432.jpg 768w, https:\/\/www.sannicolasdemyra.cl\/web\/wp-content\/uploads\/Deportes-y-Talleres-4-1-1536x864.jpg 1536w, https:\/\/www.sannicolasdemyra.cl\/web\/wp-content\/uploads\/Deportes-y-Talleres-4-1.jpg 1600w\" sizes=\"auto, (max-width: 300px) 100vw, 300px\" \/>                                                              <\/div>\n              <div class=\"box-text text-left is-small\" >\n                 <p>B\u00e1squetbol<\/p>\n              <\/div>\n            <\/div>\n            <\/a>          <\/div>\n         <\/div><div class=\"gallery-col col\" >\n          <div class=\"col-inner\">\n            <a class=\"\" href=\"https:\/\/www.sannicolasdemyra.cl\/web\/wp-content\/uploads\/Deportes-y-Talleres-1-1024x576.jpg\" title=\"Pre F\u00fatbol\">            <div class=\"box has-hover gallery-box box-normal\">\n              <div class=\"box-image\" >\n                <img loading=\"lazy\" decoding=\"async\" width=\"300\" height=\"169\" src=\"https:\/\/www.sannicolasdemyra.cl\/web\/wp-content\/uploads\/Deportes-y-Talleres-1-300x169.jpg\" class=\"attachment-medium size-medium\" alt=\"\" ids=\"22871,22872,22873,22874,22875,22876,22877,22878,22879,22880,22881\" style=\"normal\" type=\"slider\" columns=\"2\" slider_nav_style=\"simple\" slider_nav_color=\"light\" auto_slide=\"3000\" text_size=\"small\" srcset=\"https:\/\/www.sannicolasdemyra.cl\/web\/wp-content\/uploads\/Deportes-y-Talleres-1-300x169.jpg 300w, https:\/\/www.sannicolasdemyra.cl\/web\/wp-content\/uploads\/Deportes-y-Talleres-1-1024x576.jpg 1024w, https:\/\/www.sannicolasdemyra.cl\/web\/wp-content\/uploads\/Deportes-y-Talleres-1-768x432.jpg 768w, https:\/\/www.sannicolasdemyra.cl\/web\/wp-content\/uploads\/Deportes-y-Talleres-1-1536x864.jpg 1536w, https:\/\/www.sannicolasdemyra.cl\/web\/wp-content\/uploads\/Deportes-y-Talleres-1.jpg 1600w\" sizes=\"auto, (max-width: 300px) 100vw, 300px\" \/>                                                              <\/div>\n              <div class=\"box-text text-left is-small\" >\n                 <p>Pre F\u00fatbol<\/p>\n              <\/div>\n            <\/div>\n            <\/a>          <\/div>\n         <\/div><div class=\"gallery-col col\" >\n          <div class=\"col-inner\">\n            <a class=\"\" href=\"https:\/\/www.sannicolasdemyra.cl\/web\/wp-content\/uploads\/Talleres-Mountain-Bike-1-1024x576.jpg\" title=\"Mountain Bike\">            <div class=\"box has-hover gallery-box box-normal\">\n              <div class=\"box-image\" >\n                <img loading=\"lazy\" decoding=\"async\" width=\"300\" height=\"169\" src=\"https:\/\/www.sannicolasdemyra.cl\/web\/wp-content\/uploads\/Talleres-Mountain-Bike-1-300x169.jpg\" class=\"attachment-medium size-medium\" alt=\"\" ids=\"22871,22872,22873,22874,22875,22876,22877,22878,22879,22880,22881\" style=\"normal\" type=\"slider\" columns=\"2\" slider_nav_style=\"simple\" slider_nav_color=\"light\" auto_slide=\"3000\" text_size=\"small\" srcset=\"https:\/\/www.sannicolasdemyra.cl\/web\/wp-content\/uploads\/Talleres-Mountain-Bike-1-300x169.jpg 300w, https:\/\/www.sannicolasdemyra.cl\/web\/wp-content\/uploads\/Talleres-Mountain-Bike-1-1024x576.jpg 1024w, https:\/\/www.sannicolasdemyra.cl\/web\/wp-content\/uploads\/Talleres-Mountain-Bike-1-768x432.jpg 768w, https:\/\/www.sannicolasdemyra.cl\/web\/wp-content\/uploads\/Talleres-Mountain-Bike-1-1536x864.jpg 1536w, https:\/\/www.sannicolasdemyra.cl\/web\/wp-content\/uploads\/Talleres-Mountain-Bike-1.jpg 1600w\" sizes=\"auto, (max-width: 300px) 100vw, 300px\" \/>                                                              <\/div>\n              <div class=\"box-text text-left is-small\" >\n                 <p>Mountain Bike<\/p>\n              <\/div>\n            <\/div>\n            <\/a>          <\/div>\n         <\/div><\/div>\n\t<div id=\"text-868539910\" class=\"text\">\n\t\t\n<p>Para m\u00e1s informaci\u00f3n sobre nuestro programa<strong> Sports &amp; Academies<\/strong> cont\u00e1ctanos al correo <strong><a href=\"mailto:mikasuki.tsukame@snm.cl\" target=\"_blank\" rel=\"noopener\">mikasuki.tsukame@snm.cl<\/a><\/strong><\/p>\n\t\t\n<style>\n#text-868539910 {\n  text-align: left;\n}\n<\/style>\n\t<\/div>\n\t\n\t<div class=\"img has-hover x md-x lg-x y md-y lg-y\" id=\"image_2039292905\">\n\t\t\t\t\t\t\t\t<div class=\"img-inner dark\" style=\"margin:0px 0px 0px 0px;\">\n\t\t\t<img loading=\"lazy\" decoding=\"async\" width=\"1020\" height=\"1002\" src=\"https:\/\/www.sannicolasdemyra.cl\/web\/wp-content\/uploads\/insignia_deportiva_san_nicolas_para_fondo_blanco-01-1024x1006.png\" class=\"attachment-large size-large\" alt=\"insignia deportiva del colegio SNM\" srcset=\"https:\/\/www.sannicolasdemyra.cl\/web\/wp-content\/uploads\/insignia_deportiva_san_nicolas_para_fondo_blanco-01-1024x1006.png 1024w, https:\/\/www.sannicolasdemyra.cl\/web\/wp-content\/uploads\/insignia_deportiva_san_nicolas_para_fondo_blanco-01-300x295.png 300w, https:\/\/www.sannicolasdemyra.cl\/web\/wp-content\/uploads\/insignia_deportiva_san_nicolas_para_fondo_blanco-01-768x754.png 768w, https:\/\/www.sannicolasdemyra.cl\/web\/wp-content\/uploads\/insignia_deportiva_san_nicolas_para_fondo_blanco-01-1536x1509.png 1536w, https:\/\/www.sannicolasdemyra.cl\/web\/wp-content\/uploads\/insignia_deportiva_san_nicolas_para_fondo_blanco-01-2048x2012.png 2048w\" sizes=\"auto, (max-width: 1020px) 100vw, 1020px\" \/>\t\t\t\t\t\t\n\t\t\t\t\t<\/div>\n\t\t\t\t\t\t\t\t\n<style>\n#image_2039292905 {\n  width: 15%;\n}\n<\/style>\n\t<\/div>\n\t\n<a href=\"https:\/\/www.sannicolasdemyra.cl\/web\/wp-content\/uploads\/Sports-Academies-2025.pdf\" target=\"_blank\" class=\"button primary is-outline lowercase\" rel=\"noopener\" style=\"border-radius:10px;\">\n\t\t<span>Informaci\u00f3n Deportes y Talleres<\/span>\n\t<\/a>\n\n<a href=\"https:\/\/www.sannicolasdemyra.cl\/web\/wp-content\/uploads\/Sports-Academies-Schedule-2025-scaled.jpg\" target=\"_blank\" class=\"button primary is-outline lowercase\" rel=\"noopener\" style=\"border-radius:10px;padding:0px 0px 0px 0px;\">\n\t\t<span>Horario Sports &amp; Academies 2025<\/span>\n\t<\/a>\n\n\t\t<\/div>\n\t\t\t\t\t<\/div>\n\n\t\n\n\t<div id=\"col-1563711828\" class=\"col medium-4 small-12 large-4\"  >\n\t\t\t\t<div class=\"col-inner dark\" style=\"background-color:#03263d;\" >\n\t\t\t\n\t\t\t\n\t<div class=\"img has-hover x md-x lg-x y md-y lg-y\" id=\"image_612426454\">\n\t\t\t\t\t\t\t\t<div class=\"img-inner dark\" >\n\t\t\t<img loading=\"lazy\" decoding=\"async\" width=\"800\" height=\"450\" src=\"https:\/\/www.sannicolasdemyra.cl\/web\/wp-content\/uploads\/volley-apoderados.jpg\" class=\"attachment-original size-original\" alt=\"deporte apoderados\" srcset=\"https:\/\/www.sannicolasdemyra.cl\/web\/wp-content\/uploads\/volley-apoderados.jpg 800w, https:\/\/www.sannicolasdemyra.cl\/web\/wp-content\/uploads\/volley-apoderados-300x169.jpg 300w, https:\/\/www.sannicolasdemyra.cl\/web\/wp-content\/uploads\/volley-apoderados-768x432.jpg 768w\" sizes=\"auto, (max-width: 800px) 100vw, 800px\" \/>\t\t\t\t\t\t\n\t\t\t\t\t<\/div>\n\t\t\t\t\t\t\t\t\n<style>\n#image_612426454 {\n  width: 100%;\n}\n<\/style>\n\t<\/div>\n\t\n\t<div id=\"text-514326078\" class=\"text\">\n\t\t\n<h4 class=\"uppercase\" style=\"text-align: left;\">apoderados que inspiran<\/h4>\n\t\t\n<style>\n#text-514326078 {\n  font-size: 1.6rem;\n}\n<\/style>\n\t<\/div>\n\t\n<p>Los apoderados tambi\u00e9n son protagonistas en nuestra comunidad deportiva, participando activamente en selecciones de v\u00f3leibol, f\u00fatbol y p\u00e1del, y compitiendo en las principales ligas escolares de la zona. As\u00ed, fomentan el deporte con su ejemplo, inspirando a nuestros estudiantes a mantener una vida activa y saludable.<\/p>\n\n  \n    <div id=\"gallery-1383818665\" class=\" lightbox-multi-gallery slider slider-auto-height row-collapse slider-nav-reveal\" data-flickity-options='{&quot;imagesLoaded&quot;: true, &quot;dragThreshold&quot; : 5, &quot;cellAlign&quot;: &quot;left&quot;,&quot;wrapAround&quot;: true,&quot;prevNextButtons&quot;: true,&quot;percentPosition&quot;: true,&quot;pageDots&quot;: false, &quot;rightToLeft&quot;: false, &quot;autoPlay&quot; : 2000}'>\n\n  <div class=\"gallery-col col\" >\n          <div class=\"col-inner\">\n            <a class=\"\" href=\"https:\/\/www.sannicolasdemyra.cl\/web\/wp-content\/uploads\/mamas-equipo-padel.jpg\" title=\"P\u00e1del: Apoderados\">            <div class=\"box has-hover gallery-box box-normal\">\n              <div class=\"box-image\" >\n                <img loading=\"lazy\" decoding=\"async\" width=\"800\" height=\"450\" src=\"https:\/\/www.sannicolasdemyra.cl\/web\/wp-content\/uploads\/mamas-equipo-padel.jpg\" class=\"attachment-original size-original\" alt=\"\" ids=\"22840,22841,22838,22837\" style=\"normal\" type=\"slider-full\" slider_nav_color=\"light\" auto_slide=\"2000\" image_size=\"original\" text_color=\"dark\" srcset=\"https:\/\/www.sannicolasdemyra.cl\/web\/wp-content\/uploads\/mamas-equipo-padel.jpg 800w, https:\/\/www.sannicolasdemyra.cl\/web\/wp-content\/uploads\/mamas-equipo-padel-300x169.jpg 300w, https:\/\/www.sannicolasdemyra.cl\/web\/wp-content\/uploads\/mamas-equipo-padel-768x432.jpg 768w\" sizes=\"auto, (max-width: 800px) 100vw, 800px\" \/>                                                              <\/div>\n              <div class=\"box-text text-left dark\" >\n                 <p>P\u00e1del: Apoderados<\/p>\n              <\/div>\n            <\/div>\n            <\/a>          <\/div>\n         <\/div><div class=\"gallery-col col\" >\n          <div class=\"col-inner\">\n            <a class=\"\" href=\"https:\/\/www.sannicolasdemyra.cl\/web\/wp-content\/uploads\/papas-equipo-padel.jpg\" title=\"P\u00e1del: Apoderados\">            <div class=\"box has-hover gallery-box box-normal\">\n              <div class=\"box-image\" >\n                <img loading=\"lazy\" decoding=\"async\" width=\"800\" height=\"450\" src=\"https:\/\/www.sannicolasdemyra.cl\/web\/wp-content\/uploads\/papas-equipo-padel.jpg\" class=\"attachment-original size-original\" alt=\"\" ids=\"22840,22841,22838,22837\" style=\"normal\" type=\"slider-full\" slider_nav_color=\"light\" auto_slide=\"2000\" image_size=\"original\" text_color=\"dark\" srcset=\"https:\/\/www.sannicolasdemyra.cl\/web\/wp-content\/uploads\/papas-equipo-padel.jpg 800w, https:\/\/www.sannicolasdemyra.cl\/web\/wp-content\/uploads\/papas-equipo-padel-300x169.jpg 300w, https:\/\/www.sannicolasdemyra.cl\/web\/wp-content\/uploads\/papas-equipo-padel-768x432.jpg 768w\" sizes=\"auto, (max-width: 800px) 100vw, 800px\" \/>                                                              <\/div>\n              <div class=\"box-text text-left dark\" >\n                 <p>P\u00e1del: Apoderados<\/p>\n              <\/div>\n            <\/div>\n            <\/a>          <\/div>\n         <\/div><div class=\"gallery-col col\" >\n          <div class=\"col-inner\">\n            <a class=\"\" href=\"https:\/\/www.sannicolasdemyra.cl\/web\/wp-content\/uploads\/futbol-mamas.jpg\" title=\"F\u00fatbol: Apoderadas\">            <div class=\"box has-hover gallery-box box-normal\">\n              <div class=\"box-image\" >\n                <img loading=\"lazy\" decoding=\"async\" width=\"800\" height=\"450\" src=\"https:\/\/www.sannicolasdemyra.cl\/web\/wp-content\/uploads\/futbol-mamas.jpg\" class=\"attachment-original size-original\" alt=\"deporte apoderados. mam\u00e1s equipo de futbol\" ids=\"22840,22841,22838,22837\" style=\"normal\" type=\"slider-full\" slider_nav_color=\"light\" auto_slide=\"2000\" image_size=\"original\" text_color=\"dark\" srcset=\"https:\/\/www.sannicolasdemyra.cl\/web\/wp-content\/uploads\/futbol-mamas.jpg 800w, https:\/\/www.sannicolasdemyra.cl\/web\/wp-content\/uploads\/futbol-mamas-300x169.jpg 300w, https:\/\/www.sannicolasdemyra.cl\/web\/wp-content\/uploads\/futbol-mamas-768x432.jpg 768w\" sizes=\"auto, (max-width: 800px) 100vw, 800px\" \/>                                                              <\/div>\n              <div class=\"box-text text-left dark\" >\n                 <p>F\u00fatbol: Apoderadas<\/p>\n              <\/div>\n            <\/div>\n            <\/a>          <\/div>\n         <\/div><div class=\"gallery-col col\" >\n          <div class=\"col-inner\">\n            <a class=\"\" href=\"https:\/\/www.sannicolasdemyra.cl\/web\/wp-content\/uploads\/futbol-apoderados.jpg\" title=\"F\u00fatbol: Apoderados\">            <div class=\"box has-hover gallery-box box-normal\">\n              <div class=\"box-image\" >\n                <img loading=\"lazy\" decoding=\"async\" width=\"800\" height=\"450\" src=\"https:\/\/www.sannicolasdemyra.cl\/web\/wp-content\/uploads\/futbol-apoderados.jpg\" class=\"attachment-original size-original\" alt=\"equipo de futbol de papas\" ids=\"22840,22841,22838,22837\" style=\"normal\" type=\"slider-full\" slider_nav_color=\"light\" auto_slide=\"2000\" image_size=\"original\" text_color=\"dark\" srcset=\"https:\/\/www.sannicolasdemyra.cl\/web\/wp-content\/uploads\/futbol-apoderados.jpg 800w, https:\/\/www.sannicolasdemyra.cl\/web\/wp-content\/uploads\/futbol-apoderados-300x169.jpg 300w, https:\/\/www.sannicolasdemyra.cl\/web\/wp-content\/uploads\/futbol-apoderados-768x432.jpg 768w\" sizes=\"auto, (max-width: 800px) 100vw, 800px\" \/>                                                              <\/div>\n              <div class=\"box-text text-left dark\" >\n                 <p>F\u00fatbol: Apoderados<\/p>\n              <\/div>\n            <\/div>\n            <\/a>          <\/div>\n         <\/div><\/div>\n<p>La participaci\u00f3n deportiva de los apoderados permite que los ni\u00f1os que los acompa\u00f1an creen nuevos v\u00ednculos e interact\u00faen con otros niveles, fortaleciendo as\u00ed el sentido de <strong>comunidad m\u00e1s all\u00e1 de su curso<\/strong>.<\/p>\n\t<div class=\"img has-hover x md-x lg-x y md-y lg-y\" id=\"image_2012344919\">\n\t\t\t\t\t\t\t\t<div class=\"img-inner dark\" >\n\t\t\t<img loading=\"lazy\" decoding=\"async\" width=\"800\" height=\"450\" src=\"https:\/\/www.sannicolasdemyra.cl\/web\/wp-content\/uploads\/Diseno-sin-titulo-3.jpg\" class=\"attachment-original size-original\" alt=\"\" srcset=\"https:\/\/www.sannicolasdemyra.cl\/web\/wp-content\/uploads\/Diseno-sin-titulo-3.jpg 800w, https:\/\/www.sannicolasdemyra.cl\/web\/wp-content\/uploads\/Diseno-sin-titulo-3-300x169.jpg 300w, https:\/\/www.sannicolasdemyra.cl\/web\/wp-content\/uploads\/Diseno-sin-titulo-3-768x432.jpg 768w\" sizes=\"auto, (max-width: 800px) 100vw, 800px\" \/>\t\t\t\t\t\t\n\t\t\t\t\t<\/div>\n\t\t\t\t\t\t\t\t\n<style>\n#image_2012344919 {\n  width: 100%;\n}\n<\/style>\n\t<\/div>\n\t\n\t\t<\/div>\n\t\t\t\t\n<style>\n#col-1563711828 > .col-inner {\n  padding: 20px 20px 20px 20px;\n}\n<\/style>\n\t<\/div>\n\n\t\n<\/div>\n\n\t<section class=\"section dark\" id=\"section_1534440887\">\n\t\t<div class=\"section-bg fill\" >\n\t\t\t\t\t\t\t\t\t\n\t\t\t\n\t<div class=\"is-border\"\n\t\tstyle=\"border-width:0px 0px 180px 0px;\">\n\t<\/div>\n\n\t\t<\/div>\n\n\t\t\n\t<div class=\"ux-shape-divider ux-shape-divider--bottom ux-shape-divider--style-curve-invert\">\n\t\t<svg viewBox=\"0 0 1000 100\" xmlns=\"http:\/\/www.w3.org\/2000\/svg\" preserveAspectRatio=\"none\">\n\t<path class=\"ux-shape-fill\" d=\"M500 47.0297C184.4 47.0297 -26 100 -26 100H1026C1026 100 815.6 47.0297 500 47.0297ZM1026 -5.94059H-26V-7H1026V-5.94059Z\"\/>\n<\/svg>\n\n\t<\/div>\n\n\t\t<div class=\"section-content relative\">\n\t\t\t\n<div class=\"row hide-for-small\"  id=\"row-185686900\">\n\n\t<div id=\"col-1520673629\" class=\"col medium-4 small-12 large-4\"  >\n\t\t\t\t<div class=\"col-inner\"  >\n\t\t\t\n\t\t\t\n\t<div class=\"box has-hover   has-hover box-label box-text-bottom\" >\n\n\t\t<div class=\"box-image\" >\n\t\t\t<a href=\"https:\/\/www.sannicolasdemyra.cl\/web\/nuestro-colegio\/ingles\/\" target=\"_blank\" rel=\"noopener\" >\t\t\t<div class=\"image-cover\" style=\"padding-top:100%;\">\n\t\t\t\t<img loading=\"lazy\" decoding=\"async\" width=\"400\" height=\"400\" src=\"https:\/\/www.sannicolasdemyra.cl\/web\/wp-content\/uploads\/Ingles.jpg\" class=\"attachment-original size-original\" alt=\"Intercambio -London-ingl\u00e9s\" srcset=\"https:\/\/www.sannicolasdemyra.cl\/web\/wp-content\/uploads\/Ingles.jpg 400w, https:\/\/www.sannicolasdemyra.cl\/web\/wp-content\/uploads\/Ingles-300x300.jpg 300w, https:\/\/www.sannicolasdemyra.cl\/web\/wp-content\/uploads\/Ingles-150x150.jpg 150w\" sizes=\"auto, (max-width: 400px) 100vw, 400px\" \/>\t\t\t\t\t\t\t\t\t\t\t<\/div>\n\t\t\t<\/a>\t\t<\/div>\n\n\t\t<div class=\"box-text text-center dark\" style=\"background-color:rgba(1, 46, 64, 0.802);\">\n\t\t\t<div class=\"box-text-inner\">\n\t\t\t\t\n<h4>INGL\u00c9S<\/h4>\n\t\t\t<\/div>\n\t\t<\/div>\n\t<\/div>\n\t\n\t\t<\/div>\n\t\t\t\t\t<\/div>\n\n\t\n\n\t<div id=\"col-1808818555\" class=\"col medium-4 small-12 large-4\"  >\n\t\t\t\t<div class=\"col-inner\"  >\n\t\t\t\n\t\t\t\n\t<div class=\"box has-hover   has-hover box-label box-text-bottom\" >\n\n\t\t<div class=\"box-image\" >\n\t\t\t<a href=\"https:\/\/www.sannicolasdemyra.cl\/web\/vida-escolar\/sana-convivencia\/\" target=\"_blank\" rel=\"noopener\" >\t\t\t<div class=\"image-cover\" style=\"padding-top:100%;\">\n\t\t\t\t<img loading=\"lazy\" decoding=\"async\" width=\"400\" height=\"400\" src=\"https:\/\/www.sannicolasdemyra.cl\/web\/wp-content\/uploads\/Sana-Convivencia.jpg\" class=\"attachment-original size-original\" alt=\"educar en sana convivencia buen trato\" srcset=\"https:\/\/www.sannicolasdemyra.cl\/web\/wp-content\/uploads\/Sana-Convivencia.jpg 400w, https:\/\/www.sannicolasdemyra.cl\/web\/wp-content\/uploads\/Sana-Convivencia-300x300.jpg 300w, https:\/\/www.sannicolasdemyra.cl\/web\/wp-content\/uploads\/Sana-Convivencia-150x150.jpg 150w\" sizes=\"auto, (max-width: 400px) 100vw, 400px\" \/>\t\t\t\t\t\t\t\t\t\t\t<\/div>\n\t\t\t<\/a>\t\t<\/div>\n\n\t\t<div class=\"box-text text-center dark\" style=\"background-color:rgba(1, 46, 64, 0.814);\">\n\t\t\t<div class=\"box-text-inner\">\n\t\t\t\t\n<h4>SANA CONVIVENCIA<\/h4>\n\t\t\t<\/div>\n\t\t<\/div>\n\t<\/div>\n\t\n\t\t<\/div>\n\t\t\t\t\t<\/div>\n\n\t\n\n\t<div id=\"col-685437862\" class=\"col medium-4 small-12 large-4\"  >\n\t\t\t\t<div class=\"col-inner\"  >\n\t\t\t\n\t\t\t\n\t<div class=\"box has-hover   has-hover box-label box-text-bottom\" >\n\n\t\t<div class=\"box-image\" >\n\t\t\t<a href=\"https:\/\/www.sannicolasdemyra.cl\/web\/nuestro-colegio\/infraestructura\/\" target=\"_blank\" rel=\"noopener\" >\t\t\t<div class=\"image-cover\" style=\"padding-top:100%;\">\n\t\t\t\t<img loading=\"lazy\" decoding=\"async\" width=\"400\" height=\"400\" src=\"https:\/\/www.sannicolasdemyra.cl\/web\/wp-content\/uploads\/BANNER-infraestructura.jpg\" class=\"attachment-original size-original\" alt=\"Colegio San Nicol\u00e1s de Myra\" srcset=\"https:\/\/www.sannicolasdemyra.cl\/web\/wp-content\/uploads\/BANNER-infraestructura.jpg 400w, https:\/\/www.sannicolasdemyra.cl\/web\/wp-content\/uploads\/BANNER-infraestructura-300x300.jpg 300w, https:\/\/www.sannicolasdemyra.cl\/web\/wp-content\/uploads\/BANNER-infraestructura-150x150.jpg 150w\" sizes=\"auto, (max-width: 400px) 100vw, 400px\" \/>\t\t\t\t\t\t\t\t\t\t\t<\/div>\n\t\t\t<\/a>\t\t<\/div>\n\n\t\t<div class=\"box-text text-center dark\" style=\"background-color:rgba(1, 46, 64, 0.814);\">\n\t\t\t<div class=\"box-text-inner\">\n\t\t\t\t\n<h4>INFRAESTRUCTURA<\/h4>\n\t\t\t<\/div>\n\t\t<\/div>\n\t<\/div>\n\t\n\t\t<\/div>\n\t\t\t\t\t<\/div>\n\n\t\n<\/div>\n<div class=\"row show-for-small\"  id=\"row-78032673\">\n\n\t<div id=\"col-1015174997\" class=\"col medium-4 small-12 large-4\"  >\n\t\t\t\t<div class=\"col-inner\"  >\n\t\t\t\n\t\t\t\n<div class=\"slider-wrapper relative\" id=\"slider-899887475\" >\n    <div class=\"slider slider-nav-dots-simple slider-nav-circle slider-nav-large slider-nav-dark slider-style-normal\"\n        data-flickity-options='{\n            \"cellAlign\": \"center\",\n            \"imagesLoaded\": true,\n            \"lazyLoad\": 1,\n            \"freeScroll\": false,\n            \"wrapAround\": true,\n            \"autoPlay\": 6000,\n            \"pauseAutoPlayOnHover\" : true,\n            \"prevNextButtons\": false,\n            \"contain\" : true,\n            \"adaptiveHeight\" : true,\n            \"dragThreshold\" : 10,\n            \"percentPosition\": true,\n            \"pageDots\": true,\n            \"rightToLeft\": false,\n            \"draggable\": true,\n            \"selectedAttraction\": 0.1,\n            \"parallax\" : 0,\n            \"friction\": 0.6        }'\n        >\n        \n<div class=\"row align-center\" style=\"max-width:\" id=\"row-442126330\">\n\n\t<div id=\"col-788970003\" class=\"col medium-6 small-6 large-6\"  >\n\t\t\t\t<div class=\"col-inner\"  >\n\t\t\t\n\t\t\t\n\t<div class=\"box has-hover   has-hover box-label box-text-bottom\" >\n\n\t\t<div class=\"box-image\" >\n\t\t\t<a href=\"https:\/\/www.sannicolasdemyra.cl\/web\/nuestro-colegio\/ingles\/\" target=\"_blank\" rel=\"noopener\" >\t\t\t<div class=\"image-cover\" style=\"padding-top:120%;\">\n\t\t\t\t<img loading=\"lazy\" decoding=\"async\" width=\"400\" height=\"400\" src=\"https:\/\/www.sannicolasdemyra.cl\/web\/wp-content\/uploads\/Ingles.jpg\" class=\"attachment-original size-original\" alt=\"Intercambio -London-ingl\u00e9s\" srcset=\"https:\/\/www.sannicolasdemyra.cl\/web\/wp-content\/uploads\/Ingles.jpg 400w, https:\/\/www.sannicolasdemyra.cl\/web\/wp-content\/uploads\/Ingles-300x300.jpg 300w, https:\/\/www.sannicolasdemyra.cl\/web\/wp-content\/uploads\/Ingles-150x150.jpg 150w\" sizes=\"auto, (max-width: 400px) 100vw, 400px\" \/>\t\t\t\t\t\t\t\t\t\t\t<\/div>\n\t\t\t<\/a>\t\t<\/div>\n\n\t\t<div class=\"box-text text-center is-xsmall dark\" style=\"background-color:rgb(1, 46, 64);\">\n\t\t\t<div class=\"box-text-inner\">\n\t\t\t\t\n<h4>INGL\u00c9S<\/h4>\n\t\t\t<\/div>\n\t\t<\/div>\n\t<\/div>\n\t\n\t\t<\/div>\n\t\t\t\t\t<\/div>\n\n\t\n\n\t<div id=\"col-1437839325\" class=\"col medium-6 small-6 large-6\"  >\n\t\t\t\t<div class=\"col-inner\"  >\n\t\t\t\n\t\t\t\n\t<div class=\"box has-hover   has-hover box-label box-text-bottom\" >\n\n\t\t<div class=\"box-image\" >\n\t\t\t<a href=\"https:\/\/www.sannicolasdemyra.cl\/web\/vida-escolar\/sana-convivencia\/\" target=\"_blank\" rel=\"noopener\" >\t\t\t<div class=\"image-cover\" style=\"padding-top:120%;\">\n\t\t\t\t<img loading=\"lazy\" decoding=\"async\" width=\"400\" height=\"400\" src=\"https:\/\/www.sannicolasdemyra.cl\/web\/wp-content\/uploads\/Sana-Convivencia.jpg\" class=\"attachment-original size-original\" alt=\"educar en sana convivencia buen trato\" srcset=\"https:\/\/www.sannicolasdemyra.cl\/web\/wp-content\/uploads\/Sana-Convivencia.jpg 400w, https:\/\/www.sannicolasdemyra.cl\/web\/wp-content\/uploads\/Sana-Convivencia-300x300.jpg 300w, https:\/\/www.sannicolasdemyra.cl\/web\/wp-content\/uploads\/Sana-Convivencia-150x150.jpg 150w\" sizes=\"auto, (max-width: 400px) 100vw, 400px\" \/>\t\t\t\t\t\t\t\t\t\t\t<\/div>\n\t\t\t<\/a>\t\t<\/div>\n\n\t\t<div class=\"box-text text-center is-xsmall dark\" style=\"background-color:rgb(1, 46, 64);\">\n\t\t\t<div class=\"box-text-inner\">\n\t\t\t\t\n\t<div id=\"text-4267038075\" class=\"text\">\n\t\t\n<h4>SANA CONVIVENCIA<\/h4>\n\t\t\n<style>\n#text-4267038075 {\n  font-size: 0.75rem;\n  line-height: 0.75;\n}\n<\/style>\n\t<\/div>\n\t\n\t\t\t<\/div>\n\t\t<\/div>\n\t<\/div>\n\t\n\t\t<\/div>\n\t\t\t\t\t<\/div>\n\n\t\n<\/div>\n<div class=\"row\"  id=\"row-1674052856\">\n\n\t<div id=\"col-236703786\" class=\"col medium-6 small-6 large-6\"  >\n\t\t\t\t<div class=\"col-inner\"  >\n\t\t\t\n\t\t\t\n\t<div class=\"box has-hover   has-hover box-label box-text-bottom\" >\n\n\t\t<div class=\"box-image\" >\n\t\t\t<a href=\"https:\/\/www.sannicolasdemyra.cl\/web\/nuestro-colegio\/infraestructura\/\" target=\"_blank\" rel=\"noopener\" >\t\t\t<div class=\"image-cover\" style=\"padding-top:120%;\">\n\t\t\t\t<img loading=\"lazy\" decoding=\"async\" width=\"400\" height=\"400\" src=\"https:\/\/www.sannicolasdemyra.cl\/web\/wp-content\/uploads\/BANNER-infraestructura.jpg\" class=\"attachment-original size-original\" alt=\"Colegio San Nicol\u00e1s de Myra\" srcset=\"https:\/\/www.sannicolasdemyra.cl\/web\/wp-content\/uploads\/BANNER-infraestructura.jpg 400w, https:\/\/www.sannicolasdemyra.cl\/web\/wp-content\/uploads\/BANNER-infraestructura-300x300.jpg 300w, https:\/\/www.sannicolasdemyra.cl\/web\/wp-content\/uploads\/BANNER-infraestructura-150x150.jpg 150w\" sizes=\"auto, (max-width: 400px) 100vw, 400px\" \/>\t\t\t\t\t\t\t\t\t\t\t<\/div>\n\t\t\t<\/a>\t\t<\/div>\n\n\t\t<div class=\"box-text text-center is-xsmall dark\" style=\"background-color:rgb(1, 46, 64);\">\n\t\t\t<div class=\"box-text-inner\">\n\t\t\t\t\n<h4>INFRAESTRUCTURA<\/h4>\n\t\t\t<\/div>\n\t\t<\/div>\n\t<\/div>\n\t\n\t\t<\/div>\n\t\t\t\t\t<\/div>\n\n\t\n\n\t<div id=\"col-2103784299\" class=\"col medium-4 small-6 large-4\"  >\n\t\t\t\t<div class=\"col-inner\"  >\n\t\t\t\n\t\t\t\n\t<div class=\"box has-hover   has-hover box-label box-text-bottom\" >\n\n\t\t<div class=\"box-image\" >\n\t\t\t<a href=\"https:\/\/www.sannicolasdemyra.cl\/web\/nuestro-colegio\/intercambios\/\" target=\"_blank\" rel=\"noopener\" >\t\t\t<div class=\"image-cover\" style=\"padding-top:120%;\">\n\t\t\t\t<img loading=\"lazy\" decoding=\"async\" width=\"400\" height=\"400\" src=\"https:\/\/www.sannicolasdemyra.cl\/web\/wp-content\/uploads\/intercambio-London.jpg\" class=\"attachment-original size-original\" alt=\"estudiantes de intercambio Londres\" srcset=\"https:\/\/www.sannicolasdemyra.cl\/web\/wp-content\/uploads\/intercambio-London.jpg 400w, https:\/\/www.sannicolasdemyra.cl\/web\/wp-content\/uploads\/intercambio-London-300x300.jpg 300w, https:\/\/www.sannicolasdemyra.cl\/web\/wp-content\/uploads\/intercambio-London-150x150.jpg 150w\" sizes=\"auto, (max-width: 400px) 100vw, 400px\" \/>\t\t\t\t\t\t\t\t\t\t\t<\/div>\n\t\t\t<\/a>\t\t<\/div>\n\n\t\t<div class=\"box-text text-center is-xsmall dark\" style=\"background-color:rgb(1, 46, 64);\">\n\t\t\t<div class=\"box-text-inner\">\n\t\t\t\t\n<h4>INTERCAMBIOS<\/h4>\n\t\t\t<\/div>\n\t\t<\/div>\n\t<\/div>\n\t\n\t\t<\/div>\n\t\t\t\t\t<\/div>\n\n\t\n<\/div>\n     <\/div>\n\n     <div class=\"loading-spin dark large centered\"><\/div>\n\n\t<\/div>\n\n\n\t\t<\/div>\n\t\t\t\t\n<style>\n#col-1015174997 > .col-inner {\n  margin: 0px 0px 0px 0px;\n}\n<\/style>\n\t<\/div>\n\n\t\n<\/div>\n\t\t<\/div>\n\n\t\t\n<style>\n#section_1534440887 {\n  padding-top: 21px;\n  padding-bottom: 21px;\n  background-color: #03263d;\n}\n#section_1534440887 .ux-shape-divider--bottom svg {\n  height: 0px;\n  --divider-width: 100%;\n}\n@media (min-width:550px) {\n  #section_1534440887 {\n    padding-top: 50px;\n    padding-bottom: 50px;\n  }\n  #section_1534440887 .ux-shape-divider--bottom svg {\n    --divider-width: 100%;\n  }\n}\n<\/style>\n\t<\/section>\n\t\n","protected":false},"excerpt":{"rendered":"","protected":false},"author":7,"featured_media":0,"parent":23148,"menu_order":100,"comment_status":"closed","ping_status":"closed","template":"page-blank.php","meta":{"_price":"","_stock":"","_tribe_ticket_header":"","_tribe_default_ticket_provider":"","_tribe_ticket_capacity":"0","_ticket_start_date":"","_ticket_end_date":"","_tribe_ticket_show_description":"","_tribe_ticket_show_not_going":false,"_tribe_ticket_use_global_stock":"","_tribe_ticket_global_stock_level":"","_global_stock_mode":"","_global_stock_cap":"","_tribe_rsvp_for_event":"","_tribe_ticket_going_count":"","_tribe_ticket_not_going_count":"","_tribe_tickets_list":"[]","_tribe_ticket_has_attendee_info_fields":false,"footnotes":"","_tec_slr_enabled":"","_tec_slr_layout":""},"class_list":["post-22829","page","type-page","status-publish","hentry"],"ticketed":false,"_links":{"self":[{"href":"https:\/\/www.sannicolasdemyra.cl\/web\/wp-json\/wp\/v2\/pages\/22829","targetHints":{"allow":["GET"]}}],"collection":[{"href":"https:\/\/www.sannicolasdemyra.cl\/web\/wp-json\/wp\/v2\/pages"}],"about":[{"href":"https:\/\/www.sannicolasdemyra.cl\/web\/wp-json\/wp\/v2\/types\/page"}],"author":[{"embeddable":true,"href":"https:\/\/www.sannicolasdemyra.cl\/web\/wp-json\/wp\/v2\/users\/7"}],"replies":[{"embeddable":true,"href":"https:\/\/www.sannicolasdemyra.cl\/web\/wp-json\/wp\/v2\/comments?post=22829"}],"version-history":[{"count":0,"href":"https:\/\/www.sannicolasdemyra.cl\/web\/wp-json\/wp\/v2\/pages\/22829\/revisions"}],"up":[{"embeddable":true,"href":"https:\/\/www.sannicolasdemyra.cl\/web\/wp-json\/wp\/v2\/pages\/23148"}],"wp:attachment":[{"href":"https:\/\/www.sannicolasdemyra.cl\/web\/wp-json\/wp\/v2\/media?parent=22829"}],"curies":[{"name":"wp","href":"https:\/\/api.w.org\/{rel}","templated":true}]}}