{"id":23138,"date":"2024-10-08T09:14:10","date_gmt":"2024-10-08T12:14:10","guid":{"rendered":"https:\/\/www.sannicolasdemyra.cl\/web\/?page_id=23138"},"modified":"2026-01-29T15:14:23","modified_gmt":"2026-01-29T18:14:23","slug":"atributos","status":"publish","type":"page","link":"https:\/\/www.sannicolasdemyra.cl\/web\/nuestro-colegio\/atributos\/","title":{"rendered":"Atributos"},"content":{"rendered":"\n\t<section class=\"section dark\" id=\"section_738757225\">\n\t\t<div class=\"section-bg fill\" >\n\t\t\t\t\t\t\t\t\t\n\t\t\t\n\n\t\t<\/div>\n\n\t\t\n\n\t\t<div class=\"section-content relative\">\n\t\t\t\n<div class=\"row row-collapse hide-for-small\"  id=\"row-879009765\">\n\n\t<div id=\"col-1348182014\" class=\"col medium-4 small-12 large-4\"  >\n\t\t\t\t<div class=\"col-inner\"  >\n\t\t\t\n\t\t\t\n\n  <div class=\"banner has-hover\" id=\"banner-1900224885\">\n          <div class=\"banner-inner fill\">\n        <div class=\"banner-bg fill\" >\n            <img loading=\"lazy\" decoding=\"async\" width=\"1200\" height=\"900\" src=\"https:\/\/www.sannicolasdemyra.cl\/web\/wp-content\/uploads\/carino.jpg\" class=\"bg attachment-original size-original\" alt=\"conocer a cada uno por su nombre\" \/>                                    \n                    <\/div>\n\t\t\n        <div class=\"banner-layers container\">\n            <div class=\"fill banner-link\"><\/div>            \n        <\/div>\n      <\/div>\n\n            \n<style>\n#banner-1900224885 {\n  padding-top: 300px;\n}\n<\/style>\n  <\/div>\n\n\n\t\t<\/div>\n\t\t\t\t\t<\/div>\n\n\t\n\n\t<div id=\"col-643831590\" class=\"col medium-4 small-12 large-4\"  >\n\t\t\t\t<div class=\"col-inner\"  >\n\t\t\t\n\t\t\t\n\n  <div class=\"banner has-hover\" id=\"banner-850349809\">\n          <div class=\"banner-inner fill\">\n        <div class=\"banner-bg fill\" >\n            <img loading=\"lazy\" decoding=\"async\" width=\"1200\" height=\"900\" src=\"https:\/\/www.sannicolasdemyra.cl\/web\/wp-content\/uploads\/comunidad-1.jpg\" class=\"bg attachment-original size-original\" alt=\"comunidad multicultural\" \/>                                    \n                    <\/div>\n\t\t\n        <div class=\"banner-layers container\">\n            <div class=\"fill banner-link\"><\/div>            \n        <\/div>\n      <\/div>\n\n            \n<style>\n#banner-850349809 {\n  padding-top: 300px;\n}\n<\/style>\n  <\/div>\n\n\n\t\t<\/div>\n\t\t\t\t\t<\/div>\n\n\t\n\n\t<div id=\"col-553223092\" class=\"col medium-4 small-12 large-4\"  >\n\t\t\t\t<div class=\"col-inner\"  >\n\t\t\t\n\t\t\t\n\n  <div class=\"banner has-hover\" id=\"banner-2011744332\">\n          <div class=\"banner-inner fill\">\n        <div class=\"banner-bg fill\" >\n            <img loading=\"lazy\" decoding=\"async\" width=\"1200\" height=\"900\" src=\"https:\/\/www.sannicolasdemyra.cl\/web\/wp-content\/uploads\/excelencia-1.jpg\" class=\"bg attachment-original size-original\" alt=\"buscamos la excelencia acad\u00e9mica de cada alumno\" \/>                                    \n                    <\/div>\n\t\t\n        <div class=\"banner-layers container\">\n            <div class=\"fill banner-link\"><\/div>            \n        <\/div>\n      <\/div>\n\n            \n<style>\n#banner-2011744332 {\n  padding-top: 300px;\n}\n<\/style>\n  <\/div>\n\n\n\t\t<\/div>\n\t\t\t\t\t<\/div>\n\n\t\n\n<style>\n#row-879009765 > .col > .col-inner {\n  padding: 0px 0px 0px 0px;\n}\n@media (min-width:550px) {\n  #row-879009765 > .col > .col-inner {\n    padding: 0px 10px 0px 10px;\n  }\n}\n<\/style>\n<\/div>\n<div class=\"row row-collapse align-center show-for-small\"  id=\"row-2052717754\">\n\n\t<div id=\"col-922885186\" class=\"col medium-4 small-11 large-4\"  >\n\t\t\t\t<div class=\"col-inner\"  >\n\t\t\t\n\t\t\t\n<div class=\"slider-wrapper relative\" id=\"slider-837343146\" >\n    <div class=\"slider slider-nav-circle slider-nav-large slider-nav-light slider-style-normal\"\n        data-flickity-options='{\n            \"cellAlign\": \"center\",\n            \"imagesLoaded\": true,\n            \"lazyLoad\": 1,\n            \"freeScroll\": false,\n            \"wrapAround\": true,\n            \"autoPlay\": 6000,\n            \"pauseAutoPlayOnHover\" : true,\n            \"prevNextButtons\": true,\n            \"contain\" : true,\n            \"adaptiveHeight\" : true,\n            \"dragThreshold\" : 10,\n            \"percentPosition\": true,\n            \"pageDots\": true,\n            \"rightToLeft\": false,\n            \"draggable\": true,\n            \"selectedAttraction\": 0.1,\n            \"parallax\" : 0,\n            \"friction\": 0.6        }'\n        >\n        \n\n  <div class=\"banner has-hover\" id=\"banner-947661100\">\n          <div class=\"banner-inner fill\">\n        <div class=\"banner-bg fill\" >\n            <img loading=\"lazy\" decoding=\"async\" width=\"1200\" height=\"900\" src=\"https:\/\/www.sannicolasdemyra.cl\/web\/wp-content\/uploads\/carino.jpg\" class=\"bg attachment-original size-original\" alt=\"conocer a cada uno por su nombre\" \/>                        <div class=\"overlay\"><\/div>            \n                    <\/div>\n\t\t\n        <div class=\"banner-layers container\">\n            <div class=\"fill banner-link\"><\/div>            \n        <\/div>\n      <\/div>\n\n            \n<style>\n#banner-947661100 {\n  padding-top: 300px;\n}\n#banner-947661100 .overlay {\n  background-color: rgba(190, 190, 190, 0.2);\n}\n<\/style>\n  <\/div>\n\n\n\n  <div class=\"banner has-hover\" id=\"banner-896743992\">\n          <div class=\"banner-inner fill\">\n        <div class=\"banner-bg fill\" >\n            <img loading=\"lazy\" decoding=\"async\" width=\"1020\" height=\"765\" src=\"https:\/\/www.sannicolasdemyra.cl\/web\/wp-content\/uploads\/comunidad-1-1024x768.jpg\" class=\"bg attachment-large size-large\" alt=\"comunidad multicultural\" \/>                        <div class=\"overlay\"><\/div>            \n                    <\/div>\n\t\t\n        <div class=\"banner-layers container\">\n            <div class=\"fill banner-link\"><\/div>            \n        <\/div>\n      <\/div>\n\n            \n<style>\n#banner-896743992 {\n  padding-top: 300px;\n}\n#banner-896743992 .overlay {\n  background-color: rgba(190, 190, 190, 0.2);\n}\n<\/style>\n  <\/div>\n\n\n\n  <div class=\"banner has-hover\" id=\"banner-427410169\">\n          <div class=\"banner-inner fill\">\n        <div class=\"banner-bg fill\" >\n            <img loading=\"lazy\" decoding=\"async\" width=\"1200\" height=\"900\" src=\"https:\/\/www.sannicolasdemyra.cl\/web\/wp-content\/uploads\/excelencia-1.jpg\" class=\"bg attachment-original size-original\" alt=\"buscamos la excelencia acad\u00e9mica de cada alumno\" \/>                        <div class=\"overlay\"><\/div>            \n                    <\/div>\n\t\t\n        <div class=\"banner-layers container\">\n            <div class=\"fill banner-link\"><\/div>            \n        <\/div>\n      <\/div>\n\n            \n<style>\n#banner-427410169 {\n  padding-top: 300px;\n}\n#banner-427410169 .overlay {\n  background-color: rgba(190, 190, 190, 0.2);\n}\n<\/style>\n  <\/div>\n\n\n     <\/div>\n\n     <div class=\"loading-spin dark large centered\"><\/div>\n\n\t<\/div>\n\n\n\t\t<\/div>\n\t\t\t\t\t<\/div>\n\n\t\n\n<style>\n#row-2052717754 > .col > .col-inner {\n  padding: 0px 0px 0px 0px;\n}\n@media (min-width:550px) {\n  #row-2052717754 > .col > .col-inner {\n    padding: 0px 10px 0px 10px;\n  }\n}\n<\/style>\n<\/div>\n\t\t<\/div>\n\n\t\t\n<style>\n#section_738757225 {\n  padding-top: 14px;\n  padding-bottom: 14px;\n  background-color: #03263d;\n}\n@media (min-width:550px) {\n  #section_738757225 {\n    padding-top: 14px;\n    padding-bottom: 14px;\n  }\n}\n<\/style>\n\t<\/section>\n\t\n<div class=\"row\"  id=\"row-1031780211\">\n\n\t<div id=\"col-1168889232\" class=\"col medium-3 small-12 large-3\"  >\n\t\t\t\t<div class=\"col-inner\"  >\n\t\t\t\n\t\t\t\n\t<div class=\"ux-menu stack stack-col justify-start\">\n\t\t\n\t<div class=\"ux-menu-title flex\">\n\t\tNuestro Colegio\t<\/div>\n\t\n\t<div class=\"ux-menu-link flex menu-item\">\n\t\t<a class=\"ux-menu-link__link flex\" href=\"https:\/\/www.sannicolasdemyra.cl\/web\/nuestro-colegio\/proposito\/\" >\n\t\t\t\t\t\t<span class=\"ux-menu-link__text\">\n\t\t\t\tHistoria y Prop\u00f3sito\t\t\t<\/span>\n\t\t<\/a>\n\t<\/div>\n\t\n\t<div class=\"ux-menu-link flex menu-item\">\n\t\t<a class=\"ux-menu-link__link flex\" href=\"https:\/\/www.sannicolasdemyra.cl\/web\/nuestro-colegio\/atributos\/\" >\n\t\t\t\t\t\t<span class=\"ux-menu-link__text\">\n\t\t\t\tAtributos\t\t\t<\/span>\n\t\t<\/a>\n\t<\/div>\n\t\n\t<div class=\"ux-menu-link flex menu-item\">\n\t\t<a class=\"ux-menu-link__link flex\" href=\"https:\/\/www.sannicolasdemyra.cl\/web\/nuestro-colegio\/equipo\/\" >\n\t\t\t\t\t\t<span class=\"ux-menu-link__text\">\n\t\t\t\tEquipo\t\t\t<\/span>\n\t\t<\/a>\n\t<\/div>\n\t\n\t<div class=\"ux-menu-link flex menu-item\">\n\t\t<a class=\"ux-menu-link__link flex\" href=\"https:\/\/www.sannicolasdemyra.cl\/web\/nuestro-colegio\/niveles\/\" >\n\t\t\t\t\t\t<span class=\"ux-menu-link__text\">\n\t\t\t\tNiveles\t\t\t<\/span>\n\t\t<\/a>\n\t<\/div>\n\t\n\t<div class=\"ux-menu-link flex menu-item\">\n\t\t<a class=\"ux-menu-link__link flex\" href=\"https:\/\/www.sannicolasdemyra.cl\/web\/nuestro-colegio\/ingles\/\" >\n\t\t\t\t\t\t<span class=\"ux-menu-link__text\">\n\t\t\t\tIngl\u00e9s\t\t\t<\/span>\n\t\t<\/a>\n\t<\/div>\n\t\n\t<div class=\"ux-menu-link flex menu-item\">\n\t\t<a class=\"ux-menu-link__link flex\" href=\"https:\/\/www.sannicolasdemyra.cl\/web\/nuestro-colegio\/deportes\/\" >\n\t\t\t\t\t\t<span class=\"ux-menu-link__text\">\n\t\t\t\tDeportes\t\t\t<\/span>\n\t\t<\/a>\n\t<\/div>\n\t\n\t<div class=\"ux-menu-link flex menu-item\">\n\t\t<a class=\"ux-menu-link__link flex\" href=\"https:\/\/www.sannicolasdemyra.cl\/web\/nuestro-colegio\/intercambios\/\" >\n\t\t\t\t\t\t<span class=\"ux-menu-link__text\">\n\t\t\t\tIntercambios\t\t\t<\/span>\n\t\t<\/a>\n\t<\/div>\n\t\n\t<div class=\"ux-menu-link flex menu-item\">\n\t\t<a class=\"ux-menu-link__link flex\" href=\"https:\/\/www.sannicolasdemyra.cl\/web\/nuestro-colegio\/infraestructura\/\" >\n\t\t\t\t\t\t<span class=\"ux-menu-link__text\">\n\t\t\t\tInfraestructura\t\t\t<\/span>\n\t\t<\/a>\n\t<\/div>\n\t\n\t<\/div>\n\t\n\t\t<\/div>\n\t\t\t\t\t<\/div>\n\n\t\n\n\t<div id=\"col-1179348710\" class=\"col medium-9 small-12 large-9 small-col-first\"  >\n\t\t\t\t<div class=\"col-inner\"  >\n\t\t\t\n\t\t\t\n\n  \n    <div class=\"row large-columns-2 medium-columns-1 small-columns-1 slider row-slider slider-nav-simple slider-nav-push\"  data-flickity-options='{&quot;imagesLoaded&quot;: true, &quot;groupCells&quot;: &quot;100%&quot;, &quot;dragThreshold&quot; : 5, &quot;cellAlign&quot;: &quot;left&quot;,&quot;wrapAround&quot;: true,&quot;prevNextButtons&quot;: true,&quot;percentPosition&quot;: true,&quot;pageDots&quot;: false, &quot;rightToLeft&quot;: false, &quot;autoPlay&quot; : false}' >\n\n  <\/div>\n\t<div id=\"text-1489169174\" class=\"text\">\n\t\t\n<p>En el Colegio San Nicol\u00e1s de Myra, nuestra propuesta educativa se basa en pilares s\u00f3lidos que destacan nuestra esencia:<\/p>\n\t\t\n<style>\n#text-1489169174 {\n  text-align: left;\n}\n<\/style>\n\t<\/div>\n\t\n<div class=\"row\"  id=\"row-735375533\">\n\n\t<div id=\"col-1086478512\" class=\"col medium-6 small-12 large-6\"  >\n\t\t\t\t<div class=\"col-inner\"  >\n\t\t\t\n\t\t\t\n<h3>Be the Nice Kid:<\/h3>\n<p>Fomentamos un ambiente de respeto, bienestar y compa\u00f1erismo. Nuestro <strong>Departamento de Convivencia Escolar<\/strong>, junto con programas como <strong>PDP<\/strong> y <strong>Sana Convivencia<\/strong>, asegura un entorno seguro y c\u00e1lido que potencia el aprendizaje y el desarrollo integral de los estudiantes.<\/p>\n\t\t<\/div>\n\t\t\t\t\t<\/div>\n\n\t\n\n\t<div id=\"col-1777412917\" class=\"col medium-6 small-12 large-6\"  >\n\t\t\t\t<div class=\"col-inner\"  >\n\t\t\t\n\t\t\t\n<h3>Academic Achievement:<\/h3>\n<p>Impulsamos a nuestros estudiantes a desarrollar al m\u00e1ximo sus habilidades, celebrando sus talentos y fomentando la excelencia educativa con un enfoque inclusivo. Los resultados de <strong>SIMCE<\/strong> y <strong>PAES<\/strong> son prueba de nuestro compromiso con un aprendizaje significativo y de calidad.<\/p>\n\t\t<\/div>\n\t\t\t\t\t<\/div>\n\n\t\n<\/div>\n<div class=\"row\"  id=\"row-17019267\">\n\n\t<div id=\"col-115675855\" class=\"col medium-6 small-12 large-6\"  >\n\t\t\t\t<div class=\"col-inner\"  >\n\t\t\t\n\t\t\t\n\t<div class=\"img has-hover x md-x lg-x y md-y lg-y\" id=\"image_364808306\">\n\t\t\t\t\t\t\t\t<div class=\"img-inner dark\" >\n\t\t\t<img loading=\"lazy\" decoding=\"async\" width=\"1200\" height=\"810\" src=\"https:\/\/www.sannicolasdemyra.cl\/web\/wp-content\/uploads\/Premiacion.jpg\" class=\"attachment-original size-original\" alt=\"premiaci\u00f3n de alumnos de fin de a\u00f1o\" srcset=\"https:\/\/www.sannicolasdemyra.cl\/web\/wp-content\/uploads\/Premiacion.jpg 1200w, https:\/\/www.sannicolasdemyra.cl\/web\/wp-content\/uploads\/Premiacion-300x203.jpg 300w, https:\/\/www.sannicolasdemyra.cl\/web\/wp-content\/uploads\/Premiacion-1024x691.jpg 1024w, https:\/\/www.sannicolasdemyra.cl\/web\/wp-content\/uploads\/Premiacion-768x518.jpg 768w\" sizes=\"auto, (max-width: 1200px) 100vw, 1200px\" \/>\t\t\t\t\t\t\n\t\t\t\t\t<\/div>\n\t\t\t\t\t\t\t\t\n<style>\n#image_364808306 {\n  width: 100%;\n}\n<\/style>\n\t<\/div>\n\t\n\t\t<\/div>\n\t\t\t\t\t<\/div>\n\n\t\n\n\t<div id=\"col-615801386\" class=\"col medium-6 small-12 large-6\"  >\n\t\t\t\t<div class=\"col-inner\"  >\n\t\t\t\n\t\t\t\n\t<div class=\"img has-hover x md-x lg-x y md-y lg-y\" id=\"image_425856187\">\n\t\t\t\t\t\t\t\t<div class=\"img-inner dark\" >\n\t\t\t<img loading=\"lazy\" decoding=\"async\" width=\"1200\" height=\"810\" src=\"https:\/\/www.sannicolasdemyra.cl\/web\/wp-content\/uploads\/Station-Rotation-2.jpg\" class=\"attachment-original size-original\" alt=\"Trabajo de centros de rotaci\u00f3n\" srcset=\"https:\/\/www.sannicolasdemyra.cl\/web\/wp-content\/uploads\/Station-Rotation-2.jpg 1200w, https:\/\/www.sannicolasdemyra.cl\/web\/wp-content\/uploads\/Station-Rotation-2-300x203.jpg 300w, https:\/\/www.sannicolasdemyra.cl\/web\/wp-content\/uploads\/Station-Rotation-2-1024x691.jpg 1024w, https:\/\/www.sannicolasdemyra.cl\/web\/wp-content\/uploads\/Station-Rotation-2-768x518.jpg 768w\" sizes=\"auto, (max-width: 1200px) 100vw, 1200px\" \/>\t\t\t\t\t\t\n\t\t\t\t\t<\/div>\n\t\t\t\t\t\t\t\t\n<style>\n#image_425856187 {\n  width: 100%;\n}\n<\/style>\n\t<\/div>\n\t\n\t\t<\/div>\n\t\t\t\t\t<\/div>\n\n\t\n<\/div>\n\t<div id=\"text-3507799720\" class=\"text\">\n\t\t\n<p><span style=\"font-weight: 400;\">Adem\u00e1s fortalecemos estos pilares con:<\/p>\n<p><\/span><\/p>\n\t\t\n<style>\n#text-3507799720 {\n  text-align: left;\n}\n<\/style>\n\t<\/div>\n\t\n<div class=\"row\"  id=\"row-128294033\">\n\n\t<div id=\"col-646736688\" class=\"col medium-4 small-12 large-4\"  >\n\t\t\t\t<div class=\"col-inner\"  >\n\t\t\t\n\t\t\t\n\t<div class=\"img has-hover x md-x lg-x y md-y lg-y\" id=\"image_518925574\">\n\t\t\t\t\t\t\t\t<div class=\"img-inner dark\" >\n\t\t\t<img loading=\"lazy\" decoding=\"async\" width=\"1200\" height=\"810\" src=\"https:\/\/www.sannicolasdemyra.cl\/web\/wp-content\/uploads\/steam-fair-Colegio.jpg\" class=\"attachment-original size-original\" alt=\"Feria STEAM del colegio\" srcset=\"https:\/\/www.sannicolasdemyra.cl\/web\/wp-content\/uploads\/steam-fair-Colegio.jpg 1200w, https:\/\/www.sannicolasdemyra.cl\/web\/wp-content\/uploads\/steam-fair-Colegio-300x203.jpg 300w, https:\/\/www.sannicolasdemyra.cl\/web\/wp-content\/uploads\/steam-fair-Colegio-1024x691.jpg 1024w, https:\/\/www.sannicolasdemyra.cl\/web\/wp-content\/uploads\/steam-fair-Colegio-768x518.jpg 768w\" sizes=\"auto, (max-width: 1200px) 100vw, 1200px\" \/>\t\t\t\t\t\t\n\t\t\t\t\t<\/div>\n\t\t\t\t\t\t\t\t\n<style>\n#image_518925574 {\n  width: 100%;\n}\n<\/style>\n\t<\/div>\n\t\n\t<div id=\"text-1876416487\" class=\"text\">\n\t\t\n<h3>Innovaci\u00f3n Educativa<\/h3>\n<p>M\u00e9todos de ense\u00f1anza modernos que inspiran el aprendizaje activo y creativo, preparados para los desaf\u00edos del futuro.<\/p>\n\t\t\n<style>\n#text-1876416487 {\n  font-size: 0.9rem;\n}\n<\/style>\n\t<\/div>\n\t\n\t\t<\/div>\n\t\t\t\t\t<\/div>\n\n\t\n\n\t<div id=\"col-2098459310\" class=\"col medium-4 small-12 large-4\"  >\n\t\t\t\t<div class=\"col-inner\"  >\n\t\t\t\n\t\t\t\n\t<div class=\"img has-hover x md-x lg-x y md-y lg-y\" id=\"image_247631840\">\n\t\t\t\t\t\t\t\t<div class=\"img-inner dark\" >\n\t\t\t<img loading=\"lazy\" decoding=\"async\" width=\"1200\" height=\"810\" src=\"https:\/\/www.sannicolasdemyra.cl\/web\/wp-content\/uploads\/jardin-infantil-gran-familia-.jpg\" class=\"attachment-original size-original\" alt=\"\" srcset=\"https:\/\/www.sannicolasdemyra.cl\/web\/wp-content\/uploads\/jardin-infantil-gran-familia-.jpg 1200w, https:\/\/www.sannicolasdemyra.cl\/web\/wp-content\/uploads\/jardin-infantil-gran-familia--300x203.jpg 300w, https:\/\/www.sannicolasdemyra.cl\/web\/wp-content\/uploads\/jardin-infantil-gran-familia--1024x691.jpg 1024w, https:\/\/www.sannicolasdemyra.cl\/web\/wp-content\/uploads\/jardin-infantil-gran-familia--768x518.jpg 768w\" sizes=\"auto, (max-width: 1200px) 100vw, 1200px\" \/>\t\t\t\t\t\t\n\t\t\t\t\t<\/div>\n\t\t\t\t\t\t\t\t\n<style>\n#image_247631840 {\n  width: 100%;\n}\n<\/style>\n\t<\/div>\n\t\n\t<div id=\"text-1733722590\" class=\"text\">\n\t\t\n<h3>Cercania y Comunidad<\/h3>\n<p>Un ambiente c\u00e1lido y acogedor donde estudiantes, familias y docentes trabajan juntos, formando una verdadera comunidad educativa.<\/p>\n\t\t\n<style>\n#text-1733722590 {\n  font-size: 0.9rem;\n}\n<\/style>\n\t<\/div>\n\t\n\t\t<\/div>\n\t\t\t\t\t<\/div>\n\n\t\n\n\t<div id=\"col-695568886\" class=\"col medium-4 small-12 large-4\"  >\n\t\t\t\t<div class=\"col-inner\"  >\n\t\t\t\n\t\t\t\n\t<div class=\"img has-hover x md-x lg-x y md-y lg-y\" id=\"image_530057018\">\n\t\t\t\t\t\t\t\t<div class=\"img-inner dark\" >\n\t\t\t<img loading=\"lazy\" decoding=\"async\" width=\"1200\" height=\"810\" src=\"https:\/\/www.sannicolasdemyra.cl\/web\/wp-content\/uploads\/Green-Day-1.jpg\" class=\"attachment-original size-original\" alt=\"d\u00eda verde\" srcset=\"https:\/\/www.sannicolasdemyra.cl\/web\/wp-content\/uploads\/Green-Day-1.jpg 1200w, https:\/\/www.sannicolasdemyra.cl\/web\/wp-content\/uploads\/Green-Day-1-300x203.jpg 300w, https:\/\/www.sannicolasdemyra.cl\/web\/wp-content\/uploads\/Green-Day-1-1024x691.jpg 1024w, https:\/\/www.sannicolasdemyra.cl\/web\/wp-content\/uploads\/Green-Day-1-768x518.jpg 768w\" sizes=\"auto, (max-width: 1200px) 100vw, 1200px\" \/>\t\t\t\t\t\t\n\t\t\t\t\t<\/div>\n\t\t\t\t\t\t\t\t\n<style>\n#image_530057018 {\n  width: 100%;\n}\n<\/style>\n\t<\/div>\n\t\n\t<div id=\"text-3136171761\" class=\"text\">\n\t\t\n<h3>Compromiso con el Entorno<\/h3>\n<p>Fomentamos el cuidado del medioambiente y la responsabilidad social como parte fundamental de la formaci\u00f3n integral de nuestros estudiantes.<\/p>\n\t\t\n<style>\n#text-3136171761 {\n  font-size: 0.9rem;\n}\n<\/style>\n\t<\/div>\n\t\n\t\t<\/div>\n\t\t\t\t\t<\/div>\n\n\t\n<\/div>\n<div class=\"text-center\"><div class=\"is-divider divider clearfix\" style=\"max-width:77px;\"><\/div><\/div>\n<div class=\"slider-wrapper relative\" id=\"slider-1225056293\" >\n    <div class=\"slider slider-nav-circle slider-nav-large slider-nav-light slider-style-normal\"\n        data-flickity-options='{\n            \"cellAlign\": \"center\",\n            \"imagesLoaded\": true,\n            \"lazyLoad\": 1,\n            \"freeScroll\": false,\n            \"wrapAround\": true,\n            \"autoPlay\": 4000,\n            \"pauseAutoPlayOnHover\" : true,\n            \"prevNextButtons\": true,\n            \"contain\" : true,\n            \"adaptiveHeight\" : true,\n            \"dragThreshold\" : 10,\n            \"percentPosition\": true,\n            \"pageDots\": true,\n            \"rightToLeft\": false,\n            \"draggable\": true,\n            \"selectedAttraction\": 0.1,\n            \"parallax\" : 0,\n            \"friction\": 0.6        }'\n        >\n        \n<div class=\"row\"  id=\"row-1903185595\">\n\n\t<div id=\"col-1791110089\" class=\"col medium-4 small-12 large-4\"  >\n\t\t\t\t<div class=\"col-inner\"  >\n\t\t\t\n\t\t\t\n\t<div class=\"box has-hover   has-hover box-text-bottom\" >\n\n\t\t<div class=\"box-image\" >\n\t\t\t\t\t\t<div class=\"\" >\n\t\t\t\t<img loading=\"lazy\" decoding=\"async\" width=\"1200\" height=\"810\" src=\"https:\/\/www.sannicolasdemyra.cl\/web\/wp-content\/uploads\/comunidad-internacional.jpg\" class=\"attachment- size-\" alt=\"comunidad internacional escolar\" srcset=\"https:\/\/www.sannicolasdemyra.cl\/web\/wp-content\/uploads\/comunidad-internacional.jpg 1200w, https:\/\/www.sannicolasdemyra.cl\/web\/wp-content\/uploads\/comunidad-internacional-300x203.jpg 300w, https:\/\/www.sannicolasdemyra.cl\/web\/wp-content\/uploads\/comunidad-internacional-1024x691.jpg 1024w, https:\/\/www.sannicolasdemyra.cl\/web\/wp-content\/uploads\/comunidad-internacional-768x518.jpg 768w\" sizes=\"auto, (max-width: 1200px) 100vw, 1200px\" \/>\t\t\t\t\t\t\t\t\t\t\t<\/div>\n\t\t\t\t\t<\/div>\n\n\t\t<div class=\"box-text text-center\" >\n\t\t\t<div class=\"box-text-inner\">\n\t\t\t\t\n\t<div id=\"text-2849856172\" class=\"text\">\n\t\t\n<h4><b>Somos una Gran Familia<\/b><\/h4>\n<p><span style=\"font-weight: 400;\"><strong><em>We Know You by Your Name<\/em><\/strong><br \/>Relaciones aut\u00e9nticas y personalizadas. Creemos en el buen trato, el compa\u00f1erismo y el apoyo continuo para el desarrollo integral.<br \/><\/span><\/p>\n\t\t\n<style>\n#text-2849856172 {\n  text-align: left;\n}\n<\/style>\n\t<\/div>\n\t\n\t\t\t<\/div>\n\t\t<\/div>\n\t<\/div>\n\t\n\t\t<\/div>\n\t\t\t\t\t<\/div>\n\n\t\n\n\t<div id=\"col-1240992864\" class=\"col medium-4 small-12 large-4\"  >\n\t\t\t\t<div class=\"col-inner\"  >\n\t\t\t\n\t\t\t\n\t<div class=\"box has-hover   has-hover box-text-bottom\" >\n\n\t\t<div class=\"box-image\" >\n\t\t\t\t\t\t<div class=\"\" >\n\t\t\t\t<img loading=\"lazy\" decoding=\"async\" width=\"1200\" height=\"810\" src=\"https:\/\/www.sannicolasdemyra.cl\/web\/wp-content\/uploads\/Station-Rotation.jpg\" class=\"attachment- size-\" alt=\"Metodolog\u00eda de Station Rotation en clases\" srcset=\"https:\/\/www.sannicolasdemyra.cl\/web\/wp-content\/uploads\/Station-Rotation.jpg 1200w, https:\/\/www.sannicolasdemyra.cl\/web\/wp-content\/uploads\/Station-Rotation-300x203.jpg 300w, https:\/\/www.sannicolasdemyra.cl\/web\/wp-content\/uploads\/Station-Rotation-1024x691.jpg 1024w, https:\/\/www.sannicolasdemyra.cl\/web\/wp-content\/uploads\/Station-Rotation-768x518.jpg 768w\" sizes=\"auto, (max-width: 1200px) 100vw, 1200px\" \/>\t\t\t\t\t\t\t\t\t\t\t<\/div>\n\t\t\t\t\t<\/div>\n\n\t\t<div class=\"box-text text-center\" >\n\t\t\t<div class=\"box-text-inner\">\n\t\t\t\t\n\t<div id=\"text-3722541645\" class=\"text\">\n\t\t\n<h4><b>Educaci\u00f3n Integral<\/b><\/h4>\n<p><span style=\"font-weight: 400;\"><strong><em>Whole-Being Education<\/em><\/strong><br \/>Unimos excelencia acad\u00e9mica, desarrollo f\u00edsico y formaci\u00f3n en valores. Dominio del ingl\u00e9s (B2-C1-C2) como herramienta global.<br \/><\/span><\/p>\n\t\t\n<style>\n#text-3722541645 {\n  text-align: left;\n}\n<\/style>\n\t<\/div>\n\t\n\t\t\t<\/div>\n\t\t<\/div>\n\t<\/div>\n\t\n\t\t<\/div>\n\t\t\t\t\t<\/div>\n\n\t\n\n\t<div id=\"col-248537603\" class=\"col medium-4 small-12 large-4\"  >\n\t\t\t\t<div class=\"col-inner\"  >\n\t\t\t\n\t\t\t\n\t<div class=\"box has-hover   has-hover box-text-bottom\" >\n\n\t\t<div class=\"box-image\" >\n\t\t\t\t\t\t<div class=\"\" >\n\t\t\t\t<img loading=\"lazy\" decoding=\"async\" width=\"1200\" height=\"810\" src=\"https:\/\/www.sannicolasdemyra.cl\/web\/wp-content\/uploads\/actividades-ludicas.jpg\" class=\"attachment- size-\" alt=\"alumnos de senior en actividades l\u00fadicas\" srcset=\"https:\/\/www.sannicolasdemyra.cl\/web\/wp-content\/uploads\/actividades-ludicas.jpg 1200w, https:\/\/www.sannicolasdemyra.cl\/web\/wp-content\/uploads\/actividades-ludicas-300x203.jpg 300w, https:\/\/www.sannicolasdemyra.cl\/web\/wp-content\/uploads\/actividades-ludicas-1024x691.jpg 1024w, https:\/\/www.sannicolasdemyra.cl\/web\/wp-content\/uploads\/actividades-ludicas-768x518.jpg 768w\" sizes=\"auto, (max-width: 1200px) 100vw, 1200px\" \/>\t\t\t\t\t\t\t\t\t\t\t<\/div>\n\t\t\t\t\t<\/div>\n\n\t\t<div class=\"box-text text-center\" >\n\t\t\t<div class=\"box-text-inner\">\n\t\t\t\t\n\t<div id=\"text-3691965791\" class=\"text\">\n\t\t\n<h4><b>Aprender Haciendo<\/b><\/h4>\n<p><span style=\"font-weight: 400;\"><strong><em>Learn by Doing<\/em><\/strong><br \/>Aprendizaje pr\u00e1ctico, intercambios internacionales, innovaci\u00f3n y pensamiento cr\u00edtico como motores del desarrollo.<br \/><\/span><\/p>\n\t\t\n<style>\n#text-3691965791 {\n  text-align: left;\n}\n<\/style>\n\t<\/div>\n\t\n\t\t\t<\/div>\n\t\t<\/div>\n\t<\/div>\n\t\n\t\t<\/div>\n\t\t\t\t\t<\/div>\n\n\t\n<\/div>\n<div class=\"row\"  id=\"row-1969041265\">\n\n\t<div id=\"col-970981424\" class=\"col medium-4 small-12 large-4\"  >\n\t\t\t\t<div class=\"col-inner\"  >\n\t\t\t\n\t\t\t\n\t<div class=\"box has-hover   has-hover box-text-bottom\" >\n\n\t\t<div class=\"box-image\" >\n\t\t\t\t\t\t<div class=\"\" >\n\t\t\t\t<img loading=\"lazy\" decoding=\"async\" width=\"1200\" height=\"810\" src=\"https:\/\/www.sannicolasdemyra.cl\/web\/wp-content\/uploads\/Web-SENIOR.jpg\" class=\"attachment- size-\" alt=\"Colegio despidiendo a nuestro IV Medio\" srcset=\"https:\/\/www.sannicolasdemyra.cl\/web\/wp-content\/uploads\/Web-SENIOR.jpg 1200w, https:\/\/www.sannicolasdemyra.cl\/web\/wp-content\/uploads\/Web-SENIOR-300x203.jpg 300w, https:\/\/www.sannicolasdemyra.cl\/web\/wp-content\/uploads\/Web-SENIOR-1024x691.jpg 1024w, https:\/\/www.sannicolasdemyra.cl\/web\/wp-content\/uploads\/Web-SENIOR-768x518.jpg 768w\" sizes=\"auto, (max-width: 1200px) 100vw, 1200px\" \/>\t\t\t\t\t\t\t\t\t\t\t<\/div>\n\t\t\t\t\t<\/div>\n\n\t\t<div class=\"box-text text-center\" >\n\t\t\t<div class=\"box-text-inner\">\n\t\t\t\t\n\t<div id=\"text-3115546318\" class=\"text\">\n\t\t\n<h4><b>Sentido Trascendente de la Vida<\/b><\/h4>\n<p><span style=\"font-weight: 400;\"><strong><em>Transcendent Purpose<\/em><\/strong><br \/>Valores como respeto, solidaridad y servicio, guiados por una visi\u00f3n de vida con impacto positivo en la sociedad.<br \/><\/span><\/p>\n\t\t\n<style>\n#text-3115546318 {\n  text-align: left;\n}\n<\/style>\n\t<\/div>\n\t\n\t\t\t<\/div>\n\t\t<\/div>\n\t<\/div>\n\t\n\t\t<\/div>\n\t\t\t\t\t<\/div>\n\n\t\n\n\t<div id=\"col-745374145\" class=\"col medium-4 small-12 large-4\"  >\n\t\t\t\t<div class=\"col-inner\"  >\n\t\t\t\n\t\t\t\n\t<div class=\"box has-hover   has-hover box-text-bottom\" >\n\n\t\t<div class=\"box-image\" >\n\t\t\t\t\t\t<div class=\"\" >\n\t\t\t\t<img loading=\"lazy\" decoding=\"async\" width=\"1200\" height=\"810\" src=\"https:\/\/www.sannicolasdemyra.cl\/web\/wp-content\/uploads\/Inclusion-colegio-snm.jpg\" class=\"attachment- size-\" alt=\"Colegio con inclusi\u00f3n\" srcset=\"https:\/\/www.sannicolasdemyra.cl\/web\/wp-content\/uploads\/Inclusion-colegio-snm.jpg 1200w, https:\/\/www.sannicolasdemyra.cl\/web\/wp-content\/uploads\/Inclusion-colegio-snm-300x203.jpg 300w, https:\/\/www.sannicolasdemyra.cl\/web\/wp-content\/uploads\/Inclusion-colegio-snm-1024x691.jpg 1024w, https:\/\/www.sannicolasdemyra.cl\/web\/wp-content\/uploads\/Inclusion-colegio-snm-768x518.jpg 768w\" sizes=\"auto, (max-width: 1200px) 100vw, 1200px\" \/>\t\t\t\t\t\t\t\t\t\t\t<\/div>\n\t\t\t\t\t<\/div>\n\n\t\t<div class=\"box-text text-center\" >\n\t\t\t<div class=\"box-text-inner\">\n\t\t\t\t\n\t<div id=\"text-3755923374\" class=\"text\">\n\t\t\n<h4><b>Crecemos en Comunidad<\/b><\/h4>\n<p><span style=\"font-weight: 400;\"><strong><em>Teamwork<\/em><\/strong><br \/>La colaboraci\u00f3n, inclusi\u00f3n y buena convivencia son esenciales para un crecimiento personal y colectivo.<br \/><\/span><\/p>\n\t\t\n<style>\n#text-3755923374 {\n  text-align: left;\n}\n<\/style>\n\t<\/div>\n\t\n\t\t\t<\/div>\n\t\t<\/div>\n\t<\/div>\n\t\n\t\t<\/div>\n\t\t\t\t\t<\/div>\n\n\t\n\n\t<div id=\"col-723764264\" class=\"col medium-4 small-12 large-4\"  >\n\t\t\t\t<div class=\"col-inner\"  >\n\t\t\t\n\t\t\t\n\t<div class=\"box has-hover   has-hover box-text-bottom\" >\n\n\t\t<div class=\"box-image\" >\n\t\t\t\t\t\t<div class=\"\" >\n\t\t\t\t<img loading=\"lazy\" decoding=\"async\" width=\"1200\" height=\"810\" src=\"https:\/\/www.sannicolasdemyra.cl\/web\/wp-content\/uploads\/comunidad-internacional.jpg\" class=\"attachment- size-\" alt=\"comunidad internacional escolar\" srcset=\"https:\/\/www.sannicolasdemyra.cl\/web\/wp-content\/uploads\/comunidad-internacional.jpg 1200w, https:\/\/www.sannicolasdemyra.cl\/web\/wp-content\/uploads\/comunidad-internacional-300x203.jpg 300w, https:\/\/www.sannicolasdemyra.cl\/web\/wp-content\/uploads\/comunidad-internacional-1024x691.jpg 1024w, https:\/\/www.sannicolasdemyra.cl\/web\/wp-content\/uploads\/comunidad-internacional-768x518.jpg 768w\" sizes=\"auto, (max-width: 1200px) 100vw, 1200px\" \/>\t\t\t\t\t\t\t\t\t\t\t<\/div>\n\t\t\t\t\t<\/div>\n\n\t\t<div class=\"box-text text-center\" >\n\t\t\t<div class=\"box-text-inner\">\n\t\t\t\t\n\t<div id=\"text-347393987\" class=\"text\">\n\t\t\n<h4><b>Somos una Gran Familia<\/b><\/h4>\n<p><span style=\"font-weight: 400;\"><strong><em>We Know You by Your Name<\/em><\/strong><br \/>Relaciones aut\u00e9nticas y personalizadas. Creemos en el buen trato, el compa\u00f1erismo y el apoyo continuo para el desarrollo integral.<br \/><\/span><\/p>\n\t\t\n<style>\n#text-347393987 {\n  text-align: left;\n}\n<\/style>\n\t<\/div>\n\t\n\t\t\t<\/div>\n\t\t<\/div>\n\t<\/div>\n\t\n\t\t<\/div>\n\t\t\t\t\t<\/div>\n\n\t\n<\/div>\n     <\/div>\n\n     <div class=\"loading-spin dark large centered\"><\/div>\n\n\t<\/div>\n\n\n<div class=\"text-center\"><div class=\"is-divider divider clearfix\" style=\"max-width:77px;\"><\/div><\/div>\n<p><strong>Somos un colegio mixto que fomenta la diversidad, la inclusi\u00f3n y una perspectiva global. Con jard\u00edn infantil desde los 2 a\u00f1os, cupos limitados para una atenci\u00f3n personalizada, y una comunidad internacional, ofrecemos una experiencia educativa cercana y enriquecedora.<\/strong><br \/><em>Si quieres conocer m\u00e1s sobre nuestro enfoque y valores, te invitamos a leer nuestro Proyecto Educativo Institucional (PEI)<\/em><\/p>\n\t<div id=\"gap-960572813\" class=\"gap-element clearfix\" style=\"display:block; height:auto;\">\n\t\t\n<style>\n#gap-960572813 {\n  padding-top: 7px;\n}\n<\/style>\n\t<\/div>\n\t\n<a href=\"https:\/\/www.sannicolasdemyra.cl\/web\/wp-content\/uploads\/Proyecto-Educativo-Institucional-SNM-2024.pdf\" target=\"_blank\" class=\"button primary is-outline lowercase\" rel=\"noopener\" style=\"border-radius:99px;\">\n\t\t<span>Conoce nuestro Proyecto Educativo Institucional<\/span>\n\t<\/a>\n\n\t\t<\/div>\n\t\t\t\t\t<\/div>\n\n\t\n<\/div>\n\n\t<section class=\"section dark\" id=\"section_1054232491\">\n\t\t<div class=\"section-bg fill\" >\n\t\t\t\t\t\t\t\t\t\n\t\t\t\n\t<div class=\"is-border\"\n\t\tstyle=\"border-width:0px 0px 180px 0px;\">\n\t<\/div>\n\n\t\t<\/div>\n\n\t\t\n\t<div class=\"ux-shape-divider ux-shape-divider--bottom ux-shape-divider--style-curve-invert\">\n\t\t<svg viewBox=\"0 0 1000 100\" xmlns=\"http:\/\/www.w3.org\/2000\/svg\" preserveAspectRatio=\"none\">\n\t<path class=\"ux-shape-fill\" d=\"M500 47.0297C184.4 47.0297 -26 100 -26 100H1026C1026 100 815.6 47.0297 500 47.0297ZM1026 -5.94059H-26V-7H1026V-5.94059Z\"\/>\n<\/svg>\n\n\t<\/div>\n\n\t\t<div class=\"section-content relative\">\n\t\t\t\n<div class=\"row hide-for-small\"  id=\"row-1920188661\">\n\n\t<div id=\"col-2009259546\" class=\"col medium-4 small-12 large-4\"  >\n\t\t\t\t<div class=\"col-inner\"  >\n\t\t\t\n\t\t\t\n\t<div class=\"box has-hover   has-hover box-label box-text-bottom\" >\n\n\t\t<div class=\"box-image\" >\n\t\t\t<a href=\"https:\/\/www.sannicolasdemyra.cl\/web\/nuestro-colegio\/ingles\/\" target=\"_blank\" rel=\"noopener\" >\t\t\t<div class=\"image-cover\" style=\"padding-top:100%;\">\n\t\t\t\t<img loading=\"lazy\" decoding=\"async\" width=\"400\" height=\"400\" src=\"https:\/\/www.sannicolasdemyra.cl\/web\/wp-content\/uploads\/Ingles.jpg\" class=\"attachment-original size-original\" alt=\"Intercambio -London-ingl\u00e9s\" srcset=\"https:\/\/www.sannicolasdemyra.cl\/web\/wp-content\/uploads\/Ingles.jpg 400w, https:\/\/www.sannicolasdemyra.cl\/web\/wp-content\/uploads\/Ingles-300x300.jpg 300w, https:\/\/www.sannicolasdemyra.cl\/web\/wp-content\/uploads\/Ingles-150x150.jpg 150w\" sizes=\"auto, (max-width: 400px) 100vw, 400px\" \/>\t\t\t\t\t\t\t\t\t\t\t<\/div>\n\t\t\t<\/a>\t\t<\/div>\n\n\t\t<div class=\"box-text text-center dark\" style=\"background-color:rgba(1, 46, 64, 0.808);\">\n\t\t\t<div class=\"box-text-inner\">\n\t\t\t\t\n<h4>INGL\u00c9S<\/h4>\n\t\t\t<\/div>\n\t\t<\/div>\n\t<\/div>\n\t\n\t\t<\/div>\n\t\t\t\t\t<\/div>\n\n\t\n\n\t<div id=\"col-752145754\" class=\"col medium-4 small-12 large-4\"  >\n\t\t\t\t<div class=\"col-inner\"  >\n\t\t\t\n\t\t\t\n\t<div class=\"box has-hover   has-hover box-label box-text-bottom\" >\n\n\t\t<div class=\"box-image\" >\n\t\t\t<a href=\"https:\/\/www.sannicolasdemyra.cl\/web\/vida-escolar\/sana-convivencia\/\" target=\"_blank\" rel=\"noopener\" >\t\t\t<div class=\"image-cover\" style=\"padding-top:100%;\">\n\t\t\t\t<img loading=\"lazy\" decoding=\"async\" width=\"1080\" height=\"1080\" src=\"https:\/\/www.sannicolasdemyra.cl\/web\/wp-content\/uploads\/SNM-sana-Convivencia.png\" class=\"attachment-original size-original\" alt=\"colegio con sana convivencia\" \/>\t\t\t\t\t\t\t\t\t\t\t<\/div>\n\t\t\t<\/a>\t\t<\/div>\n\n\t\t<div class=\"box-text text-center dark\" style=\"background-color:rgba(1, 46, 64, 0.808);\">\n\t\t\t<div class=\"box-text-inner\">\n\t\t\t\t\n<h4>SANA CONVIVENCIA<\/h4>\n\t\t\t<\/div>\n\t\t<\/div>\n\t<\/div>\n\t\n\t\t<\/div>\n\t\t\t\t\t<\/div>\n\n\t\n\n\t<div id=\"col-131387540\" class=\"col medium-4 small-12 large-4\"  >\n\t\t\t\t<div class=\"col-inner\"  >\n\t\t\t\n\t\t\t\n\t<div class=\"box has-hover   has-hover box-label box-text-bottom\" >\n\n\t\t<div class=\"box-image\" >\n\t\t\t<a href=\"https:\/\/www.sannicolasdemyra.cl\/web\/nuestro-colegio\/intercambios\/\" target=\"_blank\" rel=\"noopener\" >\t\t\t<div class=\"image-cover\" style=\"padding-top:100%;\">\n\t\t\t\t<img loading=\"lazy\" decoding=\"async\" width=\"400\" height=\"400\" src=\"https:\/\/www.sannicolasdemyra.cl\/web\/wp-content\/uploads\/intercambio-London.jpg\" class=\"attachment-original size-original\" alt=\"estudiantes de intercambio Londres\" srcset=\"https:\/\/www.sannicolasdemyra.cl\/web\/wp-content\/uploads\/intercambio-London.jpg 400w, https:\/\/www.sannicolasdemyra.cl\/web\/wp-content\/uploads\/intercambio-London-300x300.jpg 300w, https:\/\/www.sannicolasdemyra.cl\/web\/wp-content\/uploads\/intercambio-London-150x150.jpg 150w\" sizes=\"auto, (max-width: 400px) 100vw, 400px\" \/>\t\t\t\t\t\t\t\t\t\t\t<\/div>\n\t\t\t<\/a>\t\t<\/div>\n\n\t\t<div class=\"box-text text-center dark\" style=\"background-color:rgba(1, 46, 64, 0.808);\">\n\t\t\t<div class=\"box-text-inner\">\n\t\t\t\t\n<h4>INTERCAMBIOS<\/h4>\n\t\t\t<\/div>\n\t\t<\/div>\n\t<\/div>\n\t\n\t\t<\/div>\n\t\t\t\t\t<\/div>\n\n\t\n<\/div>\n<div class=\"row show-for-small\"  id=\"row-1726641507\">\n\n\t<div id=\"col-1568581135\" class=\"col medium-4 small-12 large-4\"  >\n\t\t\t\t<div class=\"col-inner\"  >\n\t\t\t\n\t\t\t\n<div class=\"slider-wrapper relative\" id=\"slider-2080451617\" >\n    <div class=\"slider slider-nav-dots-simple slider-nav-circle slider-nav-large slider-nav-dark slider-style-normal\"\n        data-flickity-options='{\n            \"cellAlign\": \"center\",\n            \"imagesLoaded\": true,\n            \"lazyLoad\": 1,\n            \"freeScroll\": false,\n            \"wrapAround\": true,\n            \"autoPlay\": 6000,\n            \"pauseAutoPlayOnHover\" : true,\n            \"prevNextButtons\": false,\n            \"contain\" : true,\n            \"adaptiveHeight\" : true,\n            \"dragThreshold\" : 10,\n            \"percentPosition\": true,\n            \"pageDots\": true,\n            \"rightToLeft\": false,\n            \"draggable\": true,\n            \"selectedAttraction\": 0.1,\n            \"parallax\" : 0,\n            \"friction\": 0.6        }'\n        >\n        \n<div class=\"row\"  id=\"row-417600348\">\n\n\t<div id=\"col-181268218\" class=\"col medium-6 small-6 large-6\"  >\n\t\t\t\t<div class=\"col-inner\"  >\n\t\t\t\n\t\t\t\n\t<div class=\"box has-hover   has-hover box-label box-text-bottom\" >\n\n\t\t<div class=\"box-image\" >\n\t\t\t<a href=\"https:\/\/www.sannicolasdemyra.cl\/web\/nuestro-colegio\/ingles\/\" target=\"_blank\" rel=\"noopener\" >\t\t\t<div class=\"image-cover\" style=\"padding-top:100%;\">\n\t\t\t\t<img loading=\"lazy\" decoding=\"async\" width=\"400\" height=\"400\" src=\"https:\/\/www.sannicolasdemyra.cl\/web\/wp-content\/uploads\/Ingles.jpg\" class=\"attachment-original size-original\" alt=\"Intercambio -London-ingl\u00e9s\" srcset=\"https:\/\/www.sannicolasdemyra.cl\/web\/wp-content\/uploads\/Ingles.jpg 400w, https:\/\/www.sannicolasdemyra.cl\/web\/wp-content\/uploads\/Ingles-300x300.jpg 300w, https:\/\/www.sannicolasdemyra.cl\/web\/wp-content\/uploads\/Ingles-150x150.jpg 150w\" sizes=\"auto, (max-width: 400px) 100vw, 400px\" \/>\t\t\t\t\t\t\t\t\t\t\t<\/div>\n\t\t\t<\/a>\t\t<\/div>\n\n\t\t<div class=\"box-text text-center is-small dark\" style=\"background-color:rgba(1, 46, 64, 0.808);\">\n\t\t\t<div class=\"box-text-inner\">\n\t\t\t\t\n<h4>INGL\u00c9S<\/h4>\n\t\t\t<\/div>\n\t\t<\/div>\n\t<\/div>\n\t\n\t\t<\/div>\n\t\t\t\t\t<\/div>\n\n\t\n\n\t<div id=\"col-794861838\" class=\"col medium-6 small-6 large-6\"  >\n\t\t\t\t<div class=\"col-inner\"  >\n\t\t\t\n\t\t\t\n\t<div class=\"box has-hover   has-hover box-label box-text-bottom\" >\n\n\t\t<div class=\"box-image\" >\n\t\t\t<a href=\"https:\/\/www.sannicolasdemyra.cl\/web\/vida-escolar\/sana-convivencia\/\" target=\"_blank\" rel=\"noopener\" >\t\t\t<div class=\"image-cover\" style=\"padding-top:100%;\">\n\t\t\t\t<img loading=\"lazy\" decoding=\"async\" width=\"400\" height=\"400\" src=\"https:\/\/www.sannicolasdemyra.cl\/web\/wp-content\/uploads\/Sana-Convivencia.jpg\" class=\"attachment-original size-original\" alt=\"educar en sana convivencia buen trato\" srcset=\"https:\/\/www.sannicolasdemyra.cl\/web\/wp-content\/uploads\/Sana-Convivencia.jpg 400w, https:\/\/www.sannicolasdemyra.cl\/web\/wp-content\/uploads\/Sana-Convivencia-300x300.jpg 300w, https:\/\/www.sannicolasdemyra.cl\/web\/wp-content\/uploads\/Sana-Convivencia-150x150.jpg 150w\" sizes=\"auto, (max-width: 400px) 100vw, 400px\" \/>\t\t\t\t\t\t\t\t\t\t\t<\/div>\n\t\t\t<\/a>\t\t<\/div>\n\n\t\t<div class=\"box-text text-center is-xsmall dark\" style=\"background-color:rgba(1, 46, 64, 0.808);\">\n\t\t\t<div class=\"box-text-inner\">\n\t\t\t\t\n<h4>SANA CONVIVENCIA<\/h4>\n\t\t\t<\/div>\n\t\t<\/div>\n\t<\/div>\n\t\n\t\t<\/div>\n\t\t\t\t\t<\/div>\n\n\t\n<\/div>\n<div class=\"row\"  id=\"row-1929697213\">\n\n\t<div id=\"col-80095647\" class=\"col medium-6 small-6 large-6\"  >\n\t\t\t\t<div class=\"col-inner\"  >\n\t\t\t\n\t\t\t\n\t<div class=\"box has-hover   has-hover box-label box-text-bottom\" >\n\n\t\t<div class=\"box-image\" >\n\t\t\t<a href=\"https:\/\/www.sannicolasdemyra.cl\/web\/vida-escolar\/sana-convivencia\/\" target=\"_blank\" rel=\"noopener\" >\t\t\t<div class=\"image-cover\" style=\"padding-top:100%;\">\n\t\t\t\t<img loading=\"lazy\" decoding=\"async\" width=\"400\" height=\"400\" src=\"https:\/\/www.sannicolasdemyra.cl\/web\/wp-content\/uploads\/Sana-Convivencia.jpg\" class=\"attachment-original size-original\" alt=\"educar en sana convivencia buen trato\" srcset=\"https:\/\/www.sannicolasdemyra.cl\/web\/wp-content\/uploads\/Sana-Convivencia.jpg 400w, https:\/\/www.sannicolasdemyra.cl\/web\/wp-content\/uploads\/Sana-Convivencia-300x300.jpg 300w, https:\/\/www.sannicolasdemyra.cl\/web\/wp-content\/uploads\/Sana-Convivencia-150x150.jpg 150w\" sizes=\"auto, (max-width: 400px) 100vw, 400px\" \/>\t\t\t\t\t\t\t\t\t\t\t<\/div>\n\t\t\t<\/a>\t\t<\/div>\n\n\t\t<div class=\"box-text text-center is-xsmall dark\" style=\"background-color:rgba(1, 46, 64, 0.808);\">\n\t\t\t<div class=\"box-text-inner\">\n\t\t\t\t\n<h4>SANA CONVIVENCIA<\/h4>\n\t\t\t<\/div>\n\t\t<\/div>\n\t<\/div>\n\t\n\t\t<\/div>\n\t\t\t\t\t<\/div>\n\n\t\n\n\t<div id=\"col-1795461774\" class=\"col medium-4 small-6 large-4\"  >\n\t\t\t\t<div class=\"col-inner\"  >\n\t\t\t\n\t\t\t\n\t<div class=\"box has-hover   has-hover box-label box-text-bottom\" >\n\n\t\t<div class=\"box-image\" >\n\t\t\t<a href=\"https:\/\/www.sannicolasdemyra.cl\/web\/nuestro-colegio\/intercambios\/\" target=\"_blank\" rel=\"noopener\" >\t\t\t<div class=\"image-cover\" style=\"padding-top:100%;\">\n\t\t\t\t<img loading=\"lazy\" decoding=\"async\" width=\"400\" height=\"400\" src=\"https:\/\/www.sannicolasdemyra.cl\/web\/wp-content\/uploads\/intercambio-London.jpg\" class=\"attachment-original size-original\" alt=\"estudiantes de intercambio Londres\" srcset=\"https:\/\/www.sannicolasdemyra.cl\/web\/wp-content\/uploads\/intercambio-London.jpg 400w, https:\/\/www.sannicolasdemyra.cl\/web\/wp-content\/uploads\/intercambio-London-300x300.jpg 300w, https:\/\/www.sannicolasdemyra.cl\/web\/wp-content\/uploads\/intercambio-London-150x150.jpg 150w\" sizes=\"auto, (max-width: 400px) 100vw, 400px\" \/>\t\t\t\t\t\t\t\t\t\t\t<\/div>\n\t\t\t<\/a>\t\t<\/div>\n\n\t\t<div class=\"box-text text-center is-small dark\" style=\"background-color:rgba(1, 46, 64, 0.808);\">\n\t\t\t<div class=\"box-text-inner\">\n\t\t\t\t\n<h4>INTERCAMBIOS<\/h4>\n\t\t\t<\/div>\n\t\t<\/div>\n\t<\/div>\n\t\n\t\t<\/div>\n\t\t\t\t\t<\/div>\n\n\t\n<\/div>\n     <\/div>\n\n     <div class=\"loading-spin dark large centered\"><\/div>\n\n\t<\/div>\n\n\n\t\t<\/div>\n\t\t\t\t\t<\/div>\n\n\t\n<\/div>\n\t\t<\/div>\n\n\t\t\n<style>\n#section_1054232491 {\n  padding-top: 43px;\n  padding-bottom: 43px;\n  background-color: #03263d;\n}\n#section_1054232491 .ux-shape-divider--bottom svg {\n  height: 0px;\n  --divider-width: 300%;\n}\n@media (min-width:550px) {\n  #section_1054232491 {\n    padding-top: 14px;\n    padding-bottom: 14px;\n  }\n}\n<\/style>\n\t<\/section>\n\t\n","protected":false},"excerpt":{"rendered":"","protected":false},"author":1,"featured_media":0,"parent":23,"menu_order":2,"comment_status":"closed","ping_status":"closed","template":"page-blank.php","meta":{"_price":"","_stock":"","_tribe_ticket_header":"","_tribe_default_ticket_provider":"","_tribe_ticket_capacity":"0","_ticket_start_date":"","_ticket_end_date":"","_tribe_ticket_show_description":"","_tribe_ticket_show_not_going":false,"_tribe_ticket_use_global_stock":"","_tribe_ticket_global_stock_level":"","_global_stock_mode":"","_global_stock_cap":"","_tribe_rsvp_for_event":"","_tribe_ticket_going_count":"","_tribe_ticket_not_going_count":"","_tribe_tickets_list":"[]","_tribe_ticket_has_attendee_info_fields":false,"footnotes":"","_tec_slr_enabled":"","_tec_slr_layout":""},"class_list":["post-23138","page","type-page","status-publish","hentry"],"ticketed":false,"_links":{"self":[{"href":"https:\/\/www.sannicolasdemyra.cl\/web\/wp-json\/wp\/v2\/pages\/23138","targetHints":{"allow":["GET"]}}],"collection":[{"href":"https:\/\/www.sannicolasdemyra.cl\/web\/wp-json\/wp\/v2\/pages"}],"about":[{"href":"https:\/\/www.sannicolasdemyra.cl\/web\/wp-json\/wp\/v2\/types\/page"}],"author":[{"embeddable":true,"href":"https:\/\/www.sannicolasdemyra.cl\/web\/wp-json\/wp\/v2\/users\/1"}],"replies":[{"embeddable":true,"href":"https:\/\/www.sannicolasdemyra.cl\/web\/wp-json\/wp\/v2\/comments?post=23138"}],"version-history":[{"count":0,"href":"https:\/\/www.sannicolasdemyra.cl\/web\/wp-json\/wp\/v2\/pages\/23138\/revisions"}],"up":[{"embeddable":true,"href":"https:\/\/www.sannicolasdemyra.cl\/web\/wp-json\/wp\/v2\/pages\/23"}],"wp:attachment":[{"href":"https:\/\/www.sannicolasdemyra.cl\/web\/wp-json\/wp\/v2\/media?parent=23138"}],"curies":[{"name":"wp","href":"https:\/\/api.w.org\/{rel}","templated":true}]}}