{"id":23239,"date":"2024-10-08T11:49:04","date_gmt":"2024-10-08T14:49:04","guid":{"rendered":"https:\/\/www.sannicolasdemyra.cl\/web\/?page_id=23239"},"modified":"2026-04-19T19:33:06","modified_gmt":"2026-04-19T23:33:06","slug":"accion-social","status":"publish","type":"page","link":"https:\/\/www.sannicolasdemyra.cl\/web\/vida-escolar\/accion-social\/","title":{"rendered":"Acci\u00f3n Social"},"content":{"rendered":"\n\t<section class=\"section dark\" id=\"section_1670575503\">\n\t\t<div class=\"section-bg fill\" >\n\t\t\t<img loading=\"lazy\" decoding=\"async\" width=\"1400\" height=\"300\" src=\"https:\/\/www.sannicolasdemyra.cl\/web\/wp-content\/uploads\/Banner-Vida-Escolar.jpg\" class=\"bg attachment-original size-original\" alt=\"Vida Escolar\" \/>\t\t\t\t\t\t\n\t\t\t\n\n\t\t<\/div>\n\n\t\t\n\n\t\t<div class=\"section-content relative\">\n\t\t\t\n\t<div id=\"text-1104893048\" class=\"text\">\n\t\t\n<h1 class=\"uppercase\">VIDA ESCOLAR<\/h1>\n\t\t\n<style>\n#text-1104893048 {\n  text-align: center;\n}\n<\/style>\n\t<\/div>\n\t\n<div class=\"text-center\"><div class=\"is-divider divider clearfix\" style=\"max-width:80%;height:1px;background-color:rgb(255, 255, 255);\"><\/div><\/div>\n\t\t<\/div>\n\n\t\t\n<style>\n#section_1670575503 {\n  padding-top: 40px;\n  padding-bottom: 40px;\n  background-color: #03263d;\n}\n<\/style>\n\t<\/section>\n\t\n<div class=\"row\"  id=\"row-1928376013\">\n\n\t<div id=\"col-1645535818\" class=\"col medium-3 small-12 large-3\"  >\n\t\t\t\t<div class=\"col-inner\"  >\n\t\t\t\n\t\t\t\n\t<div class=\"ux-menu stack stack-col justify-start\">\n\t\t\n\t<div class=\"ux-menu-title flex\">\n\t\tVIDA ESCOLAR\t<\/div>\n\t\n\t<div class=\"ux-menu-link flex menu-item\">\n\t\t<a class=\"ux-menu-link__link flex\" href=\"https:\/\/www.sannicolasdemyra.cl\/web\/vida-escolar\/noticias\/\" >\n\t\t\t\t\t\t<span class=\"ux-menu-link__text\">\n\t\t\t\tNoticias\t\t\t<\/span>\n\t\t<\/a>\n\t<\/div>\n\t\n\t<div class=\"ux-menu-link flex menu-item\">\n\t\t<a class=\"ux-menu-link__link flex\" href=\"https:\/\/www.sannicolasdemyra.cl\/web\/calendario\/\" >\n\t\t\t\t\t\t<span class=\"ux-menu-link__text\">\n\t\t\t\tSCHOOL CALENDAR\t\t\t<\/span>\n\t\t<\/a>\n\t<\/div>\n\t\n\t<div class=\"ux-menu-link flex menu-item\">\n\t\t<a class=\"ux-menu-link__link flex\" href=\"https:\/\/www.sannicolasdemyra.cl\/web\/vida-escolar\/sana-convivencia\/\" >\n\t\t\t\t\t\t<span class=\"ux-menu-link__text\">\n\t\t\t\tSANA CONVIVENCIA\t\t\t<\/span>\n\t\t<\/a>\n\t<\/div>\n\t\n\t<div class=\"ux-menu-link flex menu-item\">\n\t\t<a class=\"ux-menu-link__link flex\" href=\"https:\/\/www.sannicolasdemyra.cl\/web\/vida-escolar\/accion-social\/\" >\n\t\t\t\t\t\t<span class=\"ux-menu-link__text\">\n\t\t\t\tACCI\u00d3N SOCIAL\t\t\t<\/span>\n\t\t<\/a>\n\t<\/div>\n\t\n\t<div class=\"ux-menu-link flex menu-item\">\n\t\t<a class=\"ux-menu-link__link flex\" href=\"https:\/\/www.sannicolasdemyra.cl\/web\/vida-escolar\/area-academica\/\" >\n\t\t\t\t\t\t<span class=\"ux-menu-link__text\">\n\t\t\t\t\u00c1REA ACAD\u00c9MICA\t\t\t<\/span>\n\t\t<\/a>\n\t<\/div>\n\t\n\t<div class=\"ux-menu-link flex menu-item\">\n\t\t<a class=\"ux-menu-link__link flex\" href=\"https:\/\/www.sannicolasdemyra.cl\/web\/nuestro-colegio\/equipo\/formacion-espiritual\/\" >\n\t\t\t\t\t\t<span class=\"ux-menu-link__text\">\n\t\t\t\tformaci\u00f3n espiritual\t\t\t<\/span>\n\t\t<\/a>\n\t<\/div>\n\t\n\t<div class=\"ux-menu-link flex menu-item\">\n\t\t<a class=\"ux-menu-link__link flex\" href=\"https:\/\/www.sannicolasdemyra.cl\/web\/vida-escolar\/docentes\/\" >\n\t\t\t\t\t\t<span class=\"ux-menu-link__text\">\n\t\t\t\tDocentes\t\t\t<\/span>\n\t\t<\/a>\n\t<\/div>\n\t\n\t<div class=\"ux-menu-link flex menu-item\">\n\t\t<a class=\"ux-menu-link__link flex\" href=\"https:\/\/www.sannicolasdemyra.cl\/web\/vida-escolar\/casino\/\" >\n\t\t\t\t\t\t<span class=\"ux-menu-link__text\">\n\t\t\t\tCASINO\t\t\t<\/span>\n\t\t<\/a>\n\t<\/div>\n\t\n\t<div class=\"ux-menu-link flex menu-item\">\n\t\t<a class=\"ux-menu-link__link flex\" href=\"https:\/\/www.sannicolasdemyra.cl\/web\/vida-escolar\/lista-de-utiles\/\" >\n\t\t\t\t\t\t<span class=\"ux-menu-link__text\">\n\t\t\t\tLISTA DE \u00daTILES\t\t\t<\/span>\n\t\t<\/a>\n\t<\/div>\n\t\n\t<div class=\"ux-menu-link flex menu-item\">\n\t\t<a class=\"ux-menu-link__link flex\" href=\"https:\/\/www.sannicolasdemyra.cl\/web\/vida-escolar\/pagos\/\" >\n\t\t\t\t\t\t<span class=\"ux-menu-link__text\">\n\t\t\t\tPAGOS\t\t\t<\/span>\n\t\t<\/a>\n\t<\/div>\n\t\n\t<div class=\"ux-menu-link flex menu-item\">\n\t\t<a class=\"ux-menu-link__link flex\" href=\"https:\/\/schoolnet.colegium.com\/webapp\/es_CL\/login\" target=\"_blank\" rel=\"noopener\">\n\t\t\t\t\t\t<span class=\"ux-menu-link__text\">\n\t\t\t\tCOLEGIUM\t\t\t<\/span>\n\t\t<\/a>\n\t<\/div>\n\t\n\t<div class=\"ux-menu-link flex menu-item\">\n\t\t<a class=\"ux-menu-link__link flex\" href=\"https:\/\/www.sannicolasdemyra.cl\/web\/vida-escolar\/generaciones-y-anuarios\/\" >\n\t\t\t\t\t\t<span class=\"ux-menu-link__text\">\n\t\t\t\tGENERACIONES Y ANUARIOS\t\t\t<\/span>\n\t\t<\/a>\n\t<\/div>\n\t\n\t<div class=\"ux-menu-link flex menu-item\">\n\t\t<a class=\"ux-menu-link__link flex\" href=\"https:\/\/www.sannicolasdemyra.cl\/web\/vida-escolar\/documentos-y-protocolos\/\" >\n\t\t\t\t\t\t<span class=\"ux-menu-link__text\">\n\t\t\t\tDOCUMENTOS Y PROTOCOLOS\t\t\t<\/span>\n\t\t<\/a>\n\t<\/div>\n\t\n\t<\/div>\n\t\n\t\t<\/div>\n\t\t\t\t\t<\/div>\n\n\t\n\n\t<div id=\"col-2136923232\" class=\"col medium-9 small-12 large-9 small-col-first\"  >\n\t\t\t\t<div class=\"col-inner\"  >\n\t\t\t\n\t\t\t\n<div class=\"row\"  id=\"row-411980893\">\n\n\t<div id=\"col-950533188\" class=\"col medium-6 small-12 large-6\"  >\n\t\t\t\t<div class=\"col-inner\"  >\n\t\t\t\n\t\t\t\n\t<div class=\"img has-hover x md-x lg-x y md-y lg-y\" id=\"image_187844891\">\n\t\t\t\t\t\t\t\t<div class=\"img-inner dark\" >\n\t\t\t<img loading=\"lazy\" decoding=\"async\" width=\"1200\" height=\"810\" src=\"https:\/\/www.sannicolasdemyra.cl\/web\/wp-content\/uploads\/Accion-Social-2.png\" class=\"attachment-original size-original\" alt=\"\" \/>\t\t\t\t\t\t\n\t\t\t\t\t<\/div>\n\t\t\t\t\t\t\t\t\n<style>\n#image_187844891 {\n  width: 100%;\n}\n<\/style>\n\t<\/div>\n\t\n\t\t<\/div>\n\t\t\t\t\t<\/div>\n\n\t\n\n\t<div id=\"col-773263179\" class=\"col medium-6 small-12 large-6\"  >\n\t\t\t\t<div class=\"col-inner\"  >\n\t\t\t\n\t\t\t\n<p>En nuestro colegio fomentamos una <strong>comunidad comprometida<\/strong> con las <strong>necesidades<\/strong> de su <strong>entorno<\/strong>. Nuestros estudiantes desarrollan empat\u00eda y conexi\u00f3n con diversas realidades a trav\u00e9s de experiencias directas, como visitas a jardines infantiles, hogares de ancianos y la celebraci\u00f3n del \u201cD\u00eda de la Solidaridad.\u201d<\/p>\n\t\t<\/div>\n\t\t\t\t\t<\/div>\n\n\t\n<\/div>\n<p>Adem\u00e1s, promovemos la ayuda fraterna mensual, campa\u00f1as solidarias y los Trabajos de Invierno \u201cLa Huella,\u201d donde alumnos, profesores y exalumnos colaboran para mejorar comunidades necesitadas. Estas iniciativas refuerzan valores como el compa\u00f1erismo, la solidaridad y la sana convivencia, invitando a todos a ser parte de un cambio positivo.<\/p>\n\n  \n    <div class=\"row  lightbox-multi-gallery large-columns-4 medium-columns-3 small-columns-2 slider row-slider slider-nav-reveal slider-nav-push\"  data-flickity-options='{&quot;imagesLoaded&quot;: true, &quot;groupCells&quot;: &quot;100%&quot;, &quot;dragThreshold&quot; : 5, &quot;cellAlign&quot;: &quot;left&quot;,&quot;wrapAround&quot;: true,&quot;prevNextButtons&quot;: true,&quot;percentPosition&quot;: true,&quot;pageDots&quot;: false, &quot;rightToLeft&quot;: false, &quot;autoPlay&quot; : 3000}' >\n\n  <div class=\"gallery-col col\" >\n          <div class=\"col-inner\">\n            <a class=\"\" href=\"https:\/\/www.sannicolasdemyra.cl\/web\/wp-content\/uploads\/Ayuda-Fraterna-1024x691.jpg\" title=\"Ayuda Fraterna\">            <div class=\"box has-hover gallery-box box-default\">\n              <div class=\"box-image\" >\n                <img loading=\"lazy\" decoding=\"async\" width=\"300\" height=\"203\" src=\"https:\/\/www.sannicolasdemyra.cl\/web\/wp-content\/uploads\/Ayuda-Fraterna-300x203.jpg\" class=\"attachment-medium size-medium\" alt=\"\" ids=\"24597,24788,24865,24778,24866,24600,24779,24780,24781,24782,24783,24784,24785,24786,24787\" style=\"default\" type=\"slider\" auto_slide=\"3000\" text_size=\"small\" srcset=\"https:\/\/www.sannicolasdemyra.cl\/web\/wp-content\/uploads\/Ayuda-Fraterna-300x203.jpg 300w, https:\/\/www.sannicolasdemyra.cl\/web\/wp-content\/uploads\/Ayuda-Fraterna-1024x691.jpg 1024w, https:\/\/www.sannicolasdemyra.cl\/web\/wp-content\/uploads\/Ayuda-Fraterna-768x518.jpg 768w, https:\/\/www.sannicolasdemyra.cl\/web\/wp-content\/uploads\/Ayuda-Fraterna.jpg 1200w\" sizes=\"auto, (max-width: 300px) 100vw, 300px\" \/>                                                              <\/div>\n              <div class=\"box-text text-left is-small\" >\n                 <p>Ayuda Fraterna<\/p>\n              <\/div>\n            <\/div>\n            <\/a>          <\/div>\n         <\/div><div class=\"gallery-col col\" >\n          <div class=\"col-inner\">\n            <a class=\"\" href=\"https:\/\/www.sannicolasdemyra.cl\/web\/wp-content\/uploads\/Dia-de-la-Solidaridad-Junior-Level-1024x691.jpg\" title=\"Salidas Solidarias\">            <div class=\"box has-hover gallery-box box-default\">\n              <div class=\"box-image\" >\n                <img loading=\"lazy\" decoding=\"async\" width=\"300\" height=\"203\" src=\"https:\/\/www.sannicolasdemyra.cl\/web\/wp-content\/uploads\/Dia-de-la-Solidaridad-Junior-Level-300x203.jpg\" class=\"attachment-medium size-medium\" alt=\"\" ids=\"24597,24788,24865,24778,24866,24600,24779,24780,24781,24782,24783,24784,24785,24786,24787\" style=\"default\" type=\"slider\" auto_slide=\"3000\" text_size=\"small\" srcset=\"https:\/\/www.sannicolasdemyra.cl\/web\/wp-content\/uploads\/Dia-de-la-Solidaridad-Junior-Level-300x203.jpg 300w, https:\/\/www.sannicolasdemyra.cl\/web\/wp-content\/uploads\/Dia-de-la-Solidaridad-Junior-Level-1024x691.jpg 1024w, https:\/\/www.sannicolasdemyra.cl\/web\/wp-content\/uploads\/Dia-de-la-Solidaridad-Junior-Level-768x518.jpg 768w, https:\/\/www.sannicolasdemyra.cl\/web\/wp-content\/uploads\/Dia-de-la-Solidaridad-Junior-Level.jpg 1200w\" sizes=\"auto, (max-width: 300px) 100vw, 300px\" \/>                                                              <\/div>\n              <div class=\"box-text text-left is-small\" >\n                 <p>Salidas Solidarias<\/p>\n              <\/div>\n            <\/div>\n            <\/a>          <\/div>\n         <\/div><div class=\"gallery-col col\" >\n          <div class=\"col-inner\">\n            <a class=\"\" href=\"https:\/\/www.sannicolasdemyra.cl\/web\/wp-content\/uploads\/Cajas-Solidarias-1024x691.jpg\" title=\"\">            <div class=\"box has-hover gallery-box box-default\">\n              <div class=\"box-image\" >\n                <img loading=\"lazy\" decoding=\"async\" width=\"300\" height=\"203\" src=\"https:\/\/www.sannicolasdemyra.cl\/web\/wp-content\/uploads\/Cajas-Solidarias-300x203.jpg\" class=\"attachment-medium size-medium\" alt=\"\" ids=\"24597,24788,24865,24778,24866,24600,24779,24780,24781,24782,24783,24784,24785,24786,24787\" style=\"default\" type=\"slider\" auto_slide=\"3000\" text_size=\"small\" srcset=\"https:\/\/www.sannicolasdemyra.cl\/web\/wp-content\/uploads\/Cajas-Solidarias-300x203.jpg 300w, https:\/\/www.sannicolasdemyra.cl\/web\/wp-content\/uploads\/Cajas-Solidarias-1024x691.jpg 1024w, https:\/\/www.sannicolasdemyra.cl\/web\/wp-content\/uploads\/Cajas-Solidarias-768x518.jpg 768w, https:\/\/www.sannicolasdemyra.cl\/web\/wp-content\/uploads\/Cajas-Solidarias.jpg 1200w\" sizes=\"auto, (max-width: 300px) 100vw, 300px\" \/>                                                              <\/div>\n              <div class=\"box-text text-left is-small\" >\n                 <p><\/p>\n              <\/div>\n            <\/div>\n            <\/a>          <\/div>\n         <\/div><div class=\"gallery-col col\" >\n          <div class=\"col-inner\">\n            <a class=\"\" href=\"https:\/\/www.sannicolasdemyra.cl\/web\/wp-content\/uploads\/10-1024x691.jpg\" title=\"Salidas Solidarias\">            <div class=\"box has-hover gallery-box box-default\">\n              <div class=\"box-image\" >\n                <img loading=\"lazy\" decoding=\"async\" width=\"300\" height=\"203\" src=\"https:\/\/www.sannicolasdemyra.cl\/web\/wp-content\/uploads\/10-300x203.jpg\" class=\"attachment-medium size-medium\" alt=\"\" ids=\"24597,24788,24865,24778,24866,24600,24779,24780,24781,24782,24783,24784,24785,24786,24787\" style=\"default\" type=\"slider\" auto_slide=\"3000\" text_size=\"small\" srcset=\"https:\/\/www.sannicolasdemyra.cl\/web\/wp-content\/uploads\/10-300x203.jpg 300w, https:\/\/www.sannicolasdemyra.cl\/web\/wp-content\/uploads\/10-1024x691.jpg 1024w, https:\/\/www.sannicolasdemyra.cl\/web\/wp-content\/uploads\/10-768x518.jpg 768w, https:\/\/www.sannicolasdemyra.cl\/web\/wp-content\/uploads\/10.jpg 1200w\" sizes=\"auto, (max-width: 300px) 100vw, 300px\" \/>                                                              <\/div>\n              <div class=\"box-text text-left is-small\" >\n                 <p>Salidas Solidarias<\/p>\n              <\/div>\n            <\/div>\n            <\/a>          <\/div>\n         <\/div><div class=\"gallery-col col\" >\n          <div class=\"col-inner\">\n            <a class=\"\" href=\"https:\/\/www.sannicolasdemyra.cl\/web\/wp-content\/uploads\/Trabajos-de-Invierno-1024x691.jpg\" title=\"Trabajos de Invierno\">            <div class=\"box has-hover gallery-box box-default\">\n              <div class=\"box-image\" >\n                <img loading=\"lazy\" decoding=\"async\" width=\"300\" height=\"203\" src=\"https:\/\/www.sannicolasdemyra.cl\/web\/wp-content\/uploads\/Trabajos-de-Invierno-300x203.jpg\" class=\"attachment-medium size-medium\" alt=\"agentes de cambio\" ids=\"24597,24788,24865,24778,24866,24600,24779,24780,24781,24782,24783,24784,24785,24786,24787\" style=\"default\" type=\"slider\" auto_slide=\"3000\" text_size=\"small\" srcset=\"https:\/\/www.sannicolasdemyra.cl\/web\/wp-content\/uploads\/Trabajos-de-Invierno-300x203.jpg 300w, https:\/\/www.sannicolasdemyra.cl\/web\/wp-content\/uploads\/Trabajos-de-Invierno-1024x691.jpg 1024w, https:\/\/www.sannicolasdemyra.cl\/web\/wp-content\/uploads\/Trabajos-de-Invierno-768x518.jpg 768w, https:\/\/www.sannicolasdemyra.cl\/web\/wp-content\/uploads\/Trabajos-de-Invierno.jpg 1200w\" sizes=\"auto, (max-width: 300px) 100vw, 300px\" \/>                                                              <\/div>\n              <div class=\"box-text text-left is-small\" >\n                 <p>Trabajos de Invierno<\/p>\n              <\/div>\n            <\/div>\n            <\/a>          <\/div>\n         <\/div><div class=\"gallery-col col\" >\n          <div class=\"col-inner\">\n            <a class=\"\" href=\"https:\/\/www.sannicolasdemyra.cl\/web\/wp-content\/uploads\/La-Huella-3-1024x691.jpg\" title=\"La Huella\">            <div class=\"box has-hover gallery-box box-default\">\n              <div class=\"box-image\" >\n                <img loading=\"lazy\" decoding=\"async\" width=\"300\" height=\"203\" src=\"https:\/\/www.sannicolasdemyra.cl\/web\/wp-content\/uploads\/La-Huella-3-300x203.jpg\" class=\"attachment-medium size-medium\" alt=\"\" ids=\"24597,24788,24865,24778,24866,24600,24779,24780,24781,24782,24783,24784,24785,24786,24787\" style=\"default\" type=\"slider\" auto_slide=\"3000\" text_size=\"small\" srcset=\"https:\/\/www.sannicolasdemyra.cl\/web\/wp-content\/uploads\/La-Huella-3-300x203.jpg 300w, https:\/\/www.sannicolasdemyra.cl\/web\/wp-content\/uploads\/La-Huella-3-1024x691.jpg 1024w, https:\/\/www.sannicolasdemyra.cl\/web\/wp-content\/uploads\/La-Huella-3-768x518.jpg 768w, https:\/\/www.sannicolasdemyra.cl\/web\/wp-content\/uploads\/La-Huella-3.jpg 1200w\" sizes=\"auto, (max-width: 300px) 100vw, 300px\" \/>                                                              <\/div>\n              <div class=\"box-text text-left is-small\" >\n                 <p>La Huella<\/p>\n              <\/div>\n            <\/div>\n            <\/a>          <\/div>\n         <\/div><div class=\"gallery-col col\" >\n          <div class=\"col-inner\">\n            <a class=\"\" href=\"https:\/\/www.sannicolasdemyra.cl\/web\/wp-content\/uploads\/11-1024x691.jpg\" title=\"Salidas Solidarias\">            <div class=\"box has-hover gallery-box box-default\">\n              <div class=\"box-image\" >\n                <img loading=\"lazy\" decoding=\"async\" width=\"300\" height=\"203\" src=\"https:\/\/www.sannicolasdemyra.cl\/web\/wp-content\/uploads\/11-300x203.jpg\" class=\"attachment-medium size-medium\" alt=\"\" ids=\"24597,24788,24865,24778,24866,24600,24779,24780,24781,24782,24783,24784,24785,24786,24787\" style=\"default\" type=\"slider\" auto_slide=\"3000\" text_size=\"small\" srcset=\"https:\/\/www.sannicolasdemyra.cl\/web\/wp-content\/uploads\/11-300x203.jpg 300w, https:\/\/www.sannicolasdemyra.cl\/web\/wp-content\/uploads\/11-1024x691.jpg 1024w, https:\/\/www.sannicolasdemyra.cl\/web\/wp-content\/uploads\/11-768x518.jpg 768w, https:\/\/www.sannicolasdemyra.cl\/web\/wp-content\/uploads\/11.jpg 1200w\" sizes=\"auto, (max-width: 300px) 100vw, 300px\" \/>                                                              <\/div>\n              <div class=\"box-text text-left is-small\" >\n                 <p>Salidas Solidarias<\/p>\n              <\/div>\n            <\/div>\n            <\/a>          <\/div>\n         <\/div><div class=\"gallery-col col\" >\n          <div class=\"col-inner\">\n            <a class=\"\" href=\"https:\/\/www.sannicolasdemyra.cl\/web\/wp-content\/uploads\/12-1024x691.jpg\" title=\"Salidas Solidarias\">            <div class=\"box has-hover gallery-box box-default\">\n              <div class=\"box-image\" >\n                <img loading=\"lazy\" decoding=\"async\" width=\"300\" height=\"203\" src=\"https:\/\/www.sannicolasdemyra.cl\/web\/wp-content\/uploads\/12-300x203.jpg\" class=\"attachment-medium size-medium\" alt=\"\" ids=\"24597,24788,24865,24778,24866,24600,24779,24780,24781,24782,24783,24784,24785,24786,24787\" style=\"default\" type=\"slider\" auto_slide=\"3000\" text_size=\"small\" srcset=\"https:\/\/www.sannicolasdemyra.cl\/web\/wp-content\/uploads\/12-300x203.jpg 300w, https:\/\/www.sannicolasdemyra.cl\/web\/wp-content\/uploads\/12-1024x691.jpg 1024w, https:\/\/www.sannicolasdemyra.cl\/web\/wp-content\/uploads\/12-768x518.jpg 768w, https:\/\/www.sannicolasdemyra.cl\/web\/wp-content\/uploads\/12.jpg 1200w\" sizes=\"auto, (max-width: 300px) 100vw, 300px\" \/>                                                              <\/div>\n              <div class=\"box-text text-left is-small\" >\n                 <p>Salidas Solidarias<\/p>\n              <\/div>\n            <\/div>\n            <\/a>          <\/div>\n         <\/div><div class=\"gallery-col col\" >\n          <div class=\"col-inner\">\n            <a class=\"\" href=\"https:\/\/www.sannicolasdemyra.cl\/web\/wp-content\/uploads\/13-1024x691.jpg\" title=\"Salidas Solidarias\">            <div class=\"box has-hover gallery-box box-default\">\n              <div class=\"box-image\" >\n                <img loading=\"lazy\" decoding=\"async\" width=\"300\" height=\"203\" src=\"https:\/\/www.sannicolasdemyra.cl\/web\/wp-content\/uploads\/13-300x203.jpg\" class=\"attachment-medium size-medium\" alt=\"\" ids=\"24597,24788,24865,24778,24866,24600,24779,24780,24781,24782,24783,24784,24785,24786,24787\" style=\"default\" type=\"slider\" auto_slide=\"3000\" text_size=\"small\" srcset=\"https:\/\/www.sannicolasdemyra.cl\/web\/wp-content\/uploads\/13-300x203.jpg 300w, https:\/\/www.sannicolasdemyra.cl\/web\/wp-content\/uploads\/13-1024x691.jpg 1024w, https:\/\/www.sannicolasdemyra.cl\/web\/wp-content\/uploads\/13-768x518.jpg 768w, https:\/\/www.sannicolasdemyra.cl\/web\/wp-content\/uploads\/13.jpg 1200w\" sizes=\"auto, (max-width: 300px) 100vw, 300px\" \/>                                                              <\/div>\n              <div class=\"box-text text-left is-small\" >\n                 <p>Salidas Solidarias<\/p>\n              <\/div>\n            <\/div>\n            <\/a>          <\/div>\n         <\/div><div class=\"gallery-col col\" >\n          <div class=\"col-inner\">\n            <a class=\"\" href=\"https:\/\/www.sannicolasdemyra.cl\/web\/wp-content\/uploads\/14-1024x691.jpg\" title=\"Salidas Solidarias\">            <div class=\"box has-hover gallery-box box-default\">\n              <div class=\"box-image\" >\n                <img loading=\"lazy\" decoding=\"async\" width=\"300\" height=\"203\" src=\"https:\/\/www.sannicolasdemyra.cl\/web\/wp-content\/uploads\/14-300x203.jpg\" class=\"attachment-medium size-medium\" alt=\"\" ids=\"24597,24788,24865,24778,24866,24600,24779,24780,24781,24782,24783,24784,24785,24786,24787\" style=\"default\" type=\"slider\" auto_slide=\"3000\" text_size=\"small\" srcset=\"https:\/\/www.sannicolasdemyra.cl\/web\/wp-content\/uploads\/14-300x203.jpg 300w, https:\/\/www.sannicolasdemyra.cl\/web\/wp-content\/uploads\/14-1024x691.jpg 1024w, https:\/\/www.sannicolasdemyra.cl\/web\/wp-content\/uploads\/14-768x518.jpg 768w, https:\/\/www.sannicolasdemyra.cl\/web\/wp-content\/uploads\/14.jpg 1200w\" sizes=\"auto, (max-width: 300px) 100vw, 300px\" \/>                                                              <\/div>\n              <div class=\"box-text text-left is-small\" >\n                 <p>Salidas Solidarias<\/p>\n              <\/div>\n            <\/div>\n            <\/a>          <\/div>\n         <\/div><div class=\"gallery-col col\" >\n          <div class=\"col-inner\">\n            <a class=\"\" href=\"https:\/\/www.sannicolasdemyra.cl\/web\/wp-content\/uploads\/15-1024x691.jpg\" title=\"Salidas Solidarias\">            <div class=\"box has-hover gallery-box box-default\">\n              <div class=\"box-image\" >\n                <img loading=\"lazy\" decoding=\"async\" width=\"300\" height=\"203\" src=\"https:\/\/www.sannicolasdemyra.cl\/web\/wp-content\/uploads\/15-300x203.jpg\" class=\"attachment-medium size-medium\" alt=\"\" ids=\"24597,24788,24865,24778,24866,24600,24779,24780,24781,24782,24783,24784,24785,24786,24787\" style=\"default\" type=\"slider\" auto_slide=\"3000\" text_size=\"small\" srcset=\"https:\/\/www.sannicolasdemyra.cl\/web\/wp-content\/uploads\/15-300x203.jpg 300w, https:\/\/www.sannicolasdemyra.cl\/web\/wp-content\/uploads\/15-1024x691.jpg 1024w, https:\/\/www.sannicolasdemyra.cl\/web\/wp-content\/uploads\/15-768x518.jpg 768w, https:\/\/www.sannicolasdemyra.cl\/web\/wp-content\/uploads\/15.jpg 1200w\" sizes=\"auto, (max-width: 300px) 100vw, 300px\" \/>                                                              <\/div>\n              <div class=\"box-text text-left is-small\" >\n                 <p>Salidas Solidarias<\/p>\n              <\/div>\n            <\/div>\n            <\/a>          <\/div>\n         <\/div><div class=\"gallery-col col\" >\n          <div class=\"col-inner\">\n            <a class=\"\" href=\"https:\/\/www.sannicolasdemyra.cl\/web\/wp-content\/uploads\/16-1024x691.jpg\" title=\"Salidas Solidarias\">            <div class=\"box has-hover gallery-box box-default\">\n              <div class=\"box-image\" >\n                <img loading=\"lazy\" decoding=\"async\" width=\"300\" height=\"203\" src=\"https:\/\/www.sannicolasdemyra.cl\/web\/wp-content\/uploads\/16-300x203.jpg\" class=\"attachment-medium size-medium\" alt=\"\" ids=\"24597,24788,24865,24778,24866,24600,24779,24780,24781,24782,24783,24784,24785,24786,24787\" style=\"default\" type=\"slider\" auto_slide=\"3000\" text_size=\"small\" srcset=\"https:\/\/www.sannicolasdemyra.cl\/web\/wp-content\/uploads\/16-300x203.jpg 300w, https:\/\/www.sannicolasdemyra.cl\/web\/wp-content\/uploads\/16-1024x691.jpg 1024w, https:\/\/www.sannicolasdemyra.cl\/web\/wp-content\/uploads\/16-768x518.jpg 768w, https:\/\/www.sannicolasdemyra.cl\/web\/wp-content\/uploads\/16.jpg 1200w\" sizes=\"auto, (max-width: 300px) 100vw, 300px\" \/>                                                              <\/div>\n              <div class=\"box-text text-left is-small\" >\n                 <p>Salidas Solidarias<\/p>\n              <\/div>\n            <\/div>\n            <\/a>          <\/div>\n         <\/div><div class=\"gallery-col col\" >\n          <div class=\"col-inner\">\n            <a class=\"\" href=\"https:\/\/www.sannicolasdemyra.cl\/web\/wp-content\/uploads\/17-1024x691.jpg\" title=\"Salidas Solidarias\">            <div class=\"box has-hover gallery-box box-default\">\n              <div class=\"box-image\" >\n                <img loading=\"lazy\" decoding=\"async\" width=\"300\" height=\"203\" src=\"https:\/\/www.sannicolasdemyra.cl\/web\/wp-content\/uploads\/17-300x203.jpg\" class=\"attachment-medium size-medium\" alt=\"\" ids=\"24597,24788,24865,24778,24866,24600,24779,24780,24781,24782,24783,24784,24785,24786,24787\" style=\"default\" type=\"slider\" auto_slide=\"3000\" text_size=\"small\" srcset=\"https:\/\/www.sannicolasdemyra.cl\/web\/wp-content\/uploads\/17-300x203.jpg 300w, https:\/\/www.sannicolasdemyra.cl\/web\/wp-content\/uploads\/17-1024x691.jpg 1024w, https:\/\/www.sannicolasdemyra.cl\/web\/wp-content\/uploads\/17-768x518.jpg 768w, https:\/\/www.sannicolasdemyra.cl\/web\/wp-content\/uploads\/17.jpg 1200w\" sizes=\"auto, (max-width: 300px) 100vw, 300px\" \/>                                                              <\/div>\n              <div class=\"box-text text-left is-small\" >\n                 <p>Salidas Solidarias<\/p>\n              <\/div>\n            <\/div>\n            <\/a>          <\/div>\n         <\/div><div class=\"gallery-col col\" >\n          <div class=\"col-inner\">\n            <a class=\"\" href=\"https:\/\/www.sannicolasdemyra.cl\/web\/wp-content\/uploads\/18-1024x691.jpg\" title=\"Salidas Solidarias\">            <div class=\"box has-hover gallery-box box-default\">\n              <div class=\"box-image\" >\n                <img loading=\"lazy\" decoding=\"async\" width=\"300\" height=\"203\" src=\"https:\/\/www.sannicolasdemyra.cl\/web\/wp-content\/uploads\/18-300x203.jpg\" class=\"attachment-medium size-medium\" alt=\"\" ids=\"24597,24788,24865,24778,24866,24600,24779,24780,24781,24782,24783,24784,24785,24786,24787\" style=\"default\" type=\"slider\" auto_slide=\"3000\" text_size=\"small\" srcset=\"https:\/\/www.sannicolasdemyra.cl\/web\/wp-content\/uploads\/18-300x203.jpg 300w, https:\/\/www.sannicolasdemyra.cl\/web\/wp-content\/uploads\/18-1024x691.jpg 1024w, https:\/\/www.sannicolasdemyra.cl\/web\/wp-content\/uploads\/18-768x518.jpg 768w, https:\/\/www.sannicolasdemyra.cl\/web\/wp-content\/uploads\/18.jpg 1200w\" sizes=\"auto, (max-width: 300px) 100vw, 300px\" \/>                                                              <\/div>\n              <div class=\"box-text text-left is-small\" >\n                 <p>Salidas Solidarias<\/p>\n              <\/div>\n            <\/div>\n            <\/a>          <\/div>\n         <\/div><div class=\"gallery-col col\" >\n          <div class=\"col-inner\">\n            <a class=\"\" href=\"https:\/\/www.sannicolasdemyra.cl\/web\/wp-content\/uploads\/19-1024x691.jpg\" title=\"Salidas Solidarias\">            <div class=\"box has-hover gallery-box box-default\">\n              <div class=\"box-image\" >\n                <img loading=\"lazy\" decoding=\"async\" width=\"300\" height=\"203\" src=\"https:\/\/www.sannicolasdemyra.cl\/web\/wp-content\/uploads\/19-300x203.jpg\" class=\"attachment-medium size-medium\" alt=\"\" ids=\"24597,24788,24865,24778,24866,24600,24779,24780,24781,24782,24783,24784,24785,24786,24787\" style=\"default\" type=\"slider\" auto_slide=\"3000\" text_size=\"small\" srcset=\"https:\/\/www.sannicolasdemyra.cl\/web\/wp-content\/uploads\/19-300x203.jpg 300w, https:\/\/www.sannicolasdemyra.cl\/web\/wp-content\/uploads\/19-1024x691.jpg 1024w, https:\/\/www.sannicolasdemyra.cl\/web\/wp-content\/uploads\/19-768x518.jpg 768w, https:\/\/www.sannicolasdemyra.cl\/web\/wp-content\/uploads\/19.jpg 1200w\" sizes=\"auto, (max-width: 300px) 100vw, 300px\" \/>                                                              <\/div>\n              <div class=\"box-text text-left is-small\" >\n                 <p>Salidas Solidarias<\/p>\n              <\/div>\n            <\/div>\n            <\/a>          <\/div>\n         <\/div><\/div>\n<p>Ante cualquier inquietud, contactarse a Macarena Larra\u00f1aga, <em>Head of Religion and Pastoral<\/em> al email <strong>macarena.larranaga@snm.cl<\/strong><\/p>\n\n  \n    <div class=\"row large-columns-2 medium-columns-1 small-columns-1 slider row-slider slider-nav-simple slider-nav-push\"  data-flickity-options='{&quot;imagesLoaded&quot;: true, &quot;groupCells&quot;: &quot;100%&quot;, &quot;dragThreshold&quot; : 5, &quot;cellAlign&quot;: &quot;left&quot;,&quot;wrapAround&quot;: true,&quot;prevNextButtons&quot;: true,&quot;percentPosition&quot;: true,&quot;pageDots&quot;: false, &quot;rightToLeft&quot;: false, &quot;autoPlay&quot; : false}' >\n\n  <\/div>\n\t\t<\/div>\n\t\t\t\t\t<\/div>\n\n\t\n<\/div>\n\n\t<section class=\"section dark\" id=\"section_318559838\">\n\t\t<div class=\"section-bg fill\" >\n\t\t\t\t\t\t\t\t\t\n\t\t\t\n\t<div class=\"is-border\"\n\t\tstyle=\"border-width:0px 0px 180px 0px;\">\n\t<\/div>\n\n\t\t<\/div>\n\n\t\t\n\t<div class=\"ux-shape-divider ux-shape-divider--bottom ux-shape-divider--style-curve-invert\">\n\t\t<svg viewBox=\"0 0 1000 100\" xmlns=\"http:\/\/www.w3.org\/2000\/svg\" preserveAspectRatio=\"none\">\n\t<path class=\"ux-shape-fill\" d=\"M500 47.0297C184.4 47.0297 -26 100 -26 100H1026C1026 100 815.6 47.0297 500 47.0297ZM1026 -5.94059H-26V-7H1026V-5.94059Z\"\/>\n<\/svg>\n\n\t<\/div>\n\n\t\t<div class=\"section-content relative\">\n\t\t\t\n<div class=\"row hide-for-small\"  id=\"row-1297584114\">\n\n\t<div id=\"col-1072540304\" class=\"col medium-4 small-12 large-4\"  >\n\t\t\t\t<div class=\"col-inner\"  >\n\t\t\t\n\t\t\t\n\t<div class=\"box has-hover   has-hover box-label box-text-bottom\" >\n\n\t\t<div class=\"box-image\" >\n\t\t\t<a href=\"https:\/\/www.sannicolasdemyra.cl\/web\/nuestro-colegio\/ingles\/\" target=\"_blank\" rel=\"noopener\" >\t\t\t<div class=\"image-cover\" style=\"padding-top:400px;\">\n\t\t\t\t<img loading=\"lazy\" decoding=\"async\" width=\"400\" height=\"400\" src=\"https:\/\/www.sannicolasdemyra.cl\/web\/wp-content\/uploads\/Ingles.jpg\" class=\"attachment-original size-original\" alt=\"Intercambio -London-ingl\u00e9s\" srcset=\"https:\/\/www.sannicolasdemyra.cl\/web\/wp-content\/uploads\/Ingles.jpg 400w, https:\/\/www.sannicolasdemyra.cl\/web\/wp-content\/uploads\/Ingles-300x300.jpg 300w, https:\/\/www.sannicolasdemyra.cl\/web\/wp-content\/uploads\/Ingles-150x150.jpg 150w\" sizes=\"auto, (max-width: 400px) 100vw, 400px\" \/>\t\t\t\t\t\t\t\t\t\t\t<\/div>\n\t\t\t<\/a>\t\t<\/div>\n\n\t\t<div class=\"box-text text-center dark\" style=\"background-color:rgba(1, 46, 64, 0.808);\">\n\t\t\t<div class=\"box-text-inner\">\n\t\t\t\t\n<h4>INGL\u00c9S<\/h4>\n\t\t\t<\/div>\n\t\t<\/div>\n\t<\/div>\n\t\n\t\t<\/div>\n\t\t\t\t\t<\/div>\n\n\t\n\n\t<div id=\"col-1954100862\" class=\"col medium-4 small-12 large-4\"  >\n\t\t\t\t<div class=\"col-inner\"  >\n\t\t\t\n\t\t\t\n\t<div class=\"box has-hover   has-hover box-label box-text-bottom\" >\n\n\t\t<div class=\"box-image\" >\n\t\t\t<a href=\"https:\/\/www.sannicolasdemyra.cl\/web\/vida-escolar\/sana-convivencia\/\" target=\"_blank\" rel=\"noopener\" >\t\t\t<div class=\"image-cover\" style=\"padding-top:400px;\">\n\t\t\t\t<img loading=\"lazy\" decoding=\"async\" width=\"1080\" height=\"1080\" src=\"https:\/\/www.sannicolasdemyra.cl\/web\/wp-content\/uploads\/SNM-sana-Convivencia.png\" class=\"attachment-original size-original\" alt=\"colegio con sana convivencia\" \/>\t\t\t\t\t\t\t\t\t\t\t<\/div>\n\t\t\t<\/a>\t\t<\/div>\n\n\t\t<div class=\"box-text text-center dark\" style=\"background-color:rgba(1, 46, 64, 0.808);\">\n\t\t\t<div class=\"box-text-inner\">\n\t\t\t\t\n<h4>SANA CONVIVENCIA<\/h4>\n\t\t\t<\/div>\n\t\t<\/div>\n\t<\/div>\n\t\n\t\t<\/div>\n\t\t\t\t\t<\/div>\n\n\t\n\n\t<div id=\"col-1647662084\" class=\"col medium-4 small-12 large-4\"  >\n\t\t\t\t<div class=\"col-inner\"  >\n\t\t\t\n\t\t\t\n\t<div class=\"box has-hover   has-hover box-label box-text-bottom\" >\n\n\t\t<div class=\"box-image\" >\n\t\t\t<a href=\"https:\/\/www.sannicolasdemyra.cl\/web\/vida-escolar\/noticias\/\" target=\"_blank\" rel=\"noopener\" >\t\t\t<div class=\"image-cover\" style=\"padding-top:400px;\">\n\t\t\t\t<img loading=\"lazy\" decoding=\"async\" width=\"1080\" height=\"1080\" src=\"https:\/\/www.sannicolasdemyra.cl\/web\/wp-content\/uploads\/NOTICIAS-1.jpg\" class=\"attachment-original size-original\" alt=\"las noticias de nuestro colegio\" srcset=\"https:\/\/www.sannicolasdemyra.cl\/web\/wp-content\/uploads\/NOTICIAS-1.jpg 1080w, https:\/\/www.sannicolasdemyra.cl\/web\/wp-content\/uploads\/NOTICIAS-1-300x300.jpg 300w, https:\/\/www.sannicolasdemyra.cl\/web\/wp-content\/uploads\/NOTICIAS-1-1024x1024.jpg 1024w, https:\/\/www.sannicolasdemyra.cl\/web\/wp-content\/uploads\/NOTICIAS-1-150x150.jpg 150w, https:\/\/www.sannicolasdemyra.cl\/web\/wp-content\/uploads\/NOTICIAS-1-768x768.jpg 768w\" sizes=\"auto, (max-width: 1080px) 100vw, 1080px\" \/>\t\t\t\t\t\t\t\t\t\t\t<\/div>\n\t\t\t<\/a>\t\t<\/div>\n\n\t\t<div class=\"box-text text-center dark\" style=\"background-color:rgba(1, 46, 64, 0.808);\">\n\t\t\t<div class=\"box-text-inner\">\n\t\t\t\t\n<h4>NOTICIAS<\/h4>\n\t\t\t<\/div>\n\t\t<\/div>\n\t<\/div>\n\t\n\t\t<\/div>\n\t\t\t\t\t<\/div>\n\n\t\n<\/div>\n<div class=\"row show-for-small\"  id=\"row-1117782340\">\n\n\t<div id=\"col-1242114793\" class=\"col medium-4 small-12 large-4\"  >\n\t\t\t\t<div class=\"col-inner\"  >\n\t\t\t\n\t\t\t\n<div class=\"slider-wrapper relative\" id=\"slider-329394388\" >\n    <div class=\"slider slider-nav-dots-simple slider-nav-circle slider-nav-large slider-nav-dark slider-style-normal\"\n        data-flickity-options='{\n            \"cellAlign\": \"center\",\n            \"imagesLoaded\": true,\n            \"lazyLoad\": 1,\n            \"freeScroll\": false,\n            \"wrapAround\": true,\n            \"autoPlay\": 6000,\n            \"pauseAutoPlayOnHover\" : true,\n            \"prevNextButtons\": false,\n            \"contain\" : true,\n            \"adaptiveHeight\" : true,\n            \"dragThreshold\" : 10,\n            \"percentPosition\": true,\n            \"pageDots\": true,\n            \"rightToLeft\": false,\n            \"draggable\": true,\n            \"selectedAttraction\": 0.1,\n            \"parallax\" : 0,\n            \"friction\": 0.6        }'\n        >\n        \n<div class=\"row\"  id=\"row-1856452663\">\n\n\t<div id=\"col-345317466\" class=\"col medium-6 small-6 large-6\"  >\n\t\t\t\t<div class=\"col-inner\"  >\n\t\t\t\n\t\t\t\n\t<div class=\"box has-hover   has-hover box-label box-text-bottom\" >\n\n\t\t<div class=\"box-image\" >\n\t\t\t<a href=\"https:\/\/www.sannicolasdemyra.cl\/web\/nuestro-colegio\/ingles\/\" target=\"_blank\" rel=\"noopener\" >\t\t\t<div class=\"image-cover\" style=\"padding-top:100%;\">\n\t\t\t\t<img loading=\"lazy\" decoding=\"async\" width=\"400\" height=\"400\" src=\"https:\/\/www.sannicolasdemyra.cl\/web\/wp-content\/uploads\/Ingles.jpg\" class=\"attachment-original size-original\" alt=\"Intercambio -London-ingl\u00e9s\" srcset=\"https:\/\/www.sannicolasdemyra.cl\/web\/wp-content\/uploads\/Ingles.jpg 400w, https:\/\/www.sannicolasdemyra.cl\/web\/wp-content\/uploads\/Ingles-300x300.jpg 300w, https:\/\/www.sannicolasdemyra.cl\/web\/wp-content\/uploads\/Ingles-150x150.jpg 150w\" sizes=\"auto, (max-width: 400px) 100vw, 400px\" \/>\t\t\t\t\t\t\t\t\t\t\t<\/div>\n\t\t\t<\/a>\t\t<\/div>\n\n\t\t<div class=\"box-text text-center is-xsmall dark\" style=\"background-color:rgba(1, 46, 64, 0.808);\">\n\t\t\t<div class=\"box-text-inner\">\n\t\t\t\t\n<h4>INGL\u00c9S<\/h4>\n\t\t\t<\/div>\n\t\t<\/div>\n\t<\/div>\n\t\n\t\t<\/div>\n\t\t\t\t\t<\/div>\n\n\t\n\n\t<div id=\"col-1080376057\" class=\"col medium-6 small-6 large-6\"  >\n\t\t\t\t<div class=\"col-inner\"  >\n\t\t\t\n\t\t\t\n\t<div class=\"box has-hover   has-hover box-label box-text-bottom\" >\n\n\t\t<div class=\"box-image\" >\n\t\t\t<a href=\"https:\/\/www.sannicolasdemyra.cl\/web\/vida-escolar\/sana-convivencia\/\" target=\"_blank\" rel=\"noopener\" >\t\t\t<div class=\"image-cover\" style=\"padding-top:100%;\">\n\t\t\t\t<img loading=\"lazy\" decoding=\"async\" width=\"400\" height=\"400\" src=\"https:\/\/www.sannicolasdemyra.cl\/web\/wp-content\/uploads\/Sana-Convivencia.jpg\" class=\"attachment-original size-original\" alt=\"educar en sana convivencia buen trato\" srcset=\"https:\/\/www.sannicolasdemyra.cl\/web\/wp-content\/uploads\/Sana-Convivencia.jpg 400w, https:\/\/www.sannicolasdemyra.cl\/web\/wp-content\/uploads\/Sana-Convivencia-300x300.jpg 300w, https:\/\/www.sannicolasdemyra.cl\/web\/wp-content\/uploads\/Sana-Convivencia-150x150.jpg 150w\" sizes=\"auto, (max-width: 400px) 100vw, 400px\" \/>\t\t\t\t\t\t\t\t\t\t\t<\/div>\n\t\t\t<\/a>\t\t<\/div>\n\n\t\t<div class=\"box-text text-center is-xsmall dark\" style=\"background-color:rgba(1, 46, 64, 0.808);\">\n\t\t\t<div class=\"box-text-inner\">\n\t\t\t\t\n<h4>SANA CONVIVENCIA<\/h4>\n\t\t\t<\/div>\n\t\t<\/div>\n\t<\/div>\n\t\n\t\t<\/div>\n\t\t\t\t\t<\/div>\n\n\t\n<\/div>\n<div class=\"row\"  id=\"row-1875219191\">\n\n\t<div id=\"col-763383881\" class=\"col medium-6 small-6 large-6\"  >\n\t\t\t\t<div class=\"col-inner\"  >\n\t\t\t\n\t\t\t\n\t<div class=\"box has-hover   has-hover box-label box-text-bottom\" >\n\n\t\t<div class=\"box-image\" >\n\t\t\t<a href=\"https:\/\/www.sannicolasdemyra.cl\/web\/vida-escolar\/sana-convivencia\/\" target=\"_blank\" rel=\"noopener\" >\t\t\t<div class=\"image-cover\" style=\"padding-top:100%;\">\n\t\t\t\t<img loading=\"lazy\" decoding=\"async\" width=\"400\" height=\"400\" src=\"https:\/\/www.sannicolasdemyra.cl\/web\/wp-content\/uploads\/Sana-Convivencia.jpg\" class=\"attachment-original size-original\" alt=\"educar en sana convivencia buen trato\" srcset=\"https:\/\/www.sannicolasdemyra.cl\/web\/wp-content\/uploads\/Sana-Convivencia.jpg 400w, https:\/\/www.sannicolasdemyra.cl\/web\/wp-content\/uploads\/Sana-Convivencia-300x300.jpg 300w, https:\/\/www.sannicolasdemyra.cl\/web\/wp-content\/uploads\/Sana-Convivencia-150x150.jpg 150w\" sizes=\"auto, (max-width: 400px) 100vw, 400px\" \/>\t\t\t\t\t\t\t\t\t\t\t<\/div>\n\t\t\t<\/a>\t\t<\/div>\n\n\t\t<div class=\"box-text text-center is-xsmall dark\" style=\"background-color:rgba(1, 46, 64, 0.808);\">\n\t\t\t<div class=\"box-text-inner\">\n\t\t\t\t\n<h4>SANA CONVIVENCIA<\/h4>\n\t\t\t<\/div>\n\t\t<\/div>\n\t<\/div>\n\t\n\t\t<\/div>\n\t\t\t\t\t<\/div>\n\n\t\n\n\t<div id=\"col-1616701788\" class=\"col medium-4 small-6 large-4\"  >\n\t\t\t\t<div class=\"col-inner\"  >\n\t\t\t\n\t\t\t\n\t<div class=\"box has-hover   has-hover box-label box-text-bottom\" >\n\n\t\t<div class=\"box-image\" >\n\t\t\t<a href=\"https:\/\/www.sannicolasdemyra.cl\/web\/vida-escolar\/noticias\/\" target=\"_blank\" rel=\"noopener\" >\t\t\t<div class=\"image-cover\" style=\"padding-top:100%;\">\n\t\t\t\t<img loading=\"lazy\" decoding=\"async\" width=\"1080\" height=\"1080\" src=\"https:\/\/www.sannicolasdemyra.cl\/web\/wp-content\/uploads\/NOTICIAS-1.jpg\" class=\"attachment-original size-original\" alt=\"las noticias de nuestro colegio\" srcset=\"https:\/\/www.sannicolasdemyra.cl\/web\/wp-content\/uploads\/NOTICIAS-1.jpg 1080w, https:\/\/www.sannicolasdemyra.cl\/web\/wp-content\/uploads\/NOTICIAS-1-300x300.jpg 300w, https:\/\/www.sannicolasdemyra.cl\/web\/wp-content\/uploads\/NOTICIAS-1-1024x1024.jpg 1024w, https:\/\/www.sannicolasdemyra.cl\/web\/wp-content\/uploads\/NOTICIAS-1-150x150.jpg 150w, https:\/\/www.sannicolasdemyra.cl\/web\/wp-content\/uploads\/NOTICIAS-1-768x768.jpg 768w\" sizes=\"auto, (max-width: 1080px) 100vw, 1080px\" \/>\t\t\t\t\t\t\t\t\t\t\t<\/div>\n\t\t\t<\/a>\t\t<\/div>\n\n\t\t<div class=\"box-text text-center is-xsmall dark\" style=\"background-color:rgba(1, 46, 64, 0.808);\">\n\t\t\t<div class=\"box-text-inner\">\n\t\t\t\t\n<h4>NOTICIAS<\/h4>\n\t\t\t<\/div>\n\t\t<\/div>\n\t<\/div>\n\t\n\t\t<\/div>\n\t\t\t\t\t<\/div>\n\n\t\n<\/div>\n     <\/div>\n\n     <div class=\"loading-spin dark large centered\"><\/div>\n\n\t<\/div>\n\n\n\t\t<\/div>\n\t\t\t\t\t<\/div>\n\n\t\n<\/div>\n\t\t<\/div>\n\n\t\t\n<style>\n#section_318559838 {\n  padding-top: 43px;\n  padding-bottom: 43px;\n  background-color: #03263d;\n}\n#section_318559838 .ux-shape-divider--bottom svg {\n  height: 0px;\n  --divider-width: 300%;\n}\n@media (min-width:550px) {\n  #section_318559838 {\n    padding-top: 50px;\n    padding-bottom: 50px;\n  }\n  #section_318559838 .ux-shape-divider--bottom svg {\n    height: 400px;\n  }\n}\n<\/style>\n\t<\/section>\n\t\n","protected":false},"excerpt":{"rendered":"","protected":false},"author":1,"featured_media":0,"parent":12,"menu_order":4,"comment_status":"closed","ping_status":"closed","template":"page-blank.php","meta":{"_price":"","_stock":"","_tribe_ticket_header":"","_tribe_default_ticket_provider":"","_tribe_ticket_capacity":"0","_ticket_start_date":"","_ticket_end_date":"","_tribe_ticket_show_description":"","_tribe_ticket_show_not_going":false,"_tribe_ticket_use_global_stock":"","_tribe_ticket_global_stock_level":"","_global_stock_mode":"","_global_stock_cap":"","_tribe_rsvp_for_event":"","_tribe_ticket_going_count":"","_tribe_ticket_not_going_count":"","_tribe_tickets_list":"[]","_tribe_ticket_has_attendee_info_fields":false,"footnotes":"","_tec_slr_enabled":"","_tec_slr_layout":""},"class_list":["post-23239","page","type-page","status-publish","hentry"],"yoast_head":"<!-- This site is optimized with the Yoast SEO plugin v27.8 - https:\/\/yoast.com\/product\/yoast-seo-wordpress\/ -->\n<title>Acci\u00f3n Social | San Nicol\u00e1s de Myra<\/title>\n<meta name=\"robots\" content=\"index, follow, max-snippet:-1, max-image-preview:large, max-video-preview:-1\" \/>\n<link rel=\"canonical\" href=\"https:\/\/www.sannicolasdemyra.cl\/web\/vida-escolar\/accion-social\/\" \/>\n<meta property=\"og:locale\" content=\"es_ES\" \/>\n<meta property=\"og:type\" content=\"article\" \/>\n<meta property=\"og:title\" content=\"Acci\u00f3n Social | San Nicol\u00e1s de Myra\" \/>\n<meta property=\"og:url\" content=\"https:\/\/www.sannicolasdemyra.cl\/web\/vida-escolar\/accion-social\/\" \/>\n<meta property=\"og:site_name\" content=\"San Nicol\u00e1s de Myra\" \/>\n<meta property=\"article:publisher\" content=\"https:\/\/www.facebook.com\/colegiosnm\" \/>\n<meta property=\"article:modified_time\" content=\"2026-04-19T23:33:06+00:00\" \/>\n<script type=\"application\/ld+json\" class=\"yoast-schema-graph\">{\"@context\":\"https:\\\/\\\/schema.org\",\"@graph\":[{\"@type\":\"WebPage\",\"@id\":\"https:\\\/\\\/www.sannicolasdemyra.cl\\\/web\\\/vida-escolar\\\/accion-social\\\/\",\"url\":\"https:\\\/\\\/www.sannicolasdemyra.cl\\\/web\\\/vida-escolar\\\/accion-social\\\/\",\"name\":\"Acci\u00f3n Social | San Nicol\u00e1s de Myra\",\"isPartOf\":{\"@id\":\"https:\\\/\\\/www.sannicolasdemyra.cl\\\/web\\\/#website\"},\"datePublished\":\"2024-10-08T14:49:04+00:00\",\"dateModified\":\"2026-04-19T23:33:06+00:00\",\"breadcrumb\":{\"@id\":\"https:\\\/\\\/www.sannicolasdemyra.cl\\\/web\\\/vida-escolar\\\/accion-social\\\/#breadcrumb\"},\"inLanguage\":\"es\",\"potentialAction\":[{\"@type\":\"ReadAction\",\"target\":[\"https:\\\/\\\/www.sannicolasdemyra.cl\\\/web\\\/vida-escolar\\\/accion-social\\\/\"]}]},{\"@type\":\"BreadcrumbList\",\"@id\":\"https:\\\/\\\/www.sannicolasdemyra.cl\\\/web\\\/vida-escolar\\\/accion-social\\\/#breadcrumb\",\"itemListElement\":[{\"@type\":\"ListItem\",\"position\":1,\"name\":\"Inicio\",\"item\":\"https:\\\/\\\/www.sannicolasdemyra.cl\\\/web\\\/\"},{\"@type\":\"ListItem\",\"position\":2,\"name\":\"Noticias\",\"item\":\"https:\\\/\\\/www.sannicolasdemyra.cl\\\/web\\\/noticias\\\/\"},{\"@type\":\"ListItem\",\"position\":3,\"name\":\"Acci\u00f3n Social\"}]},{\"@type\":\"WebSite\",\"@id\":\"https:\\\/\\\/www.sannicolasdemyra.cl\\\/web\\\/#website\",\"url\":\"https:\\\/\\\/www.sannicolasdemyra.cl\\\/web\\\/\",\"name\":\"San Nicol\u00e1s de Myra\",\"description\":\"Teaching and growing since 1982\",\"publisher\":{\"@id\":\"https:\\\/\\\/www.sannicolasdemyra.cl\\\/web\\\/#organization\"},\"alternateName\":\"SNM\",\"potentialAction\":[{\"@type\":\"SearchAction\",\"target\":{\"@type\":\"EntryPoint\",\"urlTemplate\":\"https:\\\/\\\/www.sannicolasdemyra.cl\\\/web\\\/?s={search_term_string}\"},\"query-input\":{\"@type\":\"PropertyValueSpecification\",\"valueRequired\":true,\"valueName\":\"search_term_string\"}}],\"inLanguage\":\"es\"},{\"@type\":\"Organization\",\"@id\":\"https:\\\/\\\/www.sannicolasdemyra.cl\\\/web\\\/#organization\",\"name\":\"Colegio San Nicol\u00e1s de Mytra\",\"alternateName\":\"SNM\",\"url\":\"https:\\\/\\\/www.sannicolasdemyra.cl\\\/web\\\/\",\"logo\":{\"@type\":\"ImageObject\",\"inLanguage\":\"es\",\"@id\":\"https:\\\/\\\/www.sannicolasdemyra.cl\\\/web\\\/#\\\/schema\\\/logo\\\/image\\\/\",\"url\":\"https:\\\/\\\/www.sannicolasdemyra.cl\\\/web\\\/wp-content\\\/uploads\\\/logo_web1982-1-1024x212-2.png\",\"contentUrl\":\"https:\\\/\\\/www.sannicolasdemyra.cl\\\/web\\\/wp-content\\\/uploads\\\/logo_web1982-1-1024x212-2.png\",\"width\":1024,\"height\":212,\"caption\":\"Colegio San Nicol\u00e1s de Mytra\"},\"image\":{\"@id\":\"https:\\\/\\\/www.sannicolasdemyra.cl\\\/web\\\/#\\\/schema\\\/logo\\\/image\\\/\"},\"sameAs\":[\"https:\\\/\\\/www.facebook.com\\\/colegiosnm\",\"https:\\\/\\\/www.instagram.com\\\/Colegiosannicolasdemyra\\\/\",\"https:\\\/\\\/www.youtube.com\\\/channel\\\/UC9t3EMbvkAxzO_ANVuDi9gA\\\/videos\"]}]}<\/script>\n<!-- \/ Yoast SEO plugin. -->","yoast_head_json":{"title":"Acci\u00f3n Social | San Nicol\u00e1s de Myra","robots":{"index":"index","follow":"follow","max-snippet":"max-snippet:-1","max-image-preview":"max-image-preview:large","max-video-preview":"max-video-preview:-1"},"canonical":"https:\/\/www.sannicolasdemyra.cl\/web\/vida-escolar\/accion-social\/","og_locale":"es_ES","og_type":"article","og_title":"Acci\u00f3n Social | San Nicol\u00e1s de Myra","og_url":"https:\/\/www.sannicolasdemyra.cl\/web\/vida-escolar\/accion-social\/","og_site_name":"San Nicol\u00e1s de Myra","article_publisher":"https:\/\/www.facebook.com\/colegiosnm","article_modified_time":"2026-04-19T23:33:06+00:00","schema":{"@context":"https:\/\/schema.org","@graph":[{"@type":"WebPage","@id":"https:\/\/www.sannicolasdemyra.cl\/web\/vida-escolar\/accion-social\/","url":"https:\/\/www.sannicolasdemyra.cl\/web\/vida-escolar\/accion-social\/","name":"Acci\u00f3n Social | San Nicol\u00e1s de Myra","isPartOf":{"@id":"https:\/\/www.sannicolasdemyra.cl\/web\/#website"},"datePublished":"2024-10-08T14:49:04+00:00","dateModified":"2026-04-19T23:33:06+00:00","breadcrumb":{"@id":"https:\/\/www.sannicolasdemyra.cl\/web\/vida-escolar\/accion-social\/#breadcrumb"},"inLanguage":"es","potentialAction":[{"@type":"ReadAction","target":["https:\/\/www.sannicolasdemyra.cl\/web\/vida-escolar\/accion-social\/"]}]},{"@type":"BreadcrumbList","@id":"https:\/\/www.sannicolasdemyra.cl\/web\/vida-escolar\/accion-social\/#breadcrumb","itemListElement":[{"@type":"ListItem","position":1,"name":"Inicio","item":"https:\/\/www.sannicolasdemyra.cl\/web\/"},{"@type":"ListItem","position":2,"name":"Noticias","item":"https:\/\/www.sannicolasdemyra.cl\/web\/noticias\/"},{"@type":"ListItem","position":3,"name":"Acci\u00f3n Social"}]},{"@type":"WebSite","@id":"https:\/\/www.sannicolasdemyra.cl\/web\/#website","url":"https:\/\/www.sannicolasdemyra.cl\/web\/","name":"San Nicol\u00e1s de Myra","description":"Teaching and growing since 1982","publisher":{"@id":"https:\/\/www.sannicolasdemyra.cl\/web\/#organization"},"alternateName":"SNM","potentialAction":[{"@type":"SearchAction","target":{"@type":"EntryPoint","urlTemplate":"https:\/\/www.sannicolasdemyra.cl\/web\/?s={search_term_string}"},"query-input":{"@type":"PropertyValueSpecification","valueRequired":true,"valueName":"search_term_string"}}],"inLanguage":"es"},{"@type":"Organization","@id":"https:\/\/www.sannicolasdemyra.cl\/web\/#organization","name":"Colegio San Nicol\u00e1s de Mytra","alternateName":"SNM","url":"https:\/\/www.sannicolasdemyra.cl\/web\/","logo":{"@type":"ImageObject","inLanguage":"es","@id":"https:\/\/www.sannicolasdemyra.cl\/web\/#\/schema\/logo\/image\/","url":"https:\/\/www.sannicolasdemyra.cl\/web\/wp-content\/uploads\/logo_web1982-1-1024x212-2.png","contentUrl":"https:\/\/www.sannicolasdemyra.cl\/web\/wp-content\/uploads\/logo_web1982-1-1024x212-2.png","width":1024,"height":212,"caption":"Colegio San Nicol\u00e1s de Mytra"},"image":{"@id":"https:\/\/www.sannicolasdemyra.cl\/web\/#\/schema\/logo\/image\/"},"sameAs":["https:\/\/www.facebook.com\/colegiosnm","https:\/\/www.instagram.com\/Colegiosannicolasdemyra\/","https:\/\/www.youtube.com\/channel\/UC9t3EMbvkAxzO_ANVuDi9gA\/videos"]}]}},"ticketed":false,"_links":{"self":[{"href":"https:\/\/www.sannicolasdemyra.cl\/web\/wp-json\/wp\/v2\/pages\/23239","targetHints":{"allow":["GET"]}}],"collection":[{"href":"https:\/\/www.sannicolasdemyra.cl\/web\/wp-json\/wp\/v2\/pages"}],"about":[{"href":"https:\/\/www.sannicolasdemyra.cl\/web\/wp-json\/wp\/v2\/types\/page"}],"author":[{"embeddable":true,"href":"https:\/\/www.sannicolasdemyra.cl\/web\/wp-json\/wp\/v2\/users\/1"}],"replies":[{"embeddable":true,"href":"https:\/\/www.sannicolasdemyra.cl\/web\/wp-json\/wp\/v2\/comments?post=23239"}],"version-history":[{"count":0,"href":"https:\/\/www.sannicolasdemyra.cl\/web\/wp-json\/wp\/v2\/pages\/23239\/revisions"}],"up":[{"embeddable":true,"href":"https:\/\/www.sannicolasdemyra.cl\/web\/wp-json\/wp\/v2\/pages\/12"}],"wp:attachment":[{"href":"https:\/\/www.sannicolasdemyra.cl\/web\/wp-json\/wp\/v2\/media?parent=23239"}],"curies":[{"name":"wp","href":"https:\/\/api.w.org\/{rel}","templated":true}]}}