{"id":23872,"date":"2024-11-11T15:58:13","date_gmt":"2024-11-11T18:58:13","guid":{"rendered":"https:\/\/www.sannicolasdemyra.cl\/web\/?page_id=23872"},"modified":"2025-01-24T07:13:09","modified_gmt":"2025-01-24T10:13:09","slug":"middle-level","status":"publish","type":"page","link":"https:\/\/www.sannicolasdemyra.cl\/web\/nuestro-colegio\/niveles\/middle-level\/","title":{"rendered":"Middle Level"},"content":{"rendered":"\t<div id=\"gap-1320357581\" class=\"gap-element clearfix\" style=\"display:block; height:auto;\">\n\t\t\n<style>\n#gap-1320357581 {\n  padding-top: 30px;\n}\n<\/style>\n\t<\/div>\n\t\n<div class=\"row\"  id=\"row-977715617\">\n\n\t<div id=\"col-640321202\" class=\"col medium-8 small-12 large-8\"  >\n\t\t\t\t<div class=\"col-inner text-left\"  >\n\t\t\t\n\t\t\t\n\t<div id=\"text-403875264\" class=\"text\">\n\t\t\n<h1 class=\"uppercase\" style=\"margin-bottom: 0px; text-align: left;\"><span style=\"font-size: 200%;\">MIDDLE LEVEL<\/span><\/h1>\n<p>De <strong>Tercero a Sexto B\u00e1sico<\/strong>, fomentamos un aprendizaje continuo que sienta las bases de valores s\u00f3lidos y promueve el di\u00e1logo y el crecimiento integral de nuestros estudiantes.<\/p>\n\t\t\n<style>\n#text-403875264 {\n  text-align: left;\n}\n<\/style>\n\t<\/div>\n\t\n\t<div class=\"img has-hover x md-x lg-x y md-y lg-y\" id=\"image_1605445630\">\n\t\t\t\t\t\t\t\t<div class=\"img-inner dark\" >\n\t\t\t<img loading=\"lazy\" decoding=\"async\" width=\"1200\" height=\"810\" src=\"https:\/\/www.sannicolasdemyra.cl\/web\/wp-content\/uploads\/STEAM-Fair.jpg\" class=\"attachment-original size-original\" alt=\"trabajo STEAM colaborativo en middle level\" srcset=\"https:\/\/www.sannicolasdemyra.cl\/web\/wp-content\/uploads\/STEAM-Fair.jpg 1200w, https:\/\/www.sannicolasdemyra.cl\/web\/wp-content\/uploads\/STEAM-Fair-300x203.jpg 300w, https:\/\/www.sannicolasdemyra.cl\/web\/wp-content\/uploads\/STEAM-Fair-1024x691.jpg 1024w, https:\/\/www.sannicolasdemyra.cl\/web\/wp-content\/uploads\/STEAM-Fair-768x518.jpg 768w\" sizes=\"auto, (max-width: 1200px) 100vw, 1200px\" \/>\t\t\t\t\t\t\n\t\t\t\t\t<\/div>\n\t\t\t\t\t\t\t\t\n<style>\n#image_1605445630 {\n  width: 100%;\n}\n<\/style>\n\t<\/div>\n\t\n\t<div id=\"text-1881834828\" class=\"text\">\n\t\t\n<p>Nuestros educadores inspiran a respetar el pasado, vivir el presente y construir el futuro con valores s\u00f3lidos. Durante esta etapa, entregamos herramientas sociales, emocionales e intelectuales esenciales para el desarrollo integral de cada ni\u00f1o.<\/p>\n<p>Creamos espacios donde el di\u00e1logo, la reflexi\u00f3n y el aprendizaje se combinan para fomentar el crecimiento personal y acad\u00e9mico. Con el apoyo del PDP (Programa de Desarrollo Personal), trabajamos en la formaci\u00f3n de h\u00e1bitos, el aprendizaje significativo y la estimulaci\u00f3n cognitiva, en un ambiente din\u00e1mico y enriquecedor.<\/p>\n<p>Motivamos a cada estudiante a sentirse parte de la familia Nicolasiana, acompa\u00f1\u00e1ndolos en su desarrollo integral con una pedagog\u00eda activa y enfocada en su bienestar y potencial.<\/p>\n\t\t\n<style>\n#text-1881834828 {\n  text-align: left;\n}\n<\/style>\n\t<\/div>\n\t\n\n  \n    <div class=\"row  lightbox-multi-gallery large-columns-4 medium-columns-3 small-columns-2 slider row-slider slider-nav-reveal slider-nav-push\"  data-flickity-options='{&quot;imagesLoaded&quot;: true, &quot;groupCells&quot;: &quot;100%&quot;, &quot;dragThreshold&quot; : 5, &quot;cellAlign&quot;: &quot;left&quot;,&quot;wrapAround&quot;: true,&quot;prevNextButtons&quot;: true,&quot;percentPosition&quot;: true,&quot;pageDots&quot;: false, &quot;rightToLeft&quot;: false, &quot;autoPlay&quot; : 3000}' >\n\n  <div class=\"gallery-col col\" >\n          <div class=\"col-inner\">\n            <a class=\"\" href=\"https:\/\/www.sannicolasdemyra.cl\/web\/wp-content\/uploads\/mini-centro-de-alumnos.jpg\" title=\"Mini Centro de Alumnos\">            <div class=\"box has-hover gallery-box box-normal\">\n              <div class=\"box-image\" >\n                <img loading=\"lazy\" decoding=\"async\" width=\"300\" height=\"203\" src=\"https:\/\/www.sannicolasdemyra.cl\/web\/wp-content\/uploads\/mini-centro-de-alumnos-300x203.jpg\" class=\"attachment-medium size-medium\" alt=\"mini centro de alumnos del colegio\" ids=\"23610,23631,24010,23596,24011,23352,23643,23633,23358,24065,24072\" style=\"normal\" lightbox_image_size=\"original\" type=\"slider\" auto_slide=\"3000\" srcset=\"https:\/\/www.sannicolasdemyra.cl\/web\/wp-content\/uploads\/mini-centro-de-alumnos-300x203.jpg 300w, https:\/\/www.sannicolasdemyra.cl\/web\/wp-content\/uploads\/mini-centro-de-alumnos-1024x691.jpg 1024w, https:\/\/www.sannicolasdemyra.cl\/web\/wp-content\/uploads\/mini-centro-de-alumnos-768x518.jpg 768w, https:\/\/www.sannicolasdemyra.cl\/web\/wp-content\/uploads\/mini-centro-de-alumnos.jpg 1200w\" sizes=\"auto, (max-width: 300px) 100vw, 300px\" \/>                                                              <\/div>\n              <div class=\"box-text text-left\" >\n                 <p>Mini Centro de Alumnos<\/p>\n              <\/div>\n            <\/div>\n            <\/a>          <\/div>\n         <\/div><div class=\"gallery-col col\" >\n          <div class=\"col-inner\">\n            <a class=\"\" href=\"https:\/\/www.sannicolasdemyra.cl\/web\/wp-content\/uploads\/ingle\u0301s-speelling-bee.jpg\" title=\"Speelling Bee\">            <div class=\"box has-hover gallery-box box-normal\">\n              <div class=\"box-image\" >\n                <img loading=\"lazy\" decoding=\"async\" width=\"300\" height=\"203\" src=\"https:\/\/www.sannicolasdemyra.cl\/web\/wp-content\/uploads\/ingle\u0301s-speelling-bee-300x203.jpg\" class=\"attachment-medium size-medium\" alt=\"ingle\u0301s- speelling bee\" ids=\"23610,23631,24010,23596,24011,23352,23643,23633,23358,24065,24072\" style=\"normal\" lightbox_image_size=\"original\" type=\"slider\" auto_slide=\"3000\" srcset=\"https:\/\/www.sannicolasdemyra.cl\/web\/wp-content\/uploads\/ingle\u0301s-speelling-bee-300x203.jpg 300w, https:\/\/www.sannicolasdemyra.cl\/web\/wp-content\/uploads\/ingle\u0301s-speelling-bee-1024x691.jpg 1024w, https:\/\/www.sannicolasdemyra.cl\/web\/wp-content\/uploads\/ingle\u0301s-speelling-bee-768x518.jpg 768w, https:\/\/www.sannicolasdemyra.cl\/web\/wp-content\/uploads\/ingle\u0301s-speelling-bee.jpg 1200w\" sizes=\"auto, (max-width: 300px) 100vw, 300px\" \/>                                                              <\/div>\n              <div class=\"box-text text-left\" >\n                 <p>Speelling Bee<\/p>\n              <\/div>\n            <\/div>\n            <\/a>          <\/div>\n         <\/div><div class=\"gallery-col col\" >\n          <div class=\"col-inner\">\n            <a class=\"\" href=\"https:\/\/www.sannicolasdemyra.cl\/web\/wp-content\/uploads\/Dia-de-la-Solidaridadomunion-Educacion-espiritual.jpg\" title=\"D\u00eda de la Solidaridad\">            <div class=\"box has-hover gallery-box box-normal\">\n              <div class=\"box-image\" >\n                <img loading=\"lazy\" decoding=\"async\" width=\"300\" height=\"203\" src=\"https:\/\/www.sannicolasdemyra.cl\/web\/wp-content\/uploads\/Dia-de-la-Solidaridadomunion-Educacion-espiritual-300x203.jpg\" class=\"attachment-medium size-medium\" alt=\"\" ids=\"23610,23631,24010,23596,24011,23352,23643,23633,23358,24065,24072\" style=\"normal\" lightbox_image_size=\"original\" type=\"slider\" auto_slide=\"3000\" srcset=\"https:\/\/www.sannicolasdemyra.cl\/web\/wp-content\/uploads\/Dia-de-la-Solidaridadomunion-Educacion-espiritual-300x203.jpg 300w, https:\/\/www.sannicolasdemyra.cl\/web\/wp-content\/uploads\/Dia-de-la-Solidaridadomunion-Educacion-espiritual-1024x691.jpg 1024w, https:\/\/www.sannicolasdemyra.cl\/web\/wp-content\/uploads\/Dia-de-la-Solidaridadomunion-Educacion-espiritual-768x518.jpg 768w, https:\/\/www.sannicolasdemyra.cl\/web\/wp-content\/uploads\/Dia-de-la-Solidaridadomunion-Educacion-espiritual.jpg 1200w\" sizes=\"auto, (max-width: 300px) 100vw, 300px\" \/>                                                              <\/div>\n              <div class=\"box-text text-left\" >\n                 <p>D\u00eda de la Solidaridad<\/p>\n              <\/div>\n            <\/div>\n            <\/a>          <\/div>\n         <\/div><div class=\"gallery-col col\" >\n          <div class=\"col-inner\">\n            <a class=\"\" href=\"https:\/\/www.sannicolasdemyra.cl\/web\/wp-content\/uploads\/compromiso-familiar.jpg\" title=\"Sana Convivencia\">            <div class=\"box has-hover gallery-box box-normal\">\n              <div class=\"box-image\" >\n                <img loading=\"lazy\" decoding=\"async\" width=\"300\" height=\"203\" src=\"https:\/\/www.sannicolasdemyra.cl\/web\/wp-content\/uploads\/compromiso-familiar-300x203.jpg\" class=\"attachment-medium size-medium\" alt=\"compromiso familiar en el colegio\" ids=\"23610,23631,24010,23596,24011,23352,23643,23633,23358,24065,24072\" style=\"normal\" lightbox_image_size=\"original\" type=\"slider\" auto_slide=\"3000\" srcset=\"https:\/\/www.sannicolasdemyra.cl\/web\/wp-content\/uploads\/compromiso-familiar-300x203.jpg 300w, https:\/\/www.sannicolasdemyra.cl\/web\/wp-content\/uploads\/compromiso-familiar-1024x691.jpg 1024w, https:\/\/www.sannicolasdemyra.cl\/web\/wp-content\/uploads\/compromiso-familiar-768x518.jpg 768w, https:\/\/www.sannicolasdemyra.cl\/web\/wp-content\/uploads\/compromiso-familiar.jpg 1200w\" sizes=\"auto, (max-width: 300px) 100vw, 300px\" \/>                                                              <\/div>\n              <div class=\"box-text text-left\" >\n                 <p>Sana Convivencia<\/p>\n              <\/div>\n            <\/div>\n            <\/a>          <\/div>\n         <\/div><div class=\"gallery-col col\" >\n          <div class=\"col-inner\">\n            <a class=\"\" href=\"https:\/\/www.sannicolasdemyra.cl\/web\/wp-content\/uploads\/Entrega-de-la-Biblia-Educacion-espiritual.jpg\" title=\"Entrega de Biblias\">            <div class=\"box has-hover gallery-box box-normal\">\n              <div class=\"box-image\" >\n                <img loading=\"lazy\" decoding=\"async\" width=\"300\" height=\"203\" src=\"https:\/\/www.sannicolasdemyra.cl\/web\/wp-content\/uploads\/Entrega-de-la-Biblia-Educacion-espiritual-300x203.jpg\" class=\"attachment-medium size-medium\" alt=\"\" ids=\"23610,23631,24010,23596,24011,23352,23643,23633,23358,24065,24072\" style=\"normal\" lightbox_image_size=\"original\" type=\"slider\" auto_slide=\"3000\" srcset=\"https:\/\/www.sannicolasdemyra.cl\/web\/wp-content\/uploads\/Entrega-de-la-Biblia-Educacion-espiritual-300x203.jpg 300w, https:\/\/www.sannicolasdemyra.cl\/web\/wp-content\/uploads\/Entrega-de-la-Biblia-Educacion-espiritual-1024x691.jpg 1024w, https:\/\/www.sannicolasdemyra.cl\/web\/wp-content\/uploads\/Entrega-de-la-Biblia-Educacion-espiritual-768x518.jpg 768w, https:\/\/www.sannicolasdemyra.cl\/web\/wp-content\/uploads\/Entrega-de-la-Biblia-Educacion-espiritual.jpg 1200w\" sizes=\"auto, (max-width: 300px) 100vw, 300px\" \/>                                                              <\/div>\n              <div class=\"box-text text-left\" >\n                 <p>Entrega de Biblias<\/p>\n              <\/div>\n            <\/div>\n            <\/a>          <\/div>\n         <\/div><div class=\"gallery-col col\" >\n          <div class=\"col-inner\">\n            <a class=\"\" href=\"https:\/\/www.sannicolasdemyra.cl\/web\/wp-content\/uploads\/tenis-2.jpg\" title=\"3\u00b0 B\u00e1sico - Tenis\">            <div class=\"box has-hover gallery-box box-normal\">\n              <div class=\"box-image\" >\n                <img loading=\"lazy\" decoding=\"async\" width=\"300\" height=\"203\" src=\"https:\/\/www.sannicolasdemyra.cl\/web\/wp-content\/uploads\/tenis-2-300x203.jpg\" class=\"attachment-medium size-medium\" alt=\"\" ids=\"23610,23631,24010,23596,24011,23352,23643,23633,23358,24065,24072\" style=\"normal\" lightbox_image_size=\"original\" type=\"slider\" auto_slide=\"3000\" srcset=\"https:\/\/www.sannicolasdemyra.cl\/web\/wp-content\/uploads\/tenis-2-300x203.jpg 300w, https:\/\/www.sannicolasdemyra.cl\/web\/wp-content\/uploads\/tenis-2-1024x691.jpg 1024w, https:\/\/www.sannicolasdemyra.cl\/web\/wp-content\/uploads\/tenis-2-768x518.jpg 768w, https:\/\/www.sannicolasdemyra.cl\/web\/wp-content\/uploads\/tenis-2.jpg 1200w\" sizes=\"auto, (max-width: 300px) 100vw, 300px\" \/>                                                              <\/div>\n              <div class=\"box-text text-left\" >\n                 <p>3\u00b0 B\u00e1sico - Tenis<\/p>\n              <\/div>\n            <\/div>\n            <\/a>          <\/div>\n         <\/div><div class=\"gallery-col col\" >\n          <div class=\"col-inner\">\n            <a class=\"\" href=\"https:\/\/www.sannicolasdemyra.cl\/web\/wp-content\/uploads\/natacio\u0301n.jpg\" title=\"4\u00b0 B\u00e1sico - Nataci\u00f3n\">            <div class=\"box has-hover gallery-box box-normal\">\n              <div class=\"box-image\" >\n                <img loading=\"lazy\" decoding=\"async\" width=\"300\" height=\"203\" src=\"https:\/\/www.sannicolasdemyra.cl\/web\/wp-content\/uploads\/natacio\u0301n-300x203.jpg\" class=\"attachment-medium size-medium\" alt=\"\" ids=\"23610,23631,24010,23596,24011,23352,23643,23633,23358,24065,24072\" style=\"normal\" lightbox_image_size=\"original\" type=\"slider\" auto_slide=\"3000\" srcset=\"https:\/\/www.sannicolasdemyra.cl\/web\/wp-content\/uploads\/natacio\u0301n-300x203.jpg 300w, https:\/\/www.sannicolasdemyra.cl\/web\/wp-content\/uploads\/natacio\u0301n-1024x691.jpg 1024w, https:\/\/www.sannicolasdemyra.cl\/web\/wp-content\/uploads\/natacio\u0301n-768x518.jpg 768w, https:\/\/www.sannicolasdemyra.cl\/web\/wp-content\/uploads\/natacio\u0301n.jpg 1200w\" sizes=\"auto, (max-width: 300px) 100vw, 300px\" \/>                                                              <\/div>\n              <div class=\"box-text text-left\" >\n                 <p>4\u00b0 B\u00e1sico - Nataci\u00f3n<\/p>\n              <\/div>\n            <\/div>\n            <\/a>          <\/div>\n         <\/div><div class=\"gallery-col col\" >\n          <div class=\"col-inner\">\n            <a class=\"\" href=\"https:\/\/www.sannicolasdemyra.cl\/web\/wp-content\/uploads\/ingle\u0301s-english-week.jpg\" title=\"English Week\">            <div class=\"box has-hover gallery-box box-normal\">\n              <div class=\"box-image\" >\n                <img loading=\"lazy\" decoding=\"async\" width=\"300\" height=\"203\" src=\"https:\/\/www.sannicolasdemyra.cl\/web\/wp-content\/uploads\/ingle\u0301s-english-week-300x203.jpg\" class=\"attachment-medium size-medium\" alt=\"\" ids=\"23610,23631,24010,23596,24011,23352,23643,23633,23358,24065,24072\" style=\"normal\" lightbox_image_size=\"original\" type=\"slider\" auto_slide=\"3000\" srcset=\"https:\/\/www.sannicolasdemyra.cl\/web\/wp-content\/uploads\/ingle\u0301s-english-week-300x203.jpg 300w, https:\/\/www.sannicolasdemyra.cl\/web\/wp-content\/uploads\/ingle\u0301s-english-week-1024x691.jpg 1024w, https:\/\/www.sannicolasdemyra.cl\/web\/wp-content\/uploads\/ingle\u0301s-english-week-768x518.jpg 768w, https:\/\/www.sannicolasdemyra.cl\/web\/wp-content\/uploads\/ingle\u0301s-english-week.jpg 1200w\" sizes=\"auto, (max-width: 300px) 100vw, 300px\" \/>                                                              <\/div>\n              <div class=\"box-text text-left\" >\n                 <p>English Week<\/p>\n              <\/div>\n            <\/div>\n            <\/a>          <\/div>\n         <\/div><div class=\"gallery-col col\" >\n          <div class=\"col-inner\">\n            <a class=\"\" href=\"https:\/\/www.sannicolasdemyra.cl\/web\/wp-content\/uploads\/Campamento-Scout.jpg\" title=\"Scouts\">            <div class=\"box has-hover gallery-box box-normal\">\n              <div class=\"box-image\" >\n                <img loading=\"lazy\" decoding=\"async\" width=\"300\" height=\"203\" src=\"https:\/\/www.sannicolasdemyra.cl\/web\/wp-content\/uploads\/Campamento-Scout-300x203.jpg\" class=\"attachment-medium size-medium\" alt=\"valores y campamento scout\" ids=\"23610,23631,24010,23596,24011,23352,23643,23633,23358,24065,24072\" style=\"normal\" lightbox_image_size=\"original\" type=\"slider\" auto_slide=\"3000\" srcset=\"https:\/\/www.sannicolasdemyra.cl\/web\/wp-content\/uploads\/Campamento-Scout-300x203.jpg 300w, https:\/\/www.sannicolasdemyra.cl\/web\/wp-content\/uploads\/Campamento-Scout-1024x691.jpg 1024w, https:\/\/www.sannicolasdemyra.cl\/web\/wp-content\/uploads\/Campamento-Scout-768x518.jpg 768w, https:\/\/www.sannicolasdemyra.cl\/web\/wp-content\/uploads\/Campamento-Scout.jpg 1200w\" sizes=\"auto, (max-width: 300px) 100vw, 300px\" \/>                                                              <\/div>\n              <div class=\"box-text text-left\" >\n                 <p>Scouts<\/p>\n              <\/div>\n            <\/div>\n            <\/a>          <\/div>\n         <\/div><div class=\"gallery-col col\" >\n          <div class=\"col-inner\">\n            <a class=\"\" href=\"https:\/\/www.sannicolasdemyra.cl\/web\/wp-content\/uploads\/Rama-Ski.jpg\" title=\"Rama de Ski\">            <div class=\"box has-hover gallery-box box-normal\">\n              <div class=\"box-image\" >\n                <img loading=\"lazy\" decoding=\"async\" width=\"300\" height=\"203\" src=\"https:\/\/www.sannicolasdemyra.cl\/web\/wp-content\/uploads\/Rama-Ski-300x203.jpg\" class=\"attachment-medium size-medium\" alt=\"Rama de Ski\" ids=\"23610,23631,24010,23596,24011,23352,23643,23633,23358,24065,24072\" style=\"normal\" lightbox_image_size=\"original\" type=\"slider\" auto_slide=\"3000\" srcset=\"https:\/\/www.sannicolasdemyra.cl\/web\/wp-content\/uploads\/Rama-Ski-300x203.jpg 300w, https:\/\/www.sannicolasdemyra.cl\/web\/wp-content\/uploads\/Rama-Ski-1024x691.jpg 1024w, https:\/\/www.sannicolasdemyra.cl\/web\/wp-content\/uploads\/Rama-Ski-768x518.jpg 768w, https:\/\/www.sannicolasdemyra.cl\/web\/wp-content\/uploads\/Rama-Ski.jpg 1200w\" sizes=\"auto, (max-width: 300px) 100vw, 300px\" \/>                                                              <\/div>\n              <div class=\"box-text text-left\" >\n                 <p>Rama de Ski<\/p>\n              <\/div>\n            <\/div>\n            <\/a>          <\/div>\n         <\/div><div class=\"gallery-col col\" >\n          <div class=\"col-inner\">\n            <a class=\"\" href=\"https:\/\/www.sannicolasdemyra.cl\/web\/wp-content\/uploads\/Laboratorio.jpg\" title=\"Taller de Science\">            <div class=\"box has-hover gallery-box box-normal\">\n              <div class=\"box-image\" >\n                <img loading=\"lazy\" decoding=\"async\" width=\"300\" height=\"203\" src=\"https:\/\/www.sannicolasdemyra.cl\/web\/wp-content\/uploads\/Laboratorio-300x203.jpg\" class=\"attachment-medium size-medium\" alt=\"\" ids=\"23610,23631,24010,23596,24011,23352,23643,23633,23358,24065,24072\" style=\"normal\" lightbox_image_size=\"original\" type=\"slider\" auto_slide=\"3000\" srcset=\"https:\/\/www.sannicolasdemyra.cl\/web\/wp-content\/uploads\/Laboratorio-300x203.jpg 300w, https:\/\/www.sannicolasdemyra.cl\/web\/wp-content\/uploads\/Laboratorio-1024x691.jpg 1024w, https:\/\/www.sannicolasdemyra.cl\/web\/wp-content\/uploads\/Laboratorio-768x518.jpg 768w, https:\/\/www.sannicolasdemyra.cl\/web\/wp-content\/uploads\/Laboratorio.jpg 1200w\" sizes=\"auto, (max-width: 300px) 100vw, 300px\" \/>                                                              <\/div>\n              <div class=\"box-text text-left\" >\n                 <p>Taller de Science<\/p>\n              <\/div>\n            <\/div>\n            <\/a>          <\/div>\n         <\/div><\/div>\n\t\t<\/div>\n\t\t\t\t\t<\/div>\n\n\t\n\n\t<div id=\"col-1523557458\" class=\"col medium-4 small-12 large-4\"  >\n\t\t\t\t<div class=\"col-inner dark\" style=\"background-color:#03263d;\" >\n\t\t\t\n\t\t\t\n\t<div class=\"img has-hover x md-x lg-x y md-y lg-y\" id=\"image_1862314604\">\n\t\t\t\t\t\t\t\t<div class=\"img-inner dark\" >\n\t\t\t<img loading=\"lazy\" decoding=\"async\" width=\"1200\" height=\"810\" src=\"https:\/\/www.sannicolasdemyra.cl\/web\/wp-content\/uploads\/Misses-Middle-2.jpg\" class=\"attachment-original size-original\" alt=\"Misses de Middle level leyendo\" srcset=\"https:\/\/www.sannicolasdemyra.cl\/web\/wp-content\/uploads\/Misses-Middle-2.jpg 1200w, https:\/\/www.sannicolasdemyra.cl\/web\/wp-content\/uploads\/Misses-Middle-2-300x203.jpg 300w, https:\/\/www.sannicolasdemyra.cl\/web\/wp-content\/uploads\/Misses-Middle-2-1024x691.jpg 1024w, https:\/\/www.sannicolasdemyra.cl\/web\/wp-content\/uploads\/Misses-Middle-2-768x518.jpg 768w\" sizes=\"auto, (max-width: 1200px) 100vw, 1200px\" \/>\t\t\t\t\t\t\n\t\t\t\t\t<\/div>\n\t\t\t\t\t\t\t\t\n<style>\n#image_1862314604 {\n  width: 100%;\n}\n<\/style>\n\t<\/div>\n\t\n<h3 class=\"thin-font\"><strong>Nuestra Misi\u00f3n<\/strong><\/h3>\n<p>Somos un <strong>colegio centrado en el estudiante<\/strong>, con <strong>ingl\u00e9s<\/strong> <strong>avanzado<\/strong> y <strong>familiar<\/strong>. Buscando entregar al mundo personas integrales, con firmes convicciones, responsables, esforzadas, seguras, inteligentes, alegres, con un sello cat\u00f3lico, de amor al pr\u00f3jimo y esp\u00edritu de servicio.<\/p>\n<div class=\"text-center\"><div class=\"is-divider divider clearfix\" ><\/div><\/div>\n<p><b>Fomentando el Crecimiento Integral<\/b><\/p>\n<p>Contamos con un equipo de <em>Academic Support<\/em> que brinda apoyo pedag\u00f3gico a ni\u00f1os con NEE transitorias y\/o permanentes. Trabajamos en favor de la inclusi\u00f3n, un valor esencial de nuestra identidad como colegio. Promovemos un entorno donde cada estudiante puede desarrollar al m\u00e1ximo sus talentos, respetando y valorando la diversidad como una riqueza que enriquece nuestra comunidad educativa.<\/p>\n\t<div class=\"img has-hover x md-x lg-x y md-y lg-y\" id=\"image_1474022214\">\n\t\t\t\t\t\t\t\t<div class=\"img-inner dark\" >\n\t\t\t<img loading=\"lazy\" decoding=\"async\" width=\"1200\" height=\"810\" src=\"https:\/\/www.sannicolasdemyra.cl\/web\/wp-content\/uploads\/Misses-Middle.jpg\" class=\"attachment-original size-original\" alt=\"Misses de Middle Level planificando\" srcset=\"https:\/\/www.sannicolasdemyra.cl\/web\/wp-content\/uploads\/Misses-Middle.jpg 1200w, https:\/\/www.sannicolasdemyra.cl\/web\/wp-content\/uploads\/Misses-Middle-300x203.jpg 300w, https:\/\/www.sannicolasdemyra.cl\/web\/wp-content\/uploads\/Misses-Middle-1024x691.jpg 1024w, https:\/\/www.sannicolasdemyra.cl\/web\/wp-content\/uploads\/Misses-Middle-768x518.jpg 768w\" sizes=\"auto, (max-width: 1200px) 100vw, 1200px\" \/>\t\t\t\t\t\t\n\t\t\t\t\t<\/div>\n\t\t\t\t\t\t\t\t\n<style>\n#image_1474022214 {\n  width: 100%;\n}\n<\/style>\n\t<\/div>\n\t\n\t\t<\/div>\n\t\t\t\t\n<style>\n#col-1523557458 > .col-inner {\n  padding: 20px 20px 20px 20px;\n}\n<\/style>\n\t<\/div>\n\n\t\n<\/div>\n\n\t<section class=\"section dark\" id=\"section_1019291609\">\n\t\t<div class=\"section-bg fill\" >\n\t\t\t\t\t\t\t\t\t\n\t\t\t\n\n\t\t<\/div>\n\n\t\t\n\t<div class=\"ux-shape-divider ux-shape-divider--bottom ux-shape-divider--style-curve-invert\">\n\t\t<svg viewBox=\"0 0 1000 100\" xmlns=\"http:\/\/www.w3.org\/2000\/svg\" preserveAspectRatio=\"none\">\n\t<path class=\"ux-shape-fill\" d=\"M500 47.0297C184.4 47.0297 -26 100 -26 100H1026C1026 100 815.6 47.0297 500 47.0297ZM1026 -5.94059H-26V-7H1026V-5.94059Z\"\/>\n<\/svg>\n\n\t<\/div>\n\n\t\t<div class=\"section-content relative\">\n\t\t\t\n<div class=\"row hide-for-small\"  id=\"row-88461722\">\n\n\t<div id=\"col-748535597\" class=\"col medium-4 small-12 large-4\"  >\n\t\t\t\t<div class=\"col-inner\"  >\n\t\t\t\n\t\t\t\n\t<div class=\"box has-hover   has-hover box-label box-text-bottom\" >\n\n\t\t<div class=\"box-image\" >\n\t\t\t<a href=\"https:\/\/www.sannicolasdemyra.cl\/web\/admision\/kinder-iii-medio\/\" target=\"_blank\" rel=\"noopener\" >\t\t\t<div class=\"image-cover\" style=\"padding-top:400px;\">\n\t\t\t\t<img loading=\"lazy\" decoding=\"async\" width=\"400\" height=\"400\" src=\"https:\/\/www.sannicolasdemyra.cl\/web\/wp-content\/uploads\/BANNER-infraestructura.jpg\" class=\"attachment-original size-original\" alt=\"Colegio San Nicol\u00e1s de Myra\" srcset=\"https:\/\/www.sannicolasdemyra.cl\/web\/wp-content\/uploads\/BANNER-infraestructura.jpg 400w, https:\/\/www.sannicolasdemyra.cl\/web\/wp-content\/uploads\/BANNER-infraestructura-300x300.jpg 300w, https:\/\/www.sannicolasdemyra.cl\/web\/wp-content\/uploads\/BANNER-infraestructura-150x150.jpg 150w\" sizes=\"auto, (max-width: 400px) 100vw, 400px\" \/>\t\t\t\t\t\t\t\t\t\t\t<\/div>\n\t\t\t<\/a>\t\t<\/div>\n\n\t\t<div class=\"box-text text-center dark\" style=\"background-color:rgba(1, 46, 64, 0.808);\">\n\t\t\t<div class=\"box-text-inner\">\n\t\t\t\t\n<p><strong>ADMISI\u00d3N<\/strong><\/p>\n\t\t\t<\/div>\n\t\t<\/div>\n\t<\/div>\n\t\n\t\t<\/div>\n\t\t\t\t\t<\/div>\n\n\t\n\n\t<div id=\"col-230077482\" class=\"col medium-4 small-12 large-4\"  >\n\t\t\t\t<div class=\"col-inner\"  >\n\t\t\t\n\t\t\t\n\t<div class=\"box has-hover   has-hover box-label box-text-bottom\" >\n\n\t\t<div class=\"box-image\" >\n\t\t\t<a href=\"https:\/\/www.sannicolasdemyra.cl\/web\/vida-escolar\/sana-convivencia\/\" target=\"_blank\" rel=\"noopener\" >\t\t\t<div class=\"image-cover\" style=\"padding-top:400px;\">\n\t\t\t\t<img loading=\"lazy\" decoding=\"async\" width=\"400\" height=\"400\" src=\"https:\/\/www.sannicolasdemyra.cl\/web\/wp-content\/uploads\/Sana-Convivencia.jpg\" class=\"attachment-original size-original\" alt=\"educar en sana convivencia buen trato\" srcset=\"https:\/\/www.sannicolasdemyra.cl\/web\/wp-content\/uploads\/Sana-Convivencia.jpg 400w, https:\/\/www.sannicolasdemyra.cl\/web\/wp-content\/uploads\/Sana-Convivencia-300x300.jpg 300w, https:\/\/www.sannicolasdemyra.cl\/web\/wp-content\/uploads\/Sana-Convivencia-150x150.jpg 150w\" sizes=\"auto, (max-width: 400px) 100vw, 400px\" \/>\t\t\t\t\t\t\t\t\t\t\t<\/div>\n\t\t\t<\/a>\t\t<\/div>\n\n\t\t<div class=\"box-text text-center dark\" style=\"background-color:rgba(1, 46, 64, 0.808);\">\n\t\t\t<div class=\"box-text-inner\">\n\t\t\t\t\n<h4>SANA CONVIVENCIA<\/h4>\n\t\t\t<\/div>\n\t\t<\/div>\n\t<\/div>\n\t\n\t\t<\/div>\n\t\t\t\t\t<\/div>\n\n\t\n\n\t<div id=\"col-888934812\" class=\"col medium-4 small-12 large-4\"  >\n\t\t\t\t<div class=\"col-inner\"  >\n\t\t\t\n\t\t\t\n\t<div class=\"box has-hover   has-hover box-label box-text-bottom\" >\n\n\t\t<div class=\"box-image\" >\n\t\t\t<a href=\"https:\/\/www.sannicolasdemyra.cl\/web\/nuestro-colegio\/ingles\/\" target=\"_blank\" rel=\"noopener\" >\t\t\t<div class=\"image-cover\" style=\"padding-top:400px;\">\n\t\t\t\t<img loading=\"lazy\" decoding=\"async\" width=\"400\" height=\"400\" src=\"https:\/\/www.sannicolasdemyra.cl\/web\/wp-content\/uploads\/Ingles.jpg\" class=\"attachment-original size-original\" alt=\"Intercambio -London-ingl\u00e9s\" srcset=\"https:\/\/www.sannicolasdemyra.cl\/web\/wp-content\/uploads\/Ingles.jpg 400w, https:\/\/www.sannicolasdemyra.cl\/web\/wp-content\/uploads\/Ingles-300x300.jpg 300w, https:\/\/www.sannicolasdemyra.cl\/web\/wp-content\/uploads\/Ingles-150x150.jpg 150w\" sizes=\"auto, (max-width: 400px) 100vw, 400px\" \/>\t\t\t\t\t\t\t\t\t\t\t<\/div>\n\t\t\t<\/a>\t\t<\/div>\n\n\t\t<div class=\"box-text text-center dark\" style=\"background-color:rgba(1, 46, 64, 0.808);\">\n\t\t\t<div class=\"box-text-inner\">\n\t\t\t\t\n<p><strong>INGL\u00c9S<\/strong><\/p>\n\t\t\t<\/div>\n\t\t<\/div>\n\t<\/div>\n\t\n\t\t<\/div>\n\t\t\t\t\t<\/div>\n\n\t\n<\/div>\n<div class=\"row show-for-small\"  id=\"row-1992033368\">\n\n\t<div id=\"col-1484652423\" class=\"col medium-4 small-12 large-4\"  >\n\t\t\t\t<div class=\"col-inner\"  >\n\t\t\t\n\t\t\t\n<div class=\"slider-wrapper relative\" id=\"slider-48647465\" >\n    <div class=\"slider slider-nav-dots-simple slider-nav-circle slider-nav-large slider-nav-dark slider-style-normal\"\n        data-flickity-options='{\n            \"cellAlign\": \"center\",\n            \"imagesLoaded\": true,\n            \"lazyLoad\": 1,\n            \"freeScroll\": false,\n            \"wrapAround\": true,\n            \"autoPlay\": 6000,\n            \"pauseAutoPlayOnHover\" : true,\n            \"prevNextButtons\": false,\n            \"contain\" : true,\n            \"adaptiveHeight\" : true,\n            \"dragThreshold\" : 10,\n            \"percentPosition\": true,\n            \"pageDots\": true,\n            \"rightToLeft\": false,\n            \"draggable\": true,\n            \"selectedAttraction\": 0.1,\n            \"parallax\" : 0,\n            \"friction\": 0.6        }'\n        >\n        \n<div class=\"row\"  id=\"row-1236662400\">\n\n\t<div id=\"col-1252669825\" class=\"col medium-6 small-6 large-6\"  >\n\t\t\t\t<div class=\"col-inner\"  >\n\t\t\t\n\t\t\t\n\t<div class=\"box has-hover   has-hover box-label box-text-bottom\" >\n\n\t\t<div class=\"box-image\" >\n\t\t\t<a href=\"#\" >\t\t\t<div class=\"image-cover\" style=\"padding-top:200px;\">\n\t\t\t\t\t\t\t\t\t\t\t\t\t\t\t<\/div>\n\t\t\t<\/a>\t\t<\/div>\n\n\t\t<div class=\"box-text text-center dark\" style=\"background-color:rgba(0, 0, 0, 0.75);\">\n\t\t\t<div class=\"box-text-inner\">\n\t\t\t\t\n<h4>INGL\u00c9S<\/h4>\n\t\t\t<\/div>\n\t\t<\/div>\n\t<\/div>\n\t\n\t\t<\/div>\n\t\t\t\t\t<\/div>\n\n\t\n\n\t<div id=\"col-574902899\" class=\"col medium-6 small-6 large-6\"  >\n\t\t\t\t<div class=\"col-inner\"  >\n\t\t\t\n\t\t\t\n\t<div class=\"box has-hover   has-hover box-label box-text-bottom\" >\n\n\t\t<div class=\"box-image\" >\n\t\t\t<a href=\"#\" >\t\t\t<div class=\"image-cover\" style=\"padding-top:200px;\">\n\t\t\t\t\t\t\t\t\t\t\t\t\t\t\t<\/div>\n\t\t\t<\/a>\t\t<\/div>\n\n\t\t<div class=\"box-text text-center dark\" style=\"background-color:rgba(0, 0, 0, 0.75);\">\n\t\t\t<div class=\"box-text-inner\">\n\t\t\t\t\n<h4>SANA CONVIVENCIA<\/h4>\n\t\t\t<\/div>\n\t\t<\/div>\n\t<\/div>\n\t\n\t\t<\/div>\n\t\t\t\t\t<\/div>\n\n\t\n<\/div>\n<div class=\"row\"  id=\"row-1769254574\">\n\n\t<div id=\"col-1176208449\" class=\"col medium-6 small-6 large-6\"  >\n\t\t\t\t<div class=\"col-inner\"  >\n\t\t\t\n\t\t\t\n\t<div class=\"box has-hover   has-hover box-label box-text-bottom\" >\n\n\t\t<div class=\"box-image\" >\n\t\t\t<a href=\"#\" >\t\t\t<div class=\"image-cover\" style=\"padding-top:200px;\">\n\t\t\t\t\t\t\t\t\t\t\t\t\t\t\t<\/div>\n\t\t\t<\/a>\t\t<\/div>\n\n\t\t<div class=\"box-text text-center dark\" style=\"background-color:rgba(0, 0, 0, 0.75);\">\n\t\t\t<div class=\"box-text-inner\">\n\t\t\t\t\n<h4>SANA CONVIVENCIA<\/h4>\n\t\t\t<\/div>\n\t\t<\/div>\n\t<\/div>\n\t\n\t\t<\/div>\n\t\t\t\t\t<\/div>\n\n\t\n\n\t<div id=\"col-385429617\" class=\"col medium-4 small-6 large-4\"  >\n\t\t\t\t<div class=\"col-inner\"  >\n\t\t\t\n\t\t\t\n\t<div class=\"box has-hover   has-hover box-label box-text-bottom\" >\n\n\t\t<div class=\"box-image\" >\n\t\t\t<a href=\"#\" >\t\t\t<div class=\"image-cover\" style=\"padding-top:200px;\">\n\t\t\t\t\t\t\t\t\t\t\t\t\t\t\t<\/div>\n\t\t\t<\/a>\t\t<\/div>\n\n\t\t<div class=\"box-text text-center dark\" style=\"background-color:rgba(0, 0, 0, 0.75);\">\n\t\t\t<div class=\"box-text-inner\">\n\t\t\t\t\n<h4>INTERCAMBIOS<\/h4>\n\t\t\t<\/div>\n\t\t<\/div>\n\t<\/div>\n\t\n\t\t<\/div>\n\t\t\t\t\t<\/div>\n\n\t\n<\/div>\n     <\/div>\n\n     <div class=\"loading-spin dark large centered\"><\/div>\n\n\t<\/div>\n\n\n\t\t<\/div>\n\t\t\t\t\t<\/div>\n\n\t\n<\/div>\n\t\t<\/div>\n\n\t\t\n<style>\n#section_1019291609 {\n  padding-top: 50px;\n  padding-bottom: 50px;\n  background-color: #03263d;\n}\n#section_1019291609 .ux-shape-divider--bottom svg {\n  height: 400px;\n  --divider-width: 300%;\n}\n<\/style>\n\t<\/section>\n\t\n","protected":false},"excerpt":{"rendered":"","protected":false},"author":8,"featured_media":0,"parent":23144,"menu_order":0,"comment_status":"closed","ping_status":"closed","template":"page-blank.php","meta":{"_price":"","_stock":"","_tribe_ticket_header":"","_tribe_default_ticket_provider":"","_tribe_ticket_capacity":"0","_ticket_start_date":"","_ticket_end_date":"","_tribe_ticket_show_description":"","_tribe_ticket_show_not_going":false,"_tribe_ticket_use_global_stock":"","_tribe_ticket_global_stock_level":"","_global_stock_mode":"","_global_stock_cap":"","_tribe_rsvp_for_event":"","_tribe_ticket_going_count":"","_tribe_ticket_not_going_count":"","_tribe_tickets_list":"[]","_tribe_ticket_has_attendee_info_fields":false,"footnotes":"","_tec_slr_enabled":"","_tec_slr_layout":""},"class_list":["post-23872","page","type-page","status-publish","hentry"],"ticketed":false,"_links":{"self":[{"href":"https:\/\/www.sannicolasdemyra.cl\/web\/wp-json\/wp\/v2\/pages\/23872","targetHints":{"allow":["GET"]}}],"collection":[{"href":"https:\/\/www.sannicolasdemyra.cl\/web\/wp-json\/wp\/v2\/pages"}],"about":[{"href":"https:\/\/www.sannicolasdemyra.cl\/web\/wp-json\/wp\/v2\/types\/page"}],"author":[{"embeddable":true,"href":"https:\/\/www.sannicolasdemyra.cl\/web\/wp-json\/wp\/v2\/users\/8"}],"replies":[{"embeddable":true,"href":"https:\/\/www.sannicolasdemyra.cl\/web\/wp-json\/wp\/v2\/comments?post=23872"}],"version-history":[{"count":0,"href":"https:\/\/www.sannicolasdemyra.cl\/web\/wp-json\/wp\/v2\/pages\/23872\/revisions"}],"up":[{"embeddable":true,"href":"https:\/\/www.sannicolasdemyra.cl\/web\/wp-json\/wp\/v2\/pages\/23144"}],"wp:attachment":[{"href":"https:\/\/www.sannicolasdemyra.cl\/web\/wp-json\/wp\/v2\/media?parent=23872"}],"curies":[{"name":"wp","href":"https:\/\/api.w.org\/{rel}","templated":true}]}}