{"id":24052,"date":"2024-11-13T13:53:49","date_gmt":"2024-11-13T16:53:49","guid":{"rendered":"https:\/\/www.sannicolasdemyra.cl\/web\/?page_id=24052"},"modified":"2025-08-11T11:23:58","modified_gmt":"2025-08-11T15:23:58","slug":"empatia-2","status":"publish","type":"page","link":"https:\/\/www.sannicolasdemyra.cl\/web\/vida-escolar\/sana-convivencia\/sello-plan-islandia\/empatia-2\/","title":{"rendered":"Sana Convivencia: Empat\u00eda"},"content":{"rendered":"\t<div id=\"gap-252815179\" class=\"gap-element clearfix\" style=\"display:block; height:auto;\">\n\t\t\n<style>\n#gap-252815179 {\n  padding-top: 30px;\n}\n<\/style>\n\t<\/div>\n\t\n<div class=\"row\"  id=\"row-1605978065\">\n\n\t<div id=\"col-677240096\" class=\"col medium-8 small-12 large-8\"  >\n\t\t\t\t<div class=\"col-inner text-left\"  >\n\t\t\t\n\t\t\t\n\t<div id=\"text-1385506856\" class=\"text\">\n\t\t\n<h3><strong>Premiados por el Valor de Sana Convivencia:\u00a0 EMPAT\u00cdA<\/strong><\/h3>\n<p>En el Colegio San Nicol\u00e1s de Myra, formamos estudiantes integrales en lo personal, social, espiritual e intelectual, a la luz de la raz\u00f3n y la fe. <span style=\"font-weight: 400;\">Durante estos meses, destacamos especialmente la empat\u00eda, entendida como la capacidad de ponerse en el lugar del otro, comprender sus emociones y actuar con respeto y solidaridad.<\/span><\/p>\n<p><span style=\"font-weight: 400;\">Con mucho orgullo, felicitamos a los estudiantes que fueron reconocidos por vivir este valor en su d\u00eda a d\u00eda escolar. Ellos y ellas han demostrado una genuina preocupaci\u00f3n por sus compa\u00f1eros, han sabido escuchar con atenci\u00f3n y han brindado apoyo cuando otros lo necesitaban. Son un ejemplo para toda nuestra comunidad.<\/span><\/p>\n<p><strong>Felicitamos a los estudiantes que destacan por fomentar la empat\u00eda en sus salas de clases:<\/strong><\/p>\n\t\t\n<style>\n#text-1385506856 {\n  text-align: left;\n}\n<\/style>\n\t<\/div>\n\t\n\t<div class=\"img has-hover x md-x lg-x y md-y lg-y\" id=\"image_809827029\">\n\t\t\t\t\t\t\t\t<div class=\"img-inner dark\" >\n\t\t\t<img loading=\"lazy\" decoding=\"async\" width=\"1200\" height=\"810\" src=\"https:\/\/www.sannicolasdemyra.cl\/web\/wp-content\/uploads\/Empatia-Junior-M.png\" class=\"attachment-original size-original\" alt=\"\" srcset=\"https:\/\/www.sannicolasdemyra.cl\/web\/wp-content\/uploads\/Empatia-Junior-M.png 1200w, https:\/\/www.sannicolasdemyra.cl\/web\/wp-content\/uploads\/Empatia-Junior-M-300x203.png 300w, https:\/\/www.sannicolasdemyra.cl\/web\/wp-content\/uploads\/Empatia-Junior-M-1024x691.png 1024w, https:\/\/www.sannicolasdemyra.cl\/web\/wp-content\/uploads\/Empatia-Junior-M-768x518.png 768w\" sizes=\"auto, (max-width: 1200px) 100vw, 1200px\" \/>\t\t\t\t\t\t\n\t\t\t\t\t<\/div>\n\t\t\t\t\t\t\t\t\n<style>\n#image_809827029 {\n  width: 100%;\n}\n<\/style>\n\t<\/div>\n\t\n\t<div id=\"text-2012251395\" class=\"text\">\n\t\t\n<p><b>Empat\u00eda \/ Junior &amp; Middle Level:<\/b><\/p>\n<ul>\n<li><b>PK A<\/b><span style=\"font-weight: 400;\"> Ren\u00e9 Salas Vicencio y Pascuala Solar G\u00f3mez<\/span><\/li>\n<li><b>PK B<\/b><span style=\"font-weight: 400;\"> Mar\u00eda Jes\u00fas Cabezas Vega y Clemente Illanes Acevedo\u00a0<\/span><\/li>\n<li><b>K A<\/b><span style=\"font-weight: 400;\"> Amparo Infante Smith y Roma Timpanaro (<em>Ausente<\/em>)<\/span><\/li>\n<li><b>\u2060K B<\/b><span style=\"font-weight: 400;\"> Valentina Hospedales Norambuena y Agustina Gutierrez Argando\u00f1a<\/span><\/li>\n<li><b>1\u00b0A<\/b><span style=\"font-weight: 400;\"> Jacinta Cumsille Palacios y Dom\u00e9nico Perrota Gaete\u00a0<\/span><\/li>\n<li><b>1\u00b0B<\/b><span style=\"font-weight: 400;\"> Lourdes Varela Carre\u00f1o y Benjam\u00edn Alveal Espejo<\/span><\/li>\n<li><span style=\"font-weight: 400;\">\u2060<\/span><b>2\u00b0A<\/b><span style=\"font-weight: 400;\"> Catalina Gonz\u00e1lez Garc\u00eda y Laura Rodr\u00edguez Cunliffe<\/span><\/li>\n<li><b>2\u00b0B<\/b><span style=\"font-weight: 400;\"> Filippa Claverie Dominik y Emma Timpanaro (<em>Ausente<\/em>)<\/span><\/li>\n<li><b>3\u00b0A<\/b><span style=\"font-weight: 400;\"> Adela Brevis Esparza y Leonor Herv\u00e9 Rivas<\/span><\/li>\n<li><b>3\u00b0B<\/b><span style=\"font-weight: 400;\"> I\u00f1aki Tirapegui Martinic y Mart\u00edn Valenzuela Gardiazabal<\/span><\/li>\n<li><b>4\u00b0A<\/b><span style=\"font-weight: 400;\"> Crist\u00f3bal Moreno Magna (<em>Ausente<\/em>) y Trinidad Rodr\u00edguez Pizarro (<em>Ausente<\/em>)<\/span><\/li>\n<li><b>4\u00b0B<\/b><span style=\"font-weight: 400;\"> Isidora Cort\u00e9s-Monroy Mart\u00ednez (<em>Ausente<\/em>) y Jorge Viera Ghigliotto (<em>Ausente<\/em>)<\/span><\/li>\n<li><b>5\u00b0A<\/b><span style=\"font-weight: 400;\"> Benjam\u00edn Latorre Bush y Mar\u00eda Paz de Caso Morgan<\/span><\/li>\n<li><b>5\u00b0B<\/b><span style=\"font-weight: 400;\"> Emilia D\u00edaz Wijnant y Victoria Vidal Crespo<\/span><\/li>\n<li><b>6\u00b0A<\/b><span style=\"font-weight: 400;\"> Jacinta Doerr Yuri y Fernanda Santiv\u00e1\u00f1ez Alvarez (<em>Ausente<\/em>)<\/span><\/li>\n<li><b>6\u00b0B<\/b><span style=\"font-weight: 400;\"> Diego P\u00e9rez-Montt Gonz\u00e1lez (<em>Ausente<\/em>) y L\u00eda Pe\u00f1a Poblete<\/span><\/li>\n<\/ul>\n<p><br style=\"font-weight: 400;\" \/><br style=\"font-weight: 400;\" \/><\/p>\n\t\t\n<style>\n#text-2012251395 {\n  text-align: left;\n}\n<\/style>\n\t<\/div>\n\t\n\t<div class=\"img has-hover x md-x lg-x y md-y lg-y\" id=\"image_849516687\">\n\t\t\t\t\t\t\t\t<div class=\"img-inner dark\" >\n\t\t\t<img loading=\"lazy\" decoding=\"async\" width=\"1200\" height=\"810\" src=\"https:\/\/www.sannicolasdemyra.cl\/web\/wp-content\/uploads\/Empatia-Senior.png\" class=\"attachment-original size-original\" alt=\"\" srcset=\"https:\/\/www.sannicolasdemyra.cl\/web\/wp-content\/uploads\/Empatia-Senior.png 1200w, https:\/\/www.sannicolasdemyra.cl\/web\/wp-content\/uploads\/Empatia-Senior-300x203.png 300w, https:\/\/www.sannicolasdemyra.cl\/web\/wp-content\/uploads\/Empatia-Senior-1024x691.png 1024w, https:\/\/www.sannicolasdemyra.cl\/web\/wp-content\/uploads\/Empatia-Senior-768x518.png 768w\" sizes=\"auto, (max-width: 1200px) 100vw, 1200px\" \/>\t\t\t\t\t\t\n\t\t\t\t\t<\/div>\n\t\t\t\t\t\t\t\t\n<style>\n#image_849516687 {\n  width: 100%;\n}\n<\/style>\n\t<\/div>\n\t\n\t<div id=\"text-1027064446\" class=\"text\">\n\t\t\n<p><b>Empat\u00eda \/ Senior Level:<\/b><\/p>\n<ul>\n<li><span style=\"font-weight: 400;\">\u2060 <\/span><b>\u20607\u00b0A<\/b><span style=\"font-weight: 400;\"> Tom\u00e1s Jarpa Tagle y Florencia Saffie Rodriguez\u00a0<\/span><\/li>\n<li><span style=\"font-weight: 400;\">\u2060 <\/span><b>\u20607\u00b0B<\/b><span style=\"font-weight: 400;\"> Mart\u00edn Droguett Gonz\u00e1lez y Josefina Cruz Hoyuelos\u00a0<\/span><\/li>\n<li><span style=\"font-weight: 400;\">\u2060\u00a0 <\/span><b>\u20608\u00b0A <\/b><span style=\"font-weight: 400;\">Bautista L\u00f3pez Parenti y Mat\u00edas B\u00e1lazs Guerra<\/span><\/li>\n<li><span style=\"font-weight: 400;\">\u2060\u00a0 <\/span><b>\u20608\u00b0B <\/b><span style=\"font-weight: 400;\">Juan Ignacio Oyarz\u00fan Jim\u00e9nez y Santiago C\u00e1ceres Aguilar<\/span><\/li>\n<li><span style=\"font-weight: 400;\">\u2060\u00a0 <\/span><b>\u2060I A<\/b><span style=\"font-weight: 400;\"> I\u00f1aki Mart\u00ednez Camiruaga y Montserrat Ortega Espinoza<\/span><\/li>\n<li><span style=\"font-weight: 400;\">\u2060\u00a0 <\/span><b>\u2060I B <\/b><span style=\"font-weight: 400;\">Jeronimo R\u00edo G\u00f3mez y Matilde Rojas Galvez<\/span><\/li>\n<li><span style=\"font-weight: 400;\">\u2060\u00a0 <\/span><b>\u2060II A<\/b><span style=\"font-weight: 400;\"> Beatriz Barrientos Gonz\u00e1lez (<em>Ausente<\/em>) y Fernanda Lizama Devoto<\/span><\/li>\n<li><span style=\"font-weight: 400;\">\u2060\u00a0 <\/span><b>\u2060II B<\/b><span style=\"font-weight: 400;\"> Alana Valerio Estrada y Jacinta Rubio Gaete (<em>Ausente<\/em>)<\/span><\/li>\n<li><span style=\"font-weight: 400;\">\u2060\u00a0 \u2060<\/span><b>III A<\/b><span style=\"font-weight: 400;\"> Andr\u00e9s De la Jara Paredes y Agustina Herrera Desmadryl<\/span><\/li>\n<li><span style=\"font-weight: 400;\">\u2060\u00a0 <\/span><b>\u2060III B <\/b><span style=\"font-weight: 400;\">Laura Arias Sep\u00falveda y Magdalena Ortega Espinoza<\/span><\/li>\n<li><span style=\"font-weight: 400;\">\u2060\u00a0 \u2060<\/span><b>IV A<\/b><span style=\"font-weight: 400;\"> Thomas Welkner Gajardo y Mart\u00edn Lizama Devoto<\/span><\/li>\n<li><span style=\"font-weight: 400;\">\u2060\u00a0 \u2060<\/span><b>IV B<\/b><span style=\"font-weight: 400;\"> Martina Garc\u00eda Feliziani y Santiago Del Castillo Contin\u00a0<\/span><\/li>\n<\/ul>\n\t\t\n<style>\n#text-1027064446 {\n  text-align: left;\n}\n<\/style>\n\t<\/div>\n\t\n\t\t<\/div>\n\t\t\t\t\t<\/div>\n\n\t\n\n\t<div id=\"col-941367677\" class=\"col medium-4 small-12 large-4\"  >\n\t\t\t\t<div class=\"col-inner dark\" style=\"background-color:#03263d;\" >\n\t\t\t\n\t\t\t\n\t<div class=\"img has-hover x md-x lg-x y md-y lg-y\" id=\"image_1371397220\">\n\t\t\t\t\t\t\t\t<div class=\"img-inner dark\" >\n\t\t\t\t\t\t\t\t\t\n\t\t\t\t\t<\/div>\n\t\t\t\t\t\t\t\t\n<style>\n#image_1371397220 {\n  width: 100%;\n}\n<\/style>\n\t<\/div>\n\t\n<h3 class=\"thin-font\">La EMPAT\u00cdA<\/h3>\n<p>La empat\u00eda implica comprender y compartir los sentimientos y experiencias de los dem\u00e1s, poni\u00e9ndose en su lugar y mostrando comprensi\u00f3n y sensibilidad hacia sus necesidades y preocupaciones. Es mirar el coraz\u00f3n del que est\u00e1 al lado, ver sus necesidades y estar ah\u00ed para ayudarlo, sin condiciones, sin buscar recompensas solo por el hecho de ser generoso y un ser humano abierto a dar lo que los dem\u00e1s necesitan en el momento adecuado. Es un valor que se educa y se trabaja. Los alumnos deben esforzarse por escuchar activamente, mostrar empat\u00eda hacia sus<br \/>compa\u00f1eros y actuar con bondad y compasi\u00f3n en todas las interacciones.<\/p>\n\t<div class=\"img has-hover x md-x lg-x y md-y lg-y\" id=\"image_2041063750\">\n\t\t\t\t\t\t\t\t<div class=\"img-inner dark\" >\n\t\t\t\t\t\t\t\t\t\n\t\t\t\t\t<\/div>\n\t\t\t\t\t\t\t\t\n<style>\n#image_2041063750 {\n  width: 100%;\n}\n<\/style>\n\t<\/div>\n\t\n\t\t<\/div>\n\t\t\t\t\n<style>\n#col-941367677 > .col-inner {\n  padding: 20px 20px 20px 20px;\n}\n<\/style>\n\t<\/div>\n\n\t\n<\/div>\n\n\t<section class=\"section dark\" id=\"section_2069435869\">\n\t\t<div class=\"section-bg fill\" >\n\t\t\t\t\t\t\t\t\t\n\t\t\t\n\n\t\t<\/div>\n\n\t\t\n\t<div class=\"ux-shape-divider ux-shape-divider--bottom ux-shape-divider--style-curve-invert\">\n\t\t<svg viewBox=\"0 0 1000 100\" xmlns=\"http:\/\/www.w3.org\/2000\/svg\" preserveAspectRatio=\"none\">\n\t<path class=\"ux-shape-fill\" d=\"M500 47.0297C184.4 47.0297 -26 100 -26 100H1026C1026 100 815.6 47.0297 500 47.0297ZM1026 -5.94059H-26V-7H1026V-5.94059Z\"\/>\n<\/svg>\n\n\t<\/div>\n\n\t\t<div class=\"section-content relative\">\n\t\t\t\n<div class=\"row hide-for-small\"  id=\"row-31556119\">\n\n\t<div id=\"col-1170587799\" class=\"col medium-4 small-12 large-4\"  >\n\t\t\t\t<div class=\"col-inner\"  >\n\t\t\t\n\t\t\t\n\t<div class=\"box has-hover   has-hover box-label box-text-bottom\" >\n\n\t\t<div class=\"box-image\" >\n\t\t\t<a href=\"https:\/\/www.sannicolasdemyra.cl\/web\/nuestro-colegio\/ingles\/\" target=\"_blank\" rel=\"noopener\" >\t\t\t<div class=\"image-cover\" style=\"padding-top:400px;\">\n\t\t\t\t<img loading=\"lazy\" decoding=\"async\" width=\"400\" height=\"400\" src=\"https:\/\/www.sannicolasdemyra.cl\/web\/wp-content\/uploads\/Ingles.jpg\" class=\"attachment-original size-original\" alt=\"Intercambio -London-ingl\u00e9s\" srcset=\"https:\/\/www.sannicolasdemyra.cl\/web\/wp-content\/uploads\/Ingles.jpg 400w, https:\/\/www.sannicolasdemyra.cl\/web\/wp-content\/uploads\/Ingles-300x300.jpg 300w, https:\/\/www.sannicolasdemyra.cl\/web\/wp-content\/uploads\/Ingles-150x150.jpg 150w\" sizes=\"auto, (max-width: 400px) 100vw, 400px\" \/>\t\t\t\t\t\t\t\t\t\t\t<\/div>\n\t\t\t<\/a>\t\t<\/div>\n\n\t\t<div class=\"box-text text-center dark\" style=\"background-color:rgba(1, 46, 64, 0.808);\">\n\t\t\t<div class=\"box-text-inner\">\n\t\t\t\t\n<h4>INGL\u00c9S<\/h4>\n\t\t\t<\/div>\n\t\t<\/div>\n\t<\/div>\n\t\n\t\t<\/div>\n\t\t\t\t\t<\/div>\n\n\t\n\n\t<div id=\"col-1946980538\" class=\"col medium-4 small-12 large-4\"  >\n\t\t\t\t<div class=\"col-inner\"  >\n\t\t\t\n\t\t\t\n\t<div class=\"box has-hover   has-hover box-label box-text-bottom\" >\n\n\t\t<div class=\"box-image\" >\n\t\t\t<a href=\"https:\/\/www.sannicolasdemyra.cl\/web\/vida-escolar\/noticias\/\" target=\"_blank\" rel=\"noopener\" >\t\t\t<div class=\"image-cover\" style=\"padding-top:400px;\">\n\t\t\t\t<img loading=\"lazy\" decoding=\"async\" width=\"1080\" height=\"1080\" src=\"https:\/\/www.sannicolasdemyra.cl\/web\/wp-content\/uploads\/NOTICIAS-1.jpg\" class=\"attachment-original size-original\" alt=\"las noticias de nuestro colegio\" srcset=\"https:\/\/www.sannicolasdemyra.cl\/web\/wp-content\/uploads\/NOTICIAS-1.jpg 1080w, https:\/\/www.sannicolasdemyra.cl\/web\/wp-content\/uploads\/NOTICIAS-1-300x300.jpg 300w, https:\/\/www.sannicolasdemyra.cl\/web\/wp-content\/uploads\/NOTICIAS-1-1024x1024.jpg 1024w, https:\/\/www.sannicolasdemyra.cl\/web\/wp-content\/uploads\/NOTICIAS-1-150x150.jpg 150w, https:\/\/www.sannicolasdemyra.cl\/web\/wp-content\/uploads\/NOTICIAS-1-768x768.jpg 768w\" sizes=\"auto, (max-width: 1080px) 100vw, 1080px\" \/>\t\t\t\t\t\t\t\t\t\t\t<\/div>\n\t\t\t<\/a>\t\t<\/div>\n\n\t\t<div class=\"box-text text-center dark\" style=\"background-color:rgba(1, 46, 64, 0.808);\">\n\t\t\t<div class=\"box-text-inner\">\n\t\t\t\t\n<h4>NOTICIAS<\/h4>\n\t\t\t<\/div>\n\t\t<\/div>\n\t<\/div>\n\t\n\t\t<\/div>\n\t\t\t\t\t<\/div>\n\n\t\n\n\t<div id=\"col-937053877\" class=\"col medium-4 small-12 large-4\"  >\n\t\t\t\t<div class=\"col-inner\"  >\n\t\t\t\n\t\t\t\n\t<div class=\"box has-hover   has-hover box-label box-text-bottom\" >\n\n\t\t<div class=\"box-image\" >\n\t\t\t<a href=\"https:\/\/www.sannicolasdemyra.cl\/web\/nuestro-colegio\/intercambios\/\" target=\"_blank\" rel=\"noopener\" >\t\t\t<div class=\"image-cover\" style=\"padding-top:400px;\">\n\t\t\t\t<img loading=\"lazy\" decoding=\"async\" width=\"400\" height=\"400\" src=\"https:\/\/www.sannicolasdemyra.cl\/web\/wp-content\/uploads\/intercambio-London.jpg\" class=\"attachment-original size-original\" alt=\"estudiantes de intercambio Londres\" srcset=\"https:\/\/www.sannicolasdemyra.cl\/web\/wp-content\/uploads\/intercambio-London.jpg 400w, https:\/\/www.sannicolasdemyra.cl\/web\/wp-content\/uploads\/intercambio-London-300x300.jpg 300w, https:\/\/www.sannicolasdemyra.cl\/web\/wp-content\/uploads\/intercambio-London-150x150.jpg 150w\" sizes=\"auto, (max-width: 400px) 100vw, 400px\" \/>\t\t\t\t\t\t\t\t\t\t\t<\/div>\n\t\t\t<\/a>\t\t<\/div>\n\n\t\t<div class=\"box-text text-center dark\" style=\"background-color:rgba(1, 46, 64, 0.808);\">\n\t\t\t<div class=\"box-text-inner\">\n\t\t\t\t\n<h4>INTERCAMBIOS<\/h4>\n\t\t\t<\/div>\n\t\t<\/div>\n\t<\/div>\n\t\n\t\t<\/div>\n\t\t\t\t\t<\/div>\n\n\t\n<\/div>\n<div class=\"row show-for-small\"  id=\"row-108678782\">\n\n\t<div id=\"col-1667596698\" class=\"col medium-4 small-12 large-4\"  >\n\t\t\t\t<div class=\"col-inner\"  >\n\t\t\t\n\t\t\t\n<div class=\"slider-wrapper relative\" id=\"slider-287436768\" >\n    <div class=\"slider slider-nav-dots-simple slider-nav-circle slider-nav-large slider-nav-dark slider-style-normal\"\n        data-flickity-options='{\n            \"cellAlign\": \"center\",\n            \"imagesLoaded\": true,\n            \"lazyLoad\": 1,\n            \"freeScroll\": false,\n            \"wrapAround\": true,\n            \"autoPlay\": 6000,\n            \"pauseAutoPlayOnHover\" : true,\n            \"prevNextButtons\": false,\n            \"contain\" : true,\n            \"adaptiveHeight\" : true,\n            \"dragThreshold\" : 10,\n            \"percentPosition\": true,\n            \"pageDots\": true,\n            \"rightToLeft\": false,\n            \"draggable\": true,\n            \"selectedAttraction\": 0.1,\n            \"parallax\" : 0,\n            \"friction\": 0.6        }'\n        >\n        \n<div class=\"row\"  id=\"row-990879570\">\n\n\t<div id=\"col-562948919\" class=\"col medium-6 small-6 large-6\"  >\n\t\t\t\t<div class=\"col-inner\"  >\n\t\t\t\n\t\t\t\n\t<div class=\"box has-hover   has-hover box-label box-text-bottom\" >\n\n\t\t<div class=\"box-image\" >\n\t\t\t<a href=\"#\" >\t\t\t<div class=\"image-cover\" style=\"padding-top:200px;\">\n\t\t\t\t\t\t\t\t\t\t\t\t\t\t\t<\/div>\n\t\t\t<\/a>\t\t<\/div>\n\n\t\t<div class=\"box-text text-center dark\" style=\"background-color:rgba(0, 0, 0, 0.75);\">\n\t\t\t<div class=\"box-text-inner\">\n\t\t\t\t\n<h4>INGL\u00c9S<\/h4>\n\t\t\t<\/div>\n\t\t<\/div>\n\t<\/div>\n\t\n\t\t<\/div>\n\t\t\t\t\t<\/div>\n\n\t\n\n\t<div id=\"col-709422913\" class=\"col medium-6 small-6 large-6\"  >\n\t\t\t\t<div class=\"col-inner\"  >\n\t\t\t\n\t\t\t\n\t<div class=\"box has-hover   has-hover box-label box-text-bottom\" >\n\n\t\t<div class=\"box-image\" >\n\t\t\t<a href=\"#\" >\t\t\t<div class=\"image-cover\" style=\"padding-top:200px;\">\n\t\t\t\t\t\t\t\t\t\t\t\t\t\t\t<\/div>\n\t\t\t<\/a>\t\t<\/div>\n\n\t\t<div class=\"box-text text-center dark\" style=\"background-color:rgba(0, 0, 0, 0.75);\">\n\t\t\t<div class=\"box-text-inner\">\n\t\t\t\t\n<h4>SANA CONVIVENCIA<\/h4>\n\t\t\t<\/div>\n\t\t<\/div>\n\t<\/div>\n\t\n\t\t<\/div>\n\t\t\t\t\t<\/div>\n\n\t\n<\/div>\n<div class=\"row\"  id=\"row-804147433\">\n\n\t<div id=\"col-2066784193\" class=\"col medium-6 small-6 large-6\"  >\n\t\t\t\t<div class=\"col-inner\"  >\n\t\t\t\n\t\t\t\n\t<div class=\"box has-hover   has-hover box-label box-text-bottom\" >\n\n\t\t<div class=\"box-image\" >\n\t\t\t<a href=\"#\" >\t\t\t<div class=\"image-cover\" style=\"padding-top:200px;\">\n\t\t\t\t\t\t\t\t\t\t\t\t\t\t\t<\/div>\n\t\t\t<\/a>\t\t<\/div>\n\n\t\t<div class=\"box-text text-center dark\" style=\"background-color:rgba(0, 0, 0, 0.75);\">\n\t\t\t<div class=\"box-text-inner\">\n\t\t\t\t\n<h4>SANA CONVIVENCIA<\/h4>\n\t\t\t<\/div>\n\t\t<\/div>\n\t<\/div>\n\t\n\t\t<\/div>\n\t\t\t\t\t<\/div>\n\n\t\n\n\t<div id=\"col-2025619013\" class=\"col medium-4 small-6 large-4\"  >\n\t\t\t\t<div class=\"col-inner\"  >\n\t\t\t\n\t\t\t\n\t<div class=\"box has-hover   has-hover box-label box-text-bottom\" >\n\n\t\t<div class=\"box-image\" >\n\t\t\t<a href=\"#\" >\t\t\t<div class=\"image-cover\" style=\"padding-top:200px;\">\n\t\t\t\t\t\t\t\t\t\t\t\t\t\t\t<\/div>\n\t\t\t<\/a>\t\t<\/div>\n\n\t\t<div class=\"box-text text-center dark\" style=\"background-color:rgba(0, 0, 0, 0.75);\">\n\t\t\t<div class=\"box-text-inner\">\n\t\t\t\t\n<h4>INTERCAMBIOS<\/h4>\n\t\t\t<\/div>\n\t\t<\/div>\n\t<\/div>\n\t\n\t\t<\/div>\n\t\t\t\t\t<\/div>\n\n\t\n<\/div>\n     <\/div>\n\n     <div class=\"loading-spin dark large centered\"><\/div>\n\n\t<\/div>\n\n\n\t\t<\/div>\n\t\t\t\t\t<\/div>\n\n\t\n<\/div>\n\t\t<\/div>\n\n\t\t\n<style>\n#section_2069435869 {\n  padding-top: 50px;\n  padding-bottom: 50px;\n  background-color: #03263d;\n}\n#section_2069435869 .ux-shape-divider--bottom svg {\n  height: 400px;\n  --divider-width: 300%;\n}\n<\/style>\n\t<\/section>\n\t\n","protected":false},"excerpt":{"rendered":"","protected":false},"author":8,"featured_media":0,"parent":24020,"menu_order":0,"comment_status":"closed","ping_status":"closed","template":"page-blank.php","meta":{"_price":"","_stock":"","_tribe_ticket_header":"","_tribe_default_ticket_provider":"","_tribe_ticket_capacity":"0","_ticket_start_date":"","_ticket_end_date":"","_tribe_ticket_show_description":"","_tribe_ticket_show_not_going":false,"_tribe_ticket_use_global_stock":"","_tribe_ticket_global_stock_level":"","_global_stock_mode":"","_global_stock_cap":"","_tribe_rsvp_for_event":"","_tribe_ticket_going_count":"","_tribe_ticket_not_going_count":"","_tribe_tickets_list":"[]","_tribe_ticket_has_attendee_info_fields":false,"footnotes":"","_tec_slr_enabled":"","_tec_slr_layout":""},"class_list":["post-24052","page","type-page","status-publish","hentry"],"ticketed":false,"_links":{"self":[{"href":"https:\/\/www.sannicolasdemyra.cl\/web\/wp-json\/wp\/v2\/pages\/24052","targetHints":{"allow":["GET"]}}],"collection":[{"href":"https:\/\/www.sannicolasdemyra.cl\/web\/wp-json\/wp\/v2\/pages"}],"about":[{"href":"https:\/\/www.sannicolasdemyra.cl\/web\/wp-json\/wp\/v2\/types\/page"}],"author":[{"embeddable":true,"href":"https:\/\/www.sannicolasdemyra.cl\/web\/wp-json\/wp\/v2\/users\/8"}],"replies":[{"embeddable":true,"href":"https:\/\/www.sannicolasdemyra.cl\/web\/wp-json\/wp\/v2\/comments?post=24052"}],"version-history":[{"count":0,"href":"https:\/\/www.sannicolasdemyra.cl\/web\/wp-json\/wp\/v2\/pages\/24052\/revisions"}],"up":[{"embeddable":true,"href":"https:\/\/www.sannicolasdemyra.cl\/web\/wp-json\/wp\/v2\/pages\/24020"}],"wp:attachment":[{"href":"https:\/\/www.sannicolasdemyra.cl\/web\/wp-json\/wp\/v2\/media?parent=24052"}],"curies":[{"name":"wp","href":"https:\/\/api.w.org\/{rel}","templated":true}]}}