{"id":26365,"date":"2025-05-06T10:56:07","date_gmt":"2025-05-06T14:56:07","guid":{"rendered":"https:\/\/www.sannicolasdemyra.cl\/web\/?page_id=26365"},"modified":"2025-05-06T14:00:50","modified_gmt":"2025-05-06T18:00:50","slug":"respeto-premiacion","status":"publish","type":"page","link":"https:\/\/www.sannicolasdemyra.cl\/web\/vida-escolar\/sana-convivencia\/sello-plan-islandia\/respeto-2\/respeto-premiacion\/","title":{"rendered":"Sana Convivencia: Respeto"},"content":{"rendered":"\t<div id=\"gap-294963684\" class=\"gap-element clearfix\" style=\"display:block; height:auto;\">\n\t\t\n<style>\n#gap-294963684 {\n  padding-top: 30px;\n}\n<\/style>\n\t<\/div>\n\t\n<div class=\"row\"  id=\"row-1159301263\">\n\n\t<div id=\"col-987221219\" class=\"col medium-8 small-12 large-8\"  >\n\t\t\t\t<div class=\"col-inner text-left\"  >\n\t\t\t\n\t\t\t\n\t<div id=\"text-2461214099\" class=\"text\">\n\t\t\n<h3><strong>Premiados por el Valor de Sana Convivencia:\u00a0 RESPETO<\/strong><\/h3>\n<p>En el Colegio San Nicol\u00e1s de Myra, formamos estudiantes integrales en lo personal, social, espiritual e intelectual, a la luz de la raz\u00f3n y la fe.<\/p>\n<p>Este reconocimiento es un ejemplo de c\u00f3mo actuar con consideraci\u00f3n, empat\u00eda y tolerancia hacia los dem\u00e1s, promoviendo un ambiente de armon\u00eda y colaboraci\u00f3n. El respeto no solo fortalece nuestras relaciones, sino que tambi\u00e9n fomenta un entorno en el que todos podemos crecer y aprender juntos. <br \/>Sigamos cultivando este valor en nuestras acciones diarias, porque cada gesto de respeto contribuye a construir una comunidad m\u00e1s inclusiva, solidaria y positiva. <\/p>\n<p><strong>Gracias por ser un ejemplo a seguir y felicidades a todos los premiados:<\/strong><\/p>\n\t\t\n<style>\n#text-2461214099 {\n  text-align: left;\n}\n<\/style>\n\t<\/div>\n\t\n\t<div class=\"img has-hover x md-x lg-x y md-y lg-y\" id=\"image_975113734\">\n\t\t\t\t\t\t\t\t<div class=\"img-inner dark\" >\n\t\t\t<img loading=\"lazy\" decoding=\"async\" width=\"1200\" height=\"810\" src=\"https:\/\/www.sannicolasdemyra.cl\/web\/wp-content\/uploads\/Respeto-Junior-Middle.jpg\" class=\"attachment-original size-original\" alt=\"la premiacion del valor del Respeto\" srcset=\"https:\/\/www.sannicolasdemyra.cl\/web\/wp-content\/uploads\/Respeto-Junior-Middle.jpg 1200w, https:\/\/www.sannicolasdemyra.cl\/web\/wp-content\/uploads\/Respeto-Junior-Middle-300x203.jpg 300w, https:\/\/www.sannicolasdemyra.cl\/web\/wp-content\/uploads\/Respeto-Junior-Middle-1024x691.jpg 1024w, https:\/\/www.sannicolasdemyra.cl\/web\/wp-content\/uploads\/Respeto-Junior-Middle-768x518.jpg 768w\" sizes=\"auto, (max-width: 1200px) 100vw, 1200px\" \/>\t\t\t\t\t\t\n\t\t\t\t\t<\/div>\n\t\t\t\t\t\t\t\t\n<style>\n#image_975113734 {\n  width: 100%;\n}\n<\/style>\n\t<\/div>\n\t\n\t<div id=\"text-2591044105\" class=\"text\">\n\t\t\n<p><strong>Respeto \/ Junior &amp; Middle Level:<\/strong><\/p>\n<div>\u2022\u2060 \u00a0\u2060<strong>PK A<\/strong> Emilia Manton Onetto y Benjam\u00edn Matamala Puig<\/div>\n<div>\u2022\u2060 \u00a0<strong>\u2060PK B<\/strong> \u00a0Mauro Biagini Bustamante y Amanda Machado Goncalves<\/div>\n<div>\u2022\u2060 \u00a0\u2060<strong>K A<\/strong> Isidora Navarrete Camhi y Tom\u00e1s Donoso Mosqueira<\/div>\n<div>\u2022<strong>\u2060 \u00a0\u2060K B<\/strong> Crist\u00f3bal Galdames Maureira e Isidora Escobar Escobar\u00a0<\/div>\n<div>\u2022\u2060 <strong>\u00a0\u20601\u00b0A<\/strong> Margarita Guti\u00e9rrez Olave y Santiago Soto Munro<\/div>\n<div>\u2022\u2060<strong> \u00a0\u20601\u00b0B<\/strong> Diego Garc\u00eda Vogel y Aurora De Faria Nouel<\/div>\n<div>\u2022\u2060 \u00a0\u2060<strong>2\u00b0A<\/strong> Bautista Araya Parra y Amalia Martinich Aparicio<\/div>\n<div>\u2022\u2060 \u00a0\u2060<strong>2\u00b0B<\/strong> Santiago Garc\u00eda Silva y Ema Donoso Mosqueira<\/div>\n<div><strong>\u2022\u2060 \u00a0\u20603\u00b0A<\/strong> Josefa Pino Domange y Pedro Villarroel Varela<\/div>\n<div><strong>\u2022\u2060 \u00a0\u20603\u00b0B<\/strong> Jos\u00e9 Pedro Fritsch Orphanopoulos y Klara Wotherspoon Rudnick<\/div>\n<div>\u2022\u2060 \u00a0<strong>\u20604\u00b0A<\/strong> Mar\u00eda Isabel Guti\u00e9rrez Olave y Le\u00f3n \u00c1lvarez Cepeda\u00a0<\/div>\n<div>\u2022\u2060 <strong>\u00a0\u20604\u00b0B<\/strong> Isidora Gonz\u00e1lez N\u00fa\u00f1ez y Josefina Soto Munro<\/div>\n<div>\u2022\u2060 <strong>\u00a0\u20605\u00b0A<\/strong> Bruno Becker Rodr\u00edguez y Olivia Zampedri<\/div>\n<div>\u2022\u2060 \u00a0<strong>\u20605\u00b0B<\/strong> Juan Pablo Hormaz\u00e1bal Alfaro y Fernanda Dur\u00e1n Urz\u00faa<\/div>\n<div>\u2022<strong>\u2060 \u00a0\u20606\u00b0A<\/strong> Trinidad Cha\u00edn Herrera y Dante Al\u00e9 Wanner<\/div>\n<div><strong>\u2022\u2060 \u00a0\u20606\u00b0B<\/strong> Javier Gonz\u00e1lez Garc\u00eda y Luc\u00eda Ureta Pe\u00f1a<\/div>\n<div>\u00a0<\/div>\n\t\t\n<style>\n#text-2591044105 {\n  text-align: left;\n}\n<\/style>\n\t<\/div>\n\t\n\t<div class=\"img has-hover x md-x lg-x y md-y lg-y\" id=\"image_623229159\">\n\t\t\t\t\t\t\t\t<div class=\"img-inner dark\" >\n\t\t\t<img loading=\"lazy\" decoding=\"async\" width=\"1200\" height=\"810\" src=\"https:\/\/www.sannicolasdemyra.cl\/web\/wp-content\/uploads\/Respeto-Senior-Level.jpg\" class=\"attachment-original size-original\" alt=\"la premiaci\u00f3n del valor de respeto senior\" srcset=\"https:\/\/www.sannicolasdemyra.cl\/web\/wp-content\/uploads\/Respeto-Senior-Level.jpg 1200w, https:\/\/www.sannicolasdemyra.cl\/web\/wp-content\/uploads\/Respeto-Senior-Level-300x203.jpg 300w, https:\/\/www.sannicolasdemyra.cl\/web\/wp-content\/uploads\/Respeto-Senior-Level-1024x691.jpg 1024w, https:\/\/www.sannicolasdemyra.cl\/web\/wp-content\/uploads\/Respeto-Senior-Level-768x518.jpg 768w\" sizes=\"auto, (max-width: 1200px) 100vw, 1200px\" \/>\t\t\t\t\t\t\n\t\t\t\t\t<\/div>\n\t\t\t\t\t\t\t\t\n<style>\n#image_623229159 {\n  width: 100%;\n}\n<\/style>\n\t<\/div>\n\t\n\t<div id=\"text-2654804786\" class=\"text\">\n\t\t\n<p><strong>Respeto \/ Senior Level:<\/strong><\/p>\n<div>\u2022\u2060 <strong>\u00a0\u20607\u00b0A<\/strong> Tom\u00e1s Mendoza Hern\u00e1ndez y Ema Jorquera Villarroel<\/div>\n<div>\u2022\u2060 \u00a0\u2060<strong>7\u00b0B<\/strong> Crist\u00f3bal Gopfert Tagle y Lucas Lav\u00edn Santiago<\/div>\n<div><strong>\u2022\u2060 \u00a0\u20608\u00b0A<\/strong> Jos\u00e9 Tom\u00e1s Bareyns Palacios y Emilia Zapata Ruiz<\/div>\n<div>\u2022\u2060 \u00a0<strong>\u20608\u00b0B<\/strong> Luciano Brignardello Gonz\u00e1lez y Diego Barros Joannon<\/div>\n<div>\u2022\u2060 \u00a0\u2060<strong>I A<\/strong> Maximiliano Lozada Ram\u00edrez y Beltr\u00e1n L\u00f3pez Torres<\/div>\n<div>\u2022\u2060 <strong>\u00a0\u2060I B<\/strong> Tom\u00e1s Fleet Mu\u00f1oz y Constanza Latorre Bush<\/div>\n<div>\u2022\u2060 \u00a0\u2060<strong>II A<\/strong> Mateo Orellana Galaz y Gaspar Montalbetti Benavides<\/div>\n<div>\u2022\u2060 <strong>\u00a0\u2060II B<\/strong> Crist\u00f3bal Tovar Bornemann y Felipe Gloeden Xavier<\/div>\n<div>\u2022\u2060 \u00a0<strong>\u2060III A<\/strong> Thomas Fry Riquelme y Lukas Fern\u00e1ndez Rojas<\/div>\n<div>\u2022\u2060 <strong>\u00a0\u2060III B<\/strong> Benjam\u00edn Zabala Guzm\u00e1n y Santiago Reitze G\u00f3mez<\/div>\n<div>\u2022\u2060 \u00a0<strong>\u2060IV A<\/strong> Raimundo Cu\u00e9llar M\u00e9ndez y Florencia De la Vega Canto<\/div>\n<div>\u2022\u2060 <strong>\u00a0\u2060IV B<\/strong> Mat\u00edas \u00c1lvarez De Pol y Valentina Achondo D\u00e9lano<\/div>\n\t\t\n<style>\n#text-2654804786 {\n  text-align: left;\n}\n<\/style>\n\t<\/div>\n\t\n\t\t<\/div>\n\t\t\t\t\t<\/div>\n\n\t\n\n\t<div id=\"col-1043857141\" class=\"col medium-4 small-12 large-4\"  >\n\t\t\t\t<div class=\"col-inner dark\" style=\"background-color:#03263d;\" >\n\t\t\t\n\t\t\t\n\t<div class=\"img has-hover x md-x lg-x y md-y lg-y\" id=\"image_31657265\">\n\t\t\t\t\t\t\t\t<div class=\"img-inner dark\" >\n\t\t\t\t\t\t\t\t\t\n\t\t\t\t\t<\/div>\n\t\t\t\t\t\t\t\t\n<style>\n#image_31657265 {\n  width: 100%;\n}\n<\/style>\n\t<\/div>\n\t\n<h2 class=\"uppercase\">El respeto<\/h2>\n<h4 class=\"thin-font\">Es fundamental en el entorno escolar porque fomenta un ambiente armonioso y seguro para todos. Implica valorar las opiniones, diferencias y derechos de los dem\u00e1s, promoviendo la empat\u00eda y la convivencia pac\u00edfica. Cuando en el colegio se practica el respeto, se generan relaciones m\u00e1s positivas entre estudiantes, docentes y personal, lo que facilita el aprendizaje y el desarrollo personal. Adem\u00e1s, ense\u00f1ar y practicar el respeto ayuda a construir una comunidad escolar m\u00e1s inclusiva y solidaria.<\/h4>\n\t<div class=\"img has-hover x md-x lg-x y md-y lg-y\" id=\"image_689194017\">\n\t\t\t\t\t\t\t\t<div class=\"img-inner dark\" >\n\t\t\t\t\t\t\t\t\t\n\t\t\t\t\t<\/div>\n\t\t\t\t\t\t\t\t\n<style>\n#image_689194017 {\n  width: 100%;\n}\n<\/style>\n\t<\/div>\n\t\n\t\t<\/div>\n\t\t\t\t\n<style>\n#col-1043857141 > .col-inner {\n  padding: 20px 20px 20px 20px;\n}\n<\/style>\n\t<\/div>\n\n\t\n<\/div>\n\n\t<section class=\"section dark\" id=\"section_431396497\">\n\t\t<div class=\"section-bg fill\" >\n\t\t\t\t\t\t\t\t\t\n\t\t\t\n\n\t\t<\/div>\n\n\t\t\n\t<div class=\"ux-shape-divider ux-shape-divider--bottom ux-shape-divider--style-curve-invert\">\n\t\t<svg viewBox=\"0 0 1000 100\" xmlns=\"http:\/\/www.w3.org\/2000\/svg\" preserveAspectRatio=\"none\">\n\t<path class=\"ux-shape-fill\" d=\"M500 47.0297C184.4 47.0297 -26 100 -26 100H1026C1026 100 815.6 47.0297 500 47.0297ZM1026 -5.94059H-26V-7H1026V-5.94059Z\"\/>\n<\/svg>\n\n\t<\/div>\n\n\t\t<div class=\"section-content relative\">\n\t\t\t\n<div class=\"row hide-for-small\"  id=\"row-97456509\">\n\n\t<div id=\"col-1734078966\" class=\"col medium-4 small-12 large-4\"  >\n\t\t\t\t<div class=\"col-inner\"  >\n\t\t\t\n\t\t\t\n\t<div class=\"box has-hover   has-hover box-label box-text-bottom\" >\n\n\t\t<div class=\"box-image\" >\n\t\t\t<a href=\"https:\/\/www.sannicolasdemyra.cl\/web\/nuestro-colegio\/ingles\/\" target=\"_blank\" rel=\"noopener\" >\t\t\t<div class=\"image-cover\" style=\"padding-top:400px;\">\n\t\t\t\t<img loading=\"lazy\" decoding=\"async\" width=\"400\" height=\"400\" src=\"https:\/\/www.sannicolasdemyra.cl\/web\/wp-content\/uploads\/Ingles.jpg\" class=\"attachment-original size-original\" alt=\"Intercambio -London-ingl\u00e9s\" srcset=\"https:\/\/www.sannicolasdemyra.cl\/web\/wp-content\/uploads\/Ingles.jpg 400w, https:\/\/www.sannicolasdemyra.cl\/web\/wp-content\/uploads\/Ingles-300x300.jpg 300w, https:\/\/www.sannicolasdemyra.cl\/web\/wp-content\/uploads\/Ingles-150x150.jpg 150w\" sizes=\"auto, (max-width: 400px) 100vw, 400px\" \/>\t\t\t\t\t\t\t\t\t\t\t<\/div>\n\t\t\t<\/a>\t\t<\/div>\n\n\t\t<div class=\"box-text text-center dark\" style=\"background-color:rgba(1, 46, 64, 0.808);\">\n\t\t\t<div class=\"box-text-inner\">\n\t\t\t\t\n<h4>INGL\u00c9S<\/h4>\n\t\t\t<\/div>\n\t\t<\/div>\n\t<\/div>\n\t\n\t\t<\/div>\n\t\t\t\t\t<\/div>\n\n\t\n\n\t<div id=\"col-326079616\" class=\"col medium-4 small-12 large-4\"  >\n\t\t\t\t<div class=\"col-inner\"  >\n\t\t\t\n\t\t\t\n\t<div class=\"box has-hover   has-hover box-label box-text-bottom\" >\n\n\t\t<div class=\"box-image\" >\n\t\t\t<a href=\"https:\/\/www.sannicolasdemyra.cl\/web\/vida-escolar\/sana-convivencia\/\" target=\"_blank\" rel=\"noopener\" >\t\t\t<div class=\"image-cover\" style=\"padding-top:400px;\">\n\t\t\t\t<img loading=\"lazy\" decoding=\"async\" width=\"400\" height=\"400\" src=\"https:\/\/www.sannicolasdemyra.cl\/web\/wp-content\/uploads\/Sana-Convivencia.jpg\" class=\"attachment-original size-original\" alt=\"educar en sana convivencia buen trato\" srcset=\"https:\/\/www.sannicolasdemyra.cl\/web\/wp-content\/uploads\/Sana-Convivencia.jpg 400w, https:\/\/www.sannicolasdemyra.cl\/web\/wp-content\/uploads\/Sana-Convivencia-300x300.jpg 300w, https:\/\/www.sannicolasdemyra.cl\/web\/wp-content\/uploads\/Sana-Convivencia-150x150.jpg 150w\" sizes=\"auto, (max-width: 400px) 100vw, 400px\" \/>\t\t\t\t\t\t\t\t\t\t\t<\/div>\n\t\t\t<\/a>\t\t<\/div>\n\n\t\t<div class=\"box-text text-center dark\" style=\"background-color:rgba(1, 46, 64, 0.808);\">\n\t\t\t<div class=\"box-text-inner\">\n\t\t\t\t\n<h4>SANA CONVIVENCIA<\/h4>\n\t\t\t<\/div>\n\t\t<\/div>\n\t<\/div>\n\t\n\t\t<\/div>\n\t\t\t\t\t<\/div>\n\n\t\n\n\t<div id=\"col-1383992067\" class=\"col medium-4 small-12 large-4\"  >\n\t\t\t\t<div class=\"col-inner\"  >\n\t\t\t\n\t\t\t\n\t<div class=\"box has-hover   has-hover box-label box-text-bottom\" >\n\n\t\t<div class=\"box-image\" >\n\t\t\t<a href=\"https:\/\/www.sannicolasdemyra.cl\/web\/nuestro-colegio\/intercambios\/\" target=\"_blank\" rel=\"noopener\" >\t\t\t<div class=\"image-cover\" style=\"padding-top:400px;\">\n\t\t\t\t<img loading=\"lazy\" decoding=\"async\" width=\"400\" height=\"400\" src=\"https:\/\/www.sannicolasdemyra.cl\/web\/wp-content\/uploads\/intercambio-London.jpg\" class=\"attachment-original size-original\" alt=\"estudiantes de intercambio Londres\" srcset=\"https:\/\/www.sannicolasdemyra.cl\/web\/wp-content\/uploads\/intercambio-London.jpg 400w, https:\/\/www.sannicolasdemyra.cl\/web\/wp-content\/uploads\/intercambio-London-300x300.jpg 300w, https:\/\/www.sannicolasdemyra.cl\/web\/wp-content\/uploads\/intercambio-London-150x150.jpg 150w\" sizes=\"auto, (max-width: 400px) 100vw, 400px\" \/>\t\t\t\t\t\t\t\t\t\t\t<\/div>\n\t\t\t<\/a>\t\t<\/div>\n\n\t\t<div class=\"box-text text-center dark\" style=\"background-color:rgba(1, 46, 64, 0.808);\">\n\t\t\t<div class=\"box-text-inner\">\n\t\t\t\t\n<h4>INTERCAMBIOS<\/h4>\n\t\t\t<\/div>\n\t\t<\/div>\n\t<\/div>\n\t\n\t\t<\/div>\n\t\t\t\t\t<\/div>\n\n\t\n<\/div>\n<div class=\"row show-for-small\"  id=\"row-1176605291\">\n\n\t<div id=\"col-1818479459\" class=\"col medium-4 small-12 large-4\"  >\n\t\t\t\t<div class=\"col-inner\"  >\n\t\t\t\n\t\t\t\n<div class=\"slider-wrapper relative\" id=\"slider-1130735705\" >\n    <div class=\"slider slider-nav-dots-simple slider-nav-circle slider-nav-large slider-nav-dark slider-style-normal\"\n        data-flickity-options='{\n            \"cellAlign\": \"center\",\n            \"imagesLoaded\": true,\n            \"lazyLoad\": 1,\n            \"freeScroll\": false,\n            \"wrapAround\": true,\n            \"autoPlay\": 6000,\n            \"pauseAutoPlayOnHover\" : true,\n            \"prevNextButtons\": false,\n            \"contain\" : true,\n            \"adaptiveHeight\" : true,\n            \"dragThreshold\" : 10,\n            \"percentPosition\": true,\n            \"pageDots\": true,\n            \"rightToLeft\": false,\n            \"draggable\": true,\n            \"selectedAttraction\": 0.1,\n            \"parallax\" : 0,\n            \"friction\": 0.6        }'\n        >\n        \n<div class=\"row\"  id=\"row-955081387\">\n\n\t<div id=\"col-107463829\" class=\"col medium-6 small-6 large-6\"  >\n\t\t\t\t<div class=\"col-inner\"  >\n\t\t\t\n\t\t\t\n\t<div class=\"box has-hover   has-hover box-label box-text-bottom\" >\n\n\t\t<div class=\"box-image\" >\n\t\t\t<a href=\"#\" >\t\t\t<div class=\"image-cover\" style=\"padding-top:200px;\">\n\t\t\t\t\t\t\t\t\t\t\t\t\t\t\t<\/div>\n\t\t\t<\/a>\t\t<\/div>\n\n\t\t<div class=\"box-text text-center dark\" style=\"background-color:rgba(0, 0, 0, 0.75);\">\n\t\t\t<div class=\"box-text-inner\">\n\t\t\t\t\n<h4>INGL\u00c9S<\/h4>\n\t\t\t<\/div>\n\t\t<\/div>\n\t<\/div>\n\t\n\t\t<\/div>\n\t\t\t\t\t<\/div>\n\n\t\n\n\t<div id=\"col-1065679374\" class=\"col medium-6 small-6 large-6\"  >\n\t\t\t\t<div class=\"col-inner\"  >\n\t\t\t\n\t\t\t\n\t<div class=\"box has-hover   has-hover box-label box-text-bottom\" >\n\n\t\t<div class=\"box-image\" >\n\t\t\t<a href=\"#\" >\t\t\t<div class=\"image-cover\" style=\"padding-top:200px;\">\n\t\t\t\t\t\t\t\t\t\t\t\t\t\t\t<\/div>\n\t\t\t<\/a>\t\t<\/div>\n\n\t\t<div class=\"box-text text-center dark\" style=\"background-color:rgba(0, 0, 0, 0.75);\">\n\t\t\t<div class=\"box-text-inner\">\n\t\t\t\t\n<h4>SANA CONVIVENCIA<\/h4>\n\t\t\t<\/div>\n\t\t<\/div>\n\t<\/div>\n\t\n\t\t<\/div>\n\t\t\t\t\t<\/div>\n\n\t\n<\/div>\n<div class=\"row\"  id=\"row-92844554\">\n\n\t<div id=\"col-610445106\" class=\"col medium-6 small-6 large-6\"  >\n\t\t\t\t<div class=\"col-inner\"  >\n\t\t\t\n\t\t\t\n\t<div class=\"box has-hover   has-hover box-label box-text-bottom\" >\n\n\t\t<div class=\"box-image\" >\n\t\t\t<a href=\"#\" >\t\t\t<div class=\"image-cover\" style=\"padding-top:200px;\">\n\t\t\t\t\t\t\t\t\t\t\t\t\t\t\t<\/div>\n\t\t\t<\/a>\t\t<\/div>\n\n\t\t<div class=\"box-text text-center dark\" style=\"background-color:rgba(0, 0, 0, 0.75);\">\n\t\t\t<div class=\"box-text-inner\">\n\t\t\t\t\n<h4>SANA CONVIVENCIA<\/h4>\n\t\t\t<\/div>\n\t\t<\/div>\n\t<\/div>\n\t\n\t\t<\/div>\n\t\t\t\t\t<\/div>\n\n\t\n\n\t<div id=\"col-1587242767\" class=\"col medium-4 small-6 large-4\"  >\n\t\t\t\t<div class=\"col-inner\"  >\n\t\t\t\n\t\t\t\n\t<div class=\"box has-hover   has-hover box-label box-text-bottom\" >\n\n\t\t<div class=\"box-image\" >\n\t\t\t<a href=\"#\" >\t\t\t<div class=\"image-cover\" style=\"padding-top:200px;\">\n\t\t\t\t\t\t\t\t\t\t\t\t\t\t\t<\/div>\n\t\t\t<\/a>\t\t<\/div>\n\n\t\t<div class=\"box-text text-center dark\" style=\"background-color:rgba(0, 0, 0, 0.75);\">\n\t\t\t<div class=\"box-text-inner\">\n\t\t\t\t\n<h4>INTERCAMBIOS<\/h4>\n\t\t\t<\/div>\n\t\t<\/div>\n\t<\/div>\n\t\n\t\t<\/div>\n\t\t\t\t\t<\/div>\n\n\t\n<\/div>\n     <\/div>\n\n     <div class=\"loading-spin dark large centered\"><\/div>\n\n\t<\/div>\n\n\n\t\t<\/div>\n\t\t\t\t\t<\/div>\n\n\t\n<\/div>\n\t\t<\/div>\n\n\t\t\n<style>\n#section_431396497 {\n  padding-top: 50px;\n  padding-bottom: 50px;\n  background-color: #03263d;\n}\n#section_431396497 .ux-shape-divider--bottom svg {\n  height: 400px;\n  --divider-width: 300%;\n}\n<\/style>\n\t<\/section>\n\t\n","protected":false},"excerpt":{"rendered":"","protected":false},"author":8,"featured_media":0,"parent":24038,"menu_order":0,"comment_status":"closed","ping_status":"closed","template":"page-blank.php","meta":{"_price":"","_stock":"","_tribe_ticket_header":"","_tribe_default_ticket_provider":"","_tribe_ticket_capacity":"0","_ticket_start_date":"","_ticket_end_date":"","_tribe_ticket_show_description":"","_tribe_ticket_show_not_going":false,"_tribe_ticket_use_global_stock":"","_tribe_ticket_global_stock_level":"","_global_stock_mode":"","_global_stock_cap":"","_tribe_rsvp_for_event":"","_tribe_ticket_going_count":"","_tribe_ticket_not_going_count":"","_tribe_tickets_list":"[]","_tribe_ticket_has_attendee_info_fields":false,"footnotes":"","_tec_slr_enabled":"","_tec_slr_layout":""},"class_list":["post-26365","page","type-page","status-publish","hentry"],"ticketed":false,"_links":{"self":[{"href":"https:\/\/www.sannicolasdemyra.cl\/web\/wp-json\/wp\/v2\/pages\/26365","targetHints":{"allow":["GET"]}}],"collection":[{"href":"https:\/\/www.sannicolasdemyra.cl\/web\/wp-json\/wp\/v2\/pages"}],"about":[{"href":"https:\/\/www.sannicolasdemyra.cl\/web\/wp-json\/wp\/v2\/types\/page"}],"author":[{"embeddable":true,"href":"https:\/\/www.sannicolasdemyra.cl\/web\/wp-json\/wp\/v2\/users\/8"}],"replies":[{"embeddable":true,"href":"https:\/\/www.sannicolasdemyra.cl\/web\/wp-json\/wp\/v2\/comments?post=26365"}],"version-history":[{"count":0,"href":"https:\/\/www.sannicolasdemyra.cl\/web\/wp-json\/wp\/v2\/pages\/26365\/revisions"}],"up":[{"embeddable":true,"href":"https:\/\/www.sannicolasdemyra.cl\/web\/wp-json\/wp\/v2\/pages\/24038"}],"wp:attachment":[{"href":"https:\/\/www.sannicolasdemyra.cl\/web\/wp-json\/wp\/v2\/media?parent=26365"}],"curies":[{"name":"wp","href":"https:\/\/api.w.org\/{rel}","templated":true}]}}